{"id":1523,"date":"2025-01-15T23:49:45","date_gmt":"2025-01-15T23:49:45","guid":{"rendered":"https:\/\/healthworkforce.ca\/what-works\/un-webinaire-met-en-lumiere-la-necessite-de-soutenir-les-membres-les-plus-nombreux-du-personnel-de-sante-les-personnes-proches-aidantes\/"},"modified":"2025-01-16T15:51:38","modified_gmt":"2025-01-16T15:51:38","slug":"un-webinaire-met-en-lumiere-la-necessite-de-soutenir-les-membres-les-plus-nombreux-du-personnel-de-sante-les-personnes-proches-aidantes","status":"publish","type":"what-works","link":"https:\/\/healthworkforce.ca\/fr\/ce-qui-fonctionne\/un-webinaire-met-en-lumiere-la-necessite-de-soutenir-les-membres-les-plus-nombreux-du-personnel-de-sante-les-personnes-proches-aidantes\/","title":{"rendered":"Un webinaire met en lumi\u00e8re la n\u00e9cessit\u00e9 de soutenir les membres les plus nombreux du personnel de sant\u00e9\u202f: les personnes proches aidantes"},"content":{"rendered":"\t\t<div data-elementor-type=\"wp-post\" data-elementor-id=\"1523\" class=\"elementor elementor-1523 elementor-1516\" data-elementor-post-type=\"what-works\">\n\t\t\t\t<div class=\"elementor-element elementor-element-480e757 e-con-full e-flex e-con e-parent\" data-id=\"480e757\" data-element_type=\"container\" data-e-type=\"container\">\n\t\t<div class=\"elementor-element elementor-element-8853c13 e-con-full e-flex e-con e-child\" data-id=\"8853c13\" data-element_type=\"container\" data-e-type=\"container\">\n\t\t\t\t<\/div>\n\t\t<div class=\"elementor-element elementor-element-b923b2f e-con-full e-flex e-con e-child\" data-id=\"b923b2f\" data-element_type=\"container\" data-e-type=\"container\">\n\t\t\t\t<div class=\"elementor-element elementor-element-f48d2d8 elementor-widget elementor-widget-text-editor\" data-id=\"f48d2d8\" data-element_type=\"widget\" data-e-type=\"widget\" data-widget_type=\"text-editor.default\">\n\t\t\t\t<div class=\"elementor-widget-container\">\n\t\t\t\t\t\t\t\t\t<p><strong>Le probl\u00e8me\u202f <\/strong><br \/>Les personnes proches aidantes jouent un r\u00f4le essentiel dans notre syst\u00e8me de sant\u00e9. Elles prennent en charge toute une s\u00e9rie de t\u00e2ches importantes, notamment l\u2019assistance \u00e0 un proche dans ses activit\u00e9s quotidiennes, le suivi des m\u00e9dicaments, la coordination des rendez-vous m\u00e9dicaux et la participation \u00e0 ceux-ci, de m\u00eame que la gestion de l\u2019\u00e9quipement respiratoire.\u202f<\/p><p><span style=\"text-align: var(--text-align);\">Selon l\u2019Universit\u00e9 de l\u2019Alberta, les personnes proches aidantes fournissent 90\u202f% des soins dans la communaut\u00e9 et participent \u00e0 15 \u00e0 30\u202f% des soins dans les foyers de soins de longue dur\u00e9e. Cela \u00e9quivaut \u00e0 environ 5,7\u202fmilliards de dollars d\u2019heures non r\u00e9mun\u00e9r\u00e9es par ann\u00e9e au Canada\u00b9<\/span><\/p>\t\t\t\t\t\t\t\t<\/div>\n\t\t\t\t<\/div>\n\t\t\t\t<div class=\"elementor-element elementor-element-01a8589 elementor-widget elementor-widget-text-editor\" data-id=\"01a8589\" data-element_type=\"widget\" data-e-type=\"widget\" data-widget_type=\"text-editor.default\">\n\t\t\t\t<div class=\"elementor-widget-container\">\n\t\t\t\t\t\t\t\t\t<p>Pourtant, ces personnes sont souvent des membres sous-estim\u00e9s, peu connus et surexploit\u00e9s de l\u2019effectif en sant\u00e9 au Canada. Soutenir ad\u00e9quatement les personnes proches aidantes et les inclure dans la planification des soins de sant\u00e9 peut am\u00e9liorer la sant\u00e9 de la population, contribuer aux \u00e9conomies en soins de sant\u00e9, am\u00e9liorer le bien-\u00eatre de la main-d\u2019\u0153uvre et favoriser l\u2019\u00e9quit\u00e9 en mati\u00e8re de sant\u00e9. <\/p>\n<p><span style=\"color: var( --e-global-color-primary ); font-family: var( --e-global-typography-primary-font-family ), Sans-serif; font-size: var( --e-global-typography-primary-font-size ); text-align: var(--text-align);\"><br \/><b>Un travail novateur<\/b><\/span><\/p>\n<p>Le mardi\u202f3\u202fd\u00e9cembre\u202f2024, Effectif de la sant\u00e9 Canada s\u2019est associ\u00e9 \u00e0 l\u2019initiative de Caregiver-Centered Care et \u00e0 Alberta Health Services pour offrir un webinaire informatif sur leurs initiatives de soutien aux personnes proches aidantes. La Dre\u202fJasneet\u202fParmar, chercheuse principale \u00e0 Caregiver-Centered Care, Isabel\u202fHenderson, directrice g\u00e9n\u00e9rale, Projets sp\u00e9ciaux, Alberta Health Services, et Glenda\u202fTarnowski, responsable de la croissance et des partenariats, Caregiver-Centered Care, ont pr\u00e9sent\u00e9 leurs travaux et les enseignements qu\u2019elles ont en tir\u00e9s aux plus de 150\u202fpersonnes pr\u00e9sentes au webinaire. <\/p>\n\t\t\t\t\t\t\t\t<\/div>\n\t\t\t\t<\/div>\n\t\t\t\t<div class=\"elementor-element elementor-element-729a430 elementor-position-left elementor-vertical-align-middle elementor-widget elementor-widget-image-box\" data-id=\"729a430\" data-element_type=\"widget\" data-e-type=\"widget\" data-widget_type=\"image-box.default\">\n\t\t\t\t<div class=\"elementor-widget-container\">\n\t\t\t\t\t<div class=\"elementor-image-box-wrapper\"><figure class=\"elementor-image-box-img\"><img fetchpriority=\"high\" decoding=\"async\" width=\"308\" height=\"408\" src=\"https:\/\/healthworkforce.ca\/wp-content\/uploads\/2025\/01\/download__1_-removebg-preview-1.png\" class=\"attachment-full size-full wp-image-1517\" alt=\"\" srcset=\"https:\/\/healthworkforce.ca\/wp-content\/uploads\/2025\/01\/download__1_-removebg-preview-1.png 308w, https:\/\/healthworkforce.ca\/wp-content\/uploads\/2025\/01\/download__1_-removebg-preview-1-226x300.png 226w\" sizes=\"(max-width: 308px) 100vw, 308px\" \/><\/figure><div class=\"elementor-image-box-content\"><p class=\"elementor-image-box-description\">Glenda\u202fTarnowski,<br>croissance et des partenariats, Caregiver-Centered Care<\/p><\/div><\/div>\t\t\t\t<\/div>\n\t\t\t\t<\/div>\n\t\t\t\t<div class=\"elementor-element elementor-element-d0b7c34 elementor-widget elementor-widget-text-editor\" data-id=\"d0b7c34\" data-element_type=\"widget\" data-e-type=\"widget\" data-widget_type=\"text-editor.default\">\n\t\t\t\t<div class=\"elementor-widget-container\">\n\t\t\t\t\t\t\t\t\t<p><b>Isabel\u202fHenderson<\/b> a donn\u00e9 un aper\u00e7u des initiatives en cours pour soutenir les personnes proches aidantes \u00e0 Alberta Health Services. Il s\u2019agit notamment, mais pas exclusivement, de ce qui suit\u202f: <\/p>\n<ol>\n<li>Promouvoir la formation du personnel pour mieux soutenir les personnes proches aidantes en tant que partenaires de soins.<\/li>\n<li>Fournir aux personnes proches aidantes la trousse d\u2019outils de l\u2019h\u00f4pital virtuel \u00e0 domicile.<\/li>\n<li>Souligner le r\u00f4le du personnel de Health Link (la ligne t\u00e9l\u00e9phonique provinciale de l\u2019Alberta qui fournit des conseils de sant\u00e9 fiables) qui aide les personnes proches aidantes \u00e0 acc\u00e9der \u00e0 l\u2019information, \u00e0 s\u2019orienter dans le syst\u00e8me et \u00e0 trouver les ressources n\u00e9cessaires \u00e0 la prise en charge des soins.<\/li>\n<li>Cr\u00e9er des solutions de r\u00e9pit pour les personnes proches aidantes afin de favoriser le maintien des soins au sein de la communaut\u00e9.<\/li>\n<li>\u00c9tablir un lien officiel avec Caregivers Alberta afin que les personnes proches aidantes puissent obtenir du soutien plus rapidement.<\/li>\n<li>\u00c9tablir des partenariats avec les organismes communautaires qui soutiennent les personnes proches aidantes.<\/li>\n<\/ol>\n\t\t\t\t\t\t\t\t<\/div>\n\t\t\t\t<\/div>\n\t\t\t\t<div class=\"elementor-element elementor-element-98d31e7 elementor-position-left elementor-vertical-align-middle elementor-widget elementor-widget-image-box\" data-id=\"98d31e7\" data-element_type=\"widget\" data-e-type=\"widget\" data-widget_type=\"image-box.default\">\n\t\t\t\t<div class=\"elementor-widget-container\">\n\t\t\t\t\t<div class=\"elementor-image-box-wrapper\"><figure class=\"elementor-image-box-img\"><img decoding=\"async\" width=\"200\" height=\"241\" src=\"https:\/\/healthworkforce.ca\/wp-content\/uploads\/2025\/01\/Isabel-Henderson.png\" class=\"attachment-full size-full wp-image-1519\" alt=\"\" \/><\/figure><div class=\"elementor-image-box-content\"><h3 class=\"elementor-image-box-title\">\u00ab\u202fEn Alberta, nous constatons un engagement croissant en faveur de la reconnaissance et de la responsabilisation des personnes proches aidantes. Les gens comprennent l\u2019importance cruciale de fournir \u00e0 ces personnes le soutien qu\u2019elles m\u00e9ritent.\u202f\u00bb<\/h3><p class=\"elementor-image-box-description\">\u2013\u202fIsabel\u202fHenderson, directrice g\u00e9n\u00e9rale, Projets sp\u00e9ciaux, Alberta Health Services<\/p><\/div><\/div>\t\t\t\t<\/div>\n\t\t\t\t<\/div>\n\t\t\t\t<div class=\"elementor-element elementor-element-cee47d0 elementor-widget elementor-widget-text-editor\" data-id=\"cee47d0\" data-element_type=\"widget\" data-e-type=\"widget\" data-widget_type=\"text-editor.default\">\n\t\t\t\t<div class=\"elementor-widget-container\">\n\t\t\t\t\t\t\t\t\t<p><strong>La Dre\u202fParmar<\/strong> a parl\u00e9 de l\u2019initiative Caregiver-Centered Care, qui vise \u00e0 combler l\u2019une des plus grandes lacunes en mati\u00e8re de soutien aux personnes proches aidantes\u202f: l\u2019am\u00e9lioration de la formation des prestataires de soins de sant\u00e9 et de soins communautaires. \u00c0 l\u2019heure actuelle, peu nombreux sont ceux qui ont re\u00e7u une formation sur le r\u00f4le des personnes proches aidantes, et certains h\u00e9sitent \u00e0 intervenir aupr\u00e8s d\u2019elles par manque de confiance, parce qu\u2019ils ne savent pas comment les aider ou parce qu\u2019ils manquent de temps. Dans le cadre de l\u2019initiative Caregiver-Centered Care, les gens peuvent acc\u00e9der gratuitement \u00e0 des cours de formation et \u00e0 des ressources en ligne pour apprendre \u00e0 soutenir efficacement les personnes proches aidantes et \u00e0 travailler en partenariat avec elles.  <\/p>\n\t\t\t\t\t\t\t\t<\/div>\n\t\t\t\t<\/div>\n\t\t\t\t<div class=\"elementor-element elementor-element-28dad8f elementor-position-left elementor-vertical-align-middle elementor-widget elementor-widget-image-box\" data-id=\"28dad8f\" data-element_type=\"widget\" data-e-type=\"widget\" data-widget_type=\"image-box.default\">\n\t\t\t\t<div class=\"elementor-widget-container\">\n\t\t\t\t\t<div class=\"elementor-image-box-wrapper\"><figure class=\"elementor-image-box-img\"><img decoding=\"async\" width=\"154\" height=\"150\" src=\"https:\/\/healthworkforce.ca\/wp-content\/uploads\/2025\/01\/JParmar_Photo-removebg-preview.png\" class=\"attachment-full size-full wp-image-1521\" alt=\"\" \/><\/figure><div class=\"elementor-image-box-content\"><h3 class=\"elementor-image-box-title\">\u00ab\u202fNous devons conqu\u00e9rir les c\u0153urs et les esprits et commencer \u00e0 consid\u00e9rer les personnes proches aidantes comme des partenaires de soins, et non comme des personnes qui \u00ab\u202fdemandent\u202f\u00bb du temps ou qui sont difficiles.<\/h3><p class=\"elementor-image-box-description\">\u2013\u202fDre\u202fJasneet\u202fParmar, chercheuse principale \u00e0 Caregiver-Centered Care. <\/p><\/div><\/div>\t\t\t\t<\/div>\n\t\t\t\t<\/div>\n\t\t\t\t<div class=\"elementor-element elementor-element-e89fe01 elementor-widget elementor-widget-text-editor\" data-id=\"e89fe01\" data-element_type=\"widget\" data-e-type=\"widget\" data-widget_type=\"text-editor.default\">\n\t\t\t\t<div class=\"elementor-widget-container\">\n\t\t\t\t\t\t\t\t\t<p><strong>\u202fCe que nous apprenons\u202f<\/strong><br><br>Apr\u00e8s les pr\u00e9sentations, les personnes pr\u00e9sentes au webinaire ont \u00e9t\u00e9 invit\u00e9es \u00e0 faire part de leurs propres r\u00e9flexions sur les mesures concr\u00e8tes qui pourraient \u00eatre prises pour soutenir les personnes proches aidantes. Plus de 100\u202fid\u00e9es ont \u00e9t\u00e9 exprim\u00e9es, dont certaines sont soulign\u00e9es ci-dessous <\/p>\n<ol>\n<li>S\u2019adresser directement \u00e0 la patient\u00e8le et aux personnes proches aidantes et prendre note de ce dont elles ont besoin.<\/li>\n<li>Former les professionnels de la sant\u00e9 pour qu\u2019ils apprennent \u00e0 collaborer avec les personnes proches aidantes et \u00e0 les int\u00e9grer.<\/li>\n<li>Plaider en faveur d\u2019une augmentation de solutions de r\u00e9pit pour les personnes proches aidantes.<\/li>\n<li>Int\u00e9grer les suivis aupr\u00e8s des personnes proches aidantes dans le cadre des consultations m\u00e9dicales r\u00e9guli\u00e8res.<\/li>\n<li>\u00c9laborer des politiques et des strat\u00e9gies visant \u00e0 reconna\u00eetre et \u00e0 soutenir officiellement les personnes proches aidantes.<\/li>\n<li>Inviter les prestataires de soins \u00e0 pr\u00e9voir trois chaises dans leur bureau afin de faciliter l\u2019\u00e9change avec la personne proche aidante pendant la consultation m\u00e9dicale.<\/li>\n<\/ol>\n<p>Pour en savoir plus sur l\u2019initiative Caregiver-Centered Care, rendez-vous au <a href=\"http:\/\/www.caregivercare.ca\" target=\"_new\" rel=\"noopener\">www.caregivercare.ca\u202f<\/a><\/p>\n<p><strong>Ce que vous pouvez faire ensuite<\/strong><\/p>\n<ul>\n<li>Encourager tous les prestataires de soins de sant\u00e9 et de soins communautaires qui interagissent avec les personnes proches aidantes \u00e0 suivre la formation sur les soins dispens\u00e9s par les personnes proches aidantes.<\/li>\n<li>Accueillir les personnes proches aidantes dans votre vie personnelle et professionnelle en reconnaissant leur travail et en \u00e9tablissant des partenariats avec elles.<\/li>\n<li>Devenir championne ou champion de Caregiver-Centered Care.<\/li>\n<\/ul>\n<p><strong><br>Savez-vous combien de t\u00e2ches sont accomplies par les personnes proches aidantes?<\/strong><\/p>\n<ul>\n<li>70\u202f% d\u2019entre elles effectuent des t\u00e2ches m\u00e9dicales\/infirmi\u00e8res pour aider la personne prise en charge \u00e0 g\u00e9rer la douleur et\/ou l\u2019inconfort, y compris des injections d\u2019opio\u00efdes tels que la morphine\u00b2;<\/li>\n<li>82\u202f% g\u00e8rent les m\u00e9dicaments, y compris l\u2019insuline et les antibiotiques\u00b3;<\/li>\n<li>37\u202f% veillent au soin des plaies (plaies chirurgicales, ulc\u00e8res, \u00e9ruptions cutan\u00e9es ou l\u00e9sions)\u2074.<\/li>\n<\/ul>\n<p><strong><br>*sources<\/strong><\/p>\n<p>\u00b9 <a href=\"https:\/\/rapp.ualberta.ca\/wp-content\/uploads\/sites\/49\/2022\/02\/Family-caregiving-worth-97-billion_2022-02-20.pdf\" target=\"_new\" rel=\"noopener\">Family Caregiving: Worth $97 Billion<\/a><br>\u00b2 <a href=\"https:\/\/www.aarp.org\/content\/dam\/aarp\/ppi\/2019\/04\/home-alone-revisited-family-caregivers-providing-complex-care.pdf\" target=\"_new\" rel=\"noopener\">Home Alone Revisited: Family Caregivers Providing Complex Care<\/a><br>\u00b3<a href=\"https:\/\/www.aarp.org\/content\/dam\/aarp\/ppi\/2019\/04\/home-alone-revisited-family-caregivers-providing-complex-care.pdf\" target=\"_new\" rel=\"noopener\"> ibid<\/a><br>\u2074 <a href=\"https:\/\/www.aarp.org\/content\/dam\/aarp\/ppi\/2019\/04\/home-alone-revisited-family-caregivers-providing-complex-care.pdf\" target=\"_new\" rel=\"noopener\">ibid<\/a><\/p>\t\t\t\t\t\t\t\t<\/div>\n\t\t\t\t<\/div>\n\t\t\t\t<\/div>\n\t\t<div class=\"elementor-element elementor-element-953ebca e-con-full e-flex e-con e-child\" data-id=\"953ebca\" data-element_type=\"container\" data-e-type=\"container\">\n\t\t\t\t<\/div>\n\t\t\t\t<\/div>\n\t\t\t\t<\/div>\n\t\t","protected":false},"featured_media":1497,"parent":0,"template":"","meta":{"_acf_changed":false},"class_list":["post-1523","what-works","type-what-works","status-publish","has-post-thumbnail","hentry"],"acf":[],"yoast_head":"<!-- This site is optimized with the Yoast SEO plugin v27.2 - https:\/\/yoast.com\/product\/yoast-seo-wordpress\/ -->\n<title>Un webinaire met en lumi\u00e8re la n\u00e9cessit\u00e9 de soutenir les membres les plus nombreux du personnel de sant\u00e9\u202f: les personnes proches aidantes - Health Workforce Canada<\/title>\n<meta name=\"robots\" content=\"index, follow, max-snippet:-1, max-image-preview:large, max-video-preview:-1\" \/>\n<link rel=\"canonical\" href=\"https:\/\/healthworkforce.ca\/fr\/ce-qui-fonctionne\/un-webinaire-met-en-lumiere-la-necessite-de-soutenir-les-membres-les-plus-nombreux-du-personnel-de-sante-les-personnes-proches-aidantes\/\" \/>\n<meta property=\"og:locale\" content=\"fr_FR\" \/>\n<meta property=\"og:type\" content=\"article\" \/>\n<meta property=\"og:title\" content=\"Un webinaire met en lumi\u00e8re la n\u00e9cessit\u00e9 de soutenir les membres les plus nombreux du personnel de sant\u00e9\u202f: les personnes proches aidantes - Health Workforce Canada\" \/>\n<meta property=\"og:description\" content=\"Le probl\u00e8me\u202f Les personnes proches aidantes jouent un r\u00f4le essentiel dans notre syst\u00e8me de sant\u00e9. Elles prennent en charge toute une s\u00e9rie de t\u00e2ches importantes, notamment l\u2019assistance \u00e0 un proche dans ses activit\u00e9s quotidiennes, le suivi des m\u00e9dicaments, la coordination des rendez-vous m\u00e9dicaux et la participation \u00e0 ceux-ci, de m\u00eame que la gestion de l\u2019\u00e9quipement [&hellip;]\" \/>\n<meta property=\"og:url\" content=\"https:\/\/healthworkforce.ca\/fr\/ce-qui-fonctionne\/un-webinaire-met-en-lumiere-la-necessite-de-soutenir-les-membres-les-plus-nombreux-du-personnel-de-sante-les-personnes-proches-aidantes\/\" \/>\n<meta property=\"og:site_name\" content=\"Health Workforce Canada\" \/>\n<meta property=\"article:modified_time\" content=\"2025-01-16T15:51:38+00:00\" \/>\n<meta property=\"og:image\" content=\"https:\/\/healthworkforce.ca\/wp-content\/uploads\/2025\/01\/iStock-950886784-min-scaled.jpg\" \/>\n\t<meta property=\"og:image:width\" content=\"2560\" \/>\n\t<meta property=\"og:image:height\" content=\"1707\" \/>\n\t<meta property=\"og:image:type\" content=\"image\/jpeg\" \/>\n<meta name=\"twitter:card\" content=\"summary_large_image\" \/>\n<meta name=\"twitter:label1\" content=\"Dur\u00e9e de lecture estim\u00e9e\" \/>\n\t<meta name=\"twitter:data1\" content=\"6 minutes\" \/>\n<script type=\"application\/ld+json\" class=\"yoast-schema-graph\">{\"@context\":\"https:\/\/schema.org\",\"@graph\":[{\"@type\":\"WebPage\",\"@id\":\"https:\/\/healthworkforce.ca\/fr\/ce-qui-fonctionne\/un-webinaire-met-en-lumiere-la-necessite-de-soutenir-les-membres-les-plus-nombreux-du-personnel-de-sante-les-personnes-proches-aidantes\/\",\"url\":\"https:\/\/healthworkforce.ca\/fr\/ce-qui-fonctionne\/un-webinaire-met-en-lumiere-la-necessite-de-soutenir-les-membres-les-plus-nombreux-du-personnel-de-sante-les-personnes-proches-aidantes\/\",\"name\":\"Un webinaire met en lumi\u00e8re la n\u00e9cessit\u00e9 de soutenir les membres les plus nombreux du personnel de sant\u00e9\u202f: les personnes proches aidantes - Health Workforce Canada\",\"isPartOf\":{\"@id\":\"https:\/\/healthworkforce.ca\/fr\/#website\"},\"primaryImageOfPage\":{\"@id\":\"https:\/\/healthworkforce.ca\/fr\/ce-qui-fonctionne\/un-webinaire-met-en-lumiere-la-necessite-de-soutenir-les-membres-les-plus-nombreux-du-personnel-de-sante-les-personnes-proches-aidantes\/#primaryimage\"},\"image\":{\"@id\":\"https:\/\/healthworkforce.ca\/fr\/ce-qui-fonctionne\/un-webinaire-met-en-lumiere-la-necessite-de-soutenir-les-membres-les-plus-nombreux-du-personnel-de-sante-les-personnes-proches-aidantes\/#primaryimage\"},\"thumbnailUrl\":\"https:\/\/healthworkforce.ca\/wp-content\/uploads\/2025\/01\/iStock-950886784-min-scaled.jpg\",\"datePublished\":\"2025-01-15T23:49:45+00:00\",\"dateModified\":\"2025-01-16T15:51:38+00:00\",\"breadcrumb\":{\"@id\":\"https:\/\/healthworkforce.ca\/fr\/ce-qui-fonctionne\/un-webinaire-met-en-lumiere-la-necessite-de-soutenir-les-membres-les-plus-nombreux-du-personnel-de-sante-les-personnes-proches-aidantes\/#breadcrumb\"},\"inLanguage\":\"fr-FR\",\"potentialAction\":[{\"@type\":\"ReadAction\",\"target\":[\"https:\/\/healthworkforce.ca\/fr\/ce-qui-fonctionne\/un-webinaire-met-en-lumiere-la-necessite-de-soutenir-les-membres-les-plus-nombreux-du-personnel-de-sante-les-personnes-proches-aidantes\/\"]}]},{\"@type\":\"ImageObject\",\"inLanguage\":\"fr-FR\",\"@id\":\"https:\/\/healthworkforce.ca\/fr\/ce-qui-fonctionne\/un-webinaire-met-en-lumiere-la-necessite-de-soutenir-les-membres-les-plus-nombreux-du-personnel-de-sante-les-personnes-proches-aidantes\/#primaryimage\",\"url\":\"https:\/\/healthworkforce.ca\/wp-content\/uploads\/2025\/01\/iStock-950886784-min-scaled.jpg\",\"contentUrl\":\"https:\/\/healthworkforce.ca\/wp-content\/uploads\/2025\/01\/iStock-950886784-min-scaled.jpg\",\"width\":2560,\"height\":1707},{\"@type\":\"BreadcrumbList\",\"@id\":\"https:\/\/healthworkforce.ca\/fr\/ce-qui-fonctionne\/un-webinaire-met-en-lumiere-la-necessite-de-soutenir-les-membres-les-plus-nombreux-du-personnel-de-sante-les-personnes-proches-aidantes\/#breadcrumb\",\"itemListElement\":[]},{\"@type\":\"WebSite\",\"@id\":\"https:\/\/healthworkforce.ca\/fr\/#website\",\"url\":\"https:\/\/healthworkforce.ca\/fr\/\",\"name\":\"Health Workforce Canada\",\"description\":\"\",\"publisher\":{\"@id\":\"https:\/\/healthworkforce.ca\/fr\/#organization\"},\"potentialAction\":[{\"@type\":\"SearchAction\",\"target\":{\"@type\":\"EntryPoint\",\"urlTemplate\":\"https:\/\/healthworkforce.ca\/fr\/?s={search_term_string}\"},\"query-input\":{\"@type\":\"PropertyValueSpecification\",\"valueRequired\":true,\"valueName\":\"search_term_string\"}}],\"inLanguage\":\"fr-FR\"},{\"@type\":\"Organization\",\"@id\":\"https:\/\/healthworkforce.ca\/fr\/#organization\",\"name\":\"Health Workforce Canada\",\"alternateName\":\"HWC\",\"url\":\"https:\/\/healthworkforce.ca\/fr\/\",\"logo\":{\"@type\":\"ImageObject\",\"inLanguage\":\"fr-FR\",\"@id\":\"https:\/\/healthworkforce.ca\/fr\/#\/schema\/logo\/image\/\",\"url\":\"https:\/\/healthworkforce.ca\/wp-content\/uploads\/2024\/06\/HWC-logo.svg\",\"contentUrl\":\"https:\/\/healthworkforce.ca\/wp-content\/uploads\/2024\/06\/HWC-logo.svg\",\"width\":1871,\"height\":344,\"caption\":\"Health Workforce Canada\"},\"image\":{\"@id\":\"https:\/\/healthworkforce.ca\/fr\/#\/schema\/logo\/image\/\"},\"sameAs\":[\"https:\/\/www.linkedin.com\/company\/health-workforce-canada\/\"]}]}<\/script>\n<!-- \/ Yoast SEO plugin. -->","yoast_head_json":{"title":"Un webinaire met en lumi\u00e8re la n\u00e9cessit\u00e9 de soutenir les membres les plus nombreux du personnel de sant\u00e9\u202f: les personnes proches aidantes - Health Workforce Canada","robots":{"index":"index","follow":"follow","max-snippet":"max-snippet:-1","max-image-preview":"max-image-preview:large","max-video-preview":"max-video-preview:-1"},"canonical":"https:\/\/healthworkforce.ca\/fr\/ce-qui-fonctionne\/un-webinaire-met-en-lumiere-la-necessite-de-soutenir-les-membres-les-plus-nombreux-du-personnel-de-sante-les-personnes-proches-aidantes\/","og_locale":"fr_FR","og_type":"article","og_title":"Un webinaire met en lumi\u00e8re la n\u00e9cessit\u00e9 de soutenir les membres les plus nombreux du personnel de sant\u00e9\u202f: les personnes proches aidantes - Health Workforce Canada","og_description":"Le probl\u00e8me\u202f Les personnes proches aidantes jouent un r\u00f4le essentiel dans notre syst\u00e8me de sant\u00e9. Elles prennent en charge toute une s\u00e9rie de t\u00e2ches importantes, notamment l\u2019assistance \u00e0 un proche dans ses activit\u00e9s quotidiennes, le suivi des m\u00e9dicaments, la coordination des rendez-vous m\u00e9dicaux et la participation \u00e0 ceux-ci, de m\u00eame que la gestion de l\u2019\u00e9quipement [&hellip;]","og_url":"https:\/\/healthworkforce.ca\/fr\/ce-qui-fonctionne\/un-webinaire-met-en-lumiere-la-necessite-de-soutenir-les-membres-les-plus-nombreux-du-personnel-de-sante-les-personnes-proches-aidantes\/","og_site_name":"Health Workforce Canada","article_modified_time":"2025-01-16T15:51:38+00:00","og_image":[{"width":2560,"height":1707,"url":"https:\/\/healthworkforce.ca\/wp-content\/uploads\/2025\/01\/iStock-950886784-min-scaled.jpg","type":"image\/jpeg"}],"twitter_card":"summary_large_image","twitter_misc":{"Dur\u00e9e de lecture estim\u00e9e":"6 minutes"},"schema":{"@context":"https:\/\/schema.org","@graph":[{"@type":"WebPage","@id":"https:\/\/healthworkforce.ca\/fr\/ce-qui-fonctionne\/un-webinaire-met-en-lumiere-la-necessite-de-soutenir-les-membres-les-plus-nombreux-du-personnel-de-sante-les-personnes-proches-aidantes\/","url":"https:\/\/healthworkforce.ca\/fr\/ce-qui-fonctionne\/un-webinaire-met-en-lumiere-la-necessite-de-soutenir-les-membres-les-plus-nombreux-du-personnel-de-sante-les-personnes-proches-aidantes\/","name":"Un webinaire met en lumi\u00e8re la n\u00e9cessit\u00e9 de soutenir les membres les plus nombreux du personnel de sant\u00e9\u202f: les personnes proches aidantes - Health Workforce Canada","isPartOf":{"@id":"https:\/\/healthworkforce.ca\/fr\/#website"},"primaryImageOfPage":{"@id":"https:\/\/healthworkforce.ca\/fr\/ce-qui-fonctionne\/un-webinaire-met-en-lumiere-la-necessite-de-soutenir-les-membres-les-plus-nombreux-du-personnel-de-sante-les-personnes-proches-aidantes\/#primaryimage"},"image":{"@id":"https:\/\/healthworkforce.ca\/fr\/ce-qui-fonctionne\/un-webinaire-met-en-lumiere-la-necessite-de-soutenir-les-membres-les-plus-nombreux-du-personnel-de-sante-les-personnes-proches-aidantes\/#primaryimage"},"thumbnailUrl":"https:\/\/healthworkforce.ca\/wp-content\/uploads\/2025\/01\/iStock-950886784-min-scaled.jpg","datePublished":"2025-01-15T23:49:45+00:00","dateModified":"2025-01-16T15:51:38+00:00","breadcrumb":{"@id":"https:\/\/healthworkforce.ca\/fr\/ce-qui-fonctionne\/un-webinaire-met-en-lumiere-la-necessite-de-soutenir-les-membres-les-plus-nombreux-du-personnel-de-sante-les-personnes-proches-aidantes\/#breadcrumb"},"inLanguage":"fr-FR","potentialAction":[{"@type":"ReadAction","target":["https:\/\/healthworkforce.ca\/fr\/ce-qui-fonctionne\/un-webinaire-met-en-lumiere-la-necessite-de-soutenir-les-membres-les-plus-nombreux-du-personnel-de-sante-les-personnes-proches-aidantes\/"]}]},{"@type":"ImageObject","inLanguage":"fr-FR","@id":"https:\/\/healthworkforce.ca\/fr\/ce-qui-fonctionne\/un-webinaire-met-en-lumiere-la-necessite-de-soutenir-les-membres-les-plus-nombreux-du-personnel-de-sante-les-personnes-proches-aidantes\/#primaryimage","url":"https:\/\/healthworkforce.ca\/wp-content\/uploads\/2025\/01\/iStock-950886784-min-scaled.jpg","contentUrl":"https:\/\/healthworkforce.ca\/wp-content\/uploads\/2025\/01\/iStock-950886784-min-scaled.jpg","width":2560,"height":1707},{"@type":"BreadcrumbList","@id":"https:\/\/healthworkforce.ca\/fr\/ce-qui-fonctionne\/un-webinaire-met-en-lumiere-la-necessite-de-soutenir-les-membres-les-plus-nombreux-du-personnel-de-sante-les-personnes-proches-aidantes\/#breadcrumb","itemListElement":[]},{"@type":"WebSite","@id":"https:\/\/healthworkforce.ca\/fr\/#website","url":"https:\/\/healthworkforce.ca\/fr\/","name":"Health Workforce Canada","description":"","publisher":{"@id":"https:\/\/healthworkforce.ca\/fr\/#organization"},"potentialAction":[{"@type":"SearchAction","target":{"@type":"EntryPoint","urlTemplate":"https:\/\/healthworkforce.ca\/fr\/?s={search_term_string}"},"query-input":{"@type":"PropertyValueSpecification","valueRequired":true,"valueName":"search_term_string"}}],"inLanguage":"fr-FR"},{"@type":"Organization","@id":"https:\/\/healthworkforce.ca\/fr\/#organization","name":"Health Workforce Canada","alternateName":"HWC","url":"https:\/\/healthworkforce.ca\/fr\/","logo":{"@type":"ImageObject","inLanguage":"fr-FR","@id":"https:\/\/healthworkforce.ca\/fr\/#\/schema\/logo\/image\/","url":"https:\/\/healthworkforce.ca\/wp-content\/uploads\/2024\/06\/HWC-logo.svg","contentUrl":"https:\/\/healthworkforce.ca\/wp-content\/uploads\/2024\/06\/HWC-logo.svg","width":1871,"height":344,"caption":"Health Workforce Canada"},"image":{"@id":"https:\/\/healthworkforce.ca\/fr\/#\/schema\/logo\/image\/"},"sameAs":["https:\/\/www.linkedin.com\/company\/health-workforce-canada\/"]}]}},"_links":{"self":[{"href":"https:\/\/healthworkforce.ca\/fr\/wp-json\/wp\/v2\/what-works\/1523","targetHints":{"allow":["GET"]}}],"collection":[{"href":"https:\/\/healthworkforce.ca\/fr\/wp-json\/wp\/v2\/what-works"}],"about":[{"href":"https:\/\/healthworkforce.ca\/fr\/wp-json\/wp\/v2\/types\/what-works"}],"version-history":[{"count":0,"href":"https:\/\/healthworkforce.ca\/fr\/wp-json\/wp\/v2\/what-works\/1523\/revisions"}],"wp:featuredmedia":[{"embeddable":true,"href":"https:\/\/healthworkforce.ca\/fr\/wp-json\/wp\/v2\/media\/1497"}],"wp:attachment":[{"href":"https:\/\/healthworkforce.ca\/fr\/wp-json\/wp\/v2\/media?parent=1523"}],"curies":[{"name":"wp","href":"https:\/\/api.w.org\/{rel}","templated":true}]}}