{"id":2037,"date":"2025-08-05T15:02:55","date_gmt":"2025-08-05T19:02:55","guid":{"rendered":"https:\/\/healthworkforce.ca\/?page_id=2037"},"modified":"2026-08-11T16:12:14","modified_gmt":"2026-08-11T20:12:14","slug":"home","status":"publish","type":"page","link":"https:\/\/healthworkforce.ca\/fr\/","title":{"rendered":"Effectif de la sant\u00e9 Canada"},"content":{"rendered":"\t\t<div data-elementor-type=\"wp-page\" data-elementor-id=\"2037\" class=\"elementor elementor-2037 elementor-2036\" data-elementor-post-type=\"page\">\n\t\t\t\t<div class=\"elementor-element elementor-element-358b967 e-flex e-con-boxed e-con e-parent\" data-id=\"358b967\" data-element_type=\"container\" data-e-type=\"container\">\n\t\t\t\t\t<div class=\"e-con-inner\">\n\t\t\t\t<div class=\"elementor-element elementor-element-bf9f417 elementor-widget elementor-widget-heading\" data-id=\"bf9f417\" data-element_type=\"widget\" data-e-type=\"widget\" data-widget_type=\"heading.default\">\n\t\t\t\t<div class=\"elementor-widget-container\">\n\t\t\t\t\t<h2 class=\"elementor-heading-title elementor-size-default\">Une main-d\u2019\u0153uvre en bonne sant\u00e9. Pour des gens en bonne sant\u00e9.  <\/h2>\t\t\t\t<\/div>\n\t\t\t\t<\/div>\n\t\t\t\t\t<\/div>\n\t\t\t\t<\/div>\n\t\t<div class=\"elementor-element elementor-element-70bb211 e-flex e-con-boxed e-con e-parent\" data-id=\"70bb211\" data-element_type=\"container\" data-e-type=\"container\">\n\t\t\t\t\t<div class=\"e-con-inner\">\n\t\t<div class=\"elementor-element elementor-element-a242bd2 e-con-full e-flex e-con e-child\" data-id=\"a242bd2\" data-element_type=\"container\" data-e-type=\"container\">\n\t\t\t\t<div class=\"elementor-element elementor-element-af88a2f elementor-widget elementor-widget-text-editor\" data-id=\"af88a2f\" data-element_type=\"widget\" data-e-type=\"widget\" data-widget_type=\"text-editor.default\">\n\t\t\t\t<div class=\"elementor-widget-container\">\n\t\t\t\t\t\t\t\t\t<p>Travailler en collaboration \u00e0 la planification, \u00e0 la mise en place et au soutien d\u2019une main-d\u2019\u0153uvre forte en sant\u00e9 afin d\u2019am\u00e9liorer les r\u00e9sultats en mati\u00e8re de sant\u00e9 pour l\u2019ensemble de la population canadienne.<\/p>\t\t\t\t\t\t\t\t<\/div>\n\t\t\t\t<\/div>\n\t\t\t\t<div class=\"elementor-element elementor-element-a8f2554 elementor-widget elementor-widget-text-editor\" data-id=\"a8f2554\" data-element_type=\"widget\" data-e-type=\"widget\" data-widget_type=\"text-editor.default\">\n\t\t\t\t<div class=\"elementor-widget-container\">\n\t\t\t\t\t\t\t\t\t<p>Effectif de la sant\u00e9 Canada collabore avec des partenaires pour relever les d\u00e9fis actuels en mati\u00e8re de main-d\u2019\u0153uvre dans le secteur de la sant\u00e9 et favoriser des solutions novatrices pour la planification \u00e0 long terme.<\/p>\t\t\t\t\t\t\t\t<\/div>\n\t\t\t\t<\/div>\n\t\t\t\t<\/div>\n\t\t\t\t\t<\/div>\n\t\t\t\t<\/div>\n\t\t<div class=\"elementor-element elementor-element-7249b60 e-flex e-con-boxed e-con e-parent\" data-id=\"7249b60\" data-element_type=\"container\" data-e-type=\"container\">\n\t\t\t\t\t<div class=\"e-con-inner\">\n\t\t\t\t<div class=\"elementor-element elementor-element-94b5e58 elementor-widget elementor-widget-image\" data-id=\"94b5e58\" data-element_type=\"widget\" data-e-type=\"widget\" data-widget_type=\"image.default\">\n\t\t\t\t<div class=\"elementor-widget-container\">\n\t\t\t\t\t\t\t\t\t\t\t\t\t\t\t\t<a href=\"https:\/\/healthworkforce.ca\/wp-content\/uploads\/2026\/03\/Pan-Can-Health-Workforce-Data-Strategy_FR_Mar-2026.pdf\" target=\"_blank\">\n\t\t\t\t\t\t\t<img fetchpriority=\"high\" decoding=\"async\" width=\"1200\" height=\"628\" src=\"https:\/\/healthworkforce.ca\/wp-content\/uploads\/2026\/03\/DataStrategyHomepage.png\" class=\"attachment-full size-full wp-image-2969\" alt=\"Data Strategy Banner\" srcset=\"https:\/\/healthworkforce.ca\/wp-content\/uploads\/2026\/03\/DataStrategyHomepage.png 1200w, https:\/\/healthworkforce.ca\/wp-content\/uploads\/2026\/03\/DataStrategyHomepage-300x157.png 300w, https:\/\/healthworkforce.ca\/wp-content\/uploads\/2026\/03\/DataStrategyHomepage-1024x536.png 1024w, https:\/\/healthworkforce.ca\/wp-content\/uploads\/2026\/03\/DataStrategyHomepage-768x402.png 768w\" sizes=\"(max-width: 1200px) 100vw, 1200px\" \/>\t\t\t\t\t\t\t\t<\/a>\n\t\t\t\t\t\t\t\t\t\t\t\t\t\t\t<\/div>\n\t\t\t\t<\/div>\n\t\t<div class=\"elementor-element elementor-element-6467857 e-con-full e-flex e-con e-child\" data-id=\"6467857\" data-element_type=\"container\" data-e-type=\"container\">\n\t\t\t\t<div class=\"elementor-element elementor-element-cd43e5b elementor-widget elementor-widget-text-editor\" data-id=\"cd43e5b\" data-element_type=\"widget\" data-e-type=\"widget\" data-widget_type=\"text-editor.default\">\n\t\t\t\t<div class=\"elementor-widget-container\">\n\t\t\t\t\t\t\t\t\t<p>La main-d\u2019\u0153uvre en sant\u00e9 du Canada constitue la pierre angulaire de notre syst\u00e8me de sant\u00e9, et une planification efficace repose sur des donn\u00e9es opportunes, fiables et exploitables.<\/p><p>\u00c9labor\u00e9e en collaboration avec les administrations et les partenaires, la Strat\u00e9gie pancanadienne de donn\u00e9es sur la main-d\u2019\u0153uvre en sant\u00e9 pr\u00e9sente une approche commune et pratique visant \u00e0 renforcer la fa\u00e7on dont les donn\u00e9es sur la main-d\u2019\u0153uvre en sant\u00e9 sont recueillies, partag\u00e9es et utilis\u00e9es partout au Canada.<\/p>\t\t\t\t\t\t\t\t<\/div>\n\t\t\t\t<\/div>\n\t\t\t\t<\/div>\n\t\t\t\t\t<\/div>\n\t\t\t\t<\/div>\n\t\t<div class=\"elementor-element elementor-element-70992bf e-flex e-con-boxed e-con e-parent\" data-id=\"70992bf\" data-element_type=\"container\" data-e-type=\"container\" data-settings=\"{&quot;background_background&quot;:&quot;classic&quot;}\">\n\t\t\t\t\t<div class=\"e-con-inner\">\n\t\t<div class=\"elementor-element elementor-element-43d97bc e-flex e-con-boxed e-con e-child\" data-id=\"43d97bc\" data-element_type=\"container\" data-e-type=\"container\">\n\t\t\t\t\t<div class=\"e-con-inner\">\n\t\t\t\t<div class=\"elementor-element elementor-element-4d8f3b1 elementor-widget-laptop__width-initial elementor-widget elementor-widget-heading\" data-id=\"4d8f3b1\" data-element_type=\"widget\" data-e-type=\"widget\" data-widget_type=\"heading.default\">\n\t\t\t\t<div class=\"elementor-widget-container\">\n\t\t\t\t\t<h2 class=\"elementor-heading-title elementor-size-default\">Voici quelques liens vers des outils, des ressources et des informations utiles pour prendre des d\u00e9cisions \u00e9clair\u00e9es\u202f:<\/h2>\t\t\t\t<\/div>\n\t\t\t\t<\/div>\n\t\t\t\t\t<\/div>\n\t\t\t\t<\/div>\n\t\t\t\t\t<\/div>\n\t\t\t\t<\/div>\n\t\t<div class=\"elementor-element elementor-element-4a74066 e-grid e-con-boxed e-con e-parent\" data-id=\"4a74066\" data-element_type=\"container\" data-e-type=\"container\" data-settings=\"{&quot;background_background&quot;:&quot;classic&quot;}\">\n\t\t\t\t\t<div class=\"e-con-inner\">\n\t\t<div class=\"tmintro-wrapper elementor-element elementor-element-b79faa1 e-con-full e-flex e-con e-child\" data-intro=\"Which health occupations represent the largest proportion of vacancies? &lt;br&gt;&lt;br&gt;\n\nHow has the use of agency staff in public hospitals changed across the country? \" data-title=\"Use this module to answer questions like: \" data-position=\"bottom-middle-aligned\" data-step=\"2\" data-id=\"b79faa1\" data-element_type=\"container\" data-e-type=\"container\" data-settings=\"{&quot;background_background&quot;:&quot;classic&quot;}\">\n\t\t\t\t<div class=\"elementor-element elementor-element-df61fe4 elementor-widget elementor-widget-image\" data-id=\"df61fe4\" data-element_type=\"widget\" data-e-type=\"widget\" data-widget_type=\"image.default\">\n\t\t\t\t<div class=\"elementor-widget-container\">\n\t\t\t\t\t\t\t\t\t\t\t\t\t\t\t<img decoding=\"async\" width=\"800\" height=\"450\" src=\"https:\/\/healthworkforce.ca\/wp-content\/uploads\/2025\/07\/Dashboard_WebIcon_FA-1.jpg\" class=\"attachment-large size-large wp-image-1979\" alt=\"\" srcset=\"https:\/\/healthworkforce.ca\/wp-content\/uploads\/2025\/07\/Dashboard_WebIcon_FA-1.jpg 856w, https:\/\/healthworkforce.ca\/wp-content\/uploads\/2025\/07\/Dashboard_WebIcon_FA-1-300x169.jpg 300w, https:\/\/healthworkforce.ca\/wp-content\/uploads\/2025\/07\/Dashboard_WebIcon_FA-1-768x432.jpg 768w\" sizes=\"(max-width: 800px) 100vw, 800px\" \/>\t\t\t\t\t\t\t\t\t\t\t\t\t\t\t<\/div>\n\t\t\t\t<\/div>\n\t\t<div class=\"elementor-element elementor-element-ac32358 e-con-full e-flex e-con e-child\" data-id=\"ac32358\" data-element_type=\"container\" data-e-type=\"container\">\n\t\t\t\t<div class=\"tmintro-wrapper elementor-element elementor-element-7f231e1 elementor-widget elementor-widget-heading\" data-intro=\"Click the &lt;a href=&quot;\/dashboards\/workforce-in-view&quot; target=&quot;_blank&quot;&gt;Workforce in View&lt;\/a&gt; link to visit the next chapter of the tutorial.  \" data-title=\"Ready for more?   \" data-position=\"bottom-left-aligned\" data-step=\"5\" data-id=\"7f231e1\" data-element_type=\"widget\" data-e-type=\"widget\" data-widget_type=\"heading.default\">\n\t\t\t\t<div class=\"elementor-widget-container\">\n\t\t\t\t\t<h2 class=\"elementor-heading-title elementor-size-default\"><a href=\"https:\/\/healthworkforce.ca\/fr\/tableaux-de-bord\/\">Centre de tableaux de bord<\/a><\/h2>\t\t\t\t<\/div>\n\t\t\t\t<\/div>\n\t\t\t\t<div class=\"elementor-element elementor-element-1188998 elementor-widget elementor-widget-text-editor\" data-id=\"1188998\" data-element_type=\"widget\" data-e-type=\"widget\" data-widget_type=\"text-editor.default\">\n\t\t\t\t<div class=\"elementor-widget-container\">\n\t\t\t\t\t\t\t\t\t<p>Explorez des donn\u00e9es organis\u00e9es sur les effectifs de la sant\u00e9 fournies par l\u2019Institut canadien d\u2019information sur la sant\u00e9, Statistique Canada et d\u2019autres sources.<\/p>\t\t\t\t\t\t\t\t<\/div>\n\t\t\t\t<\/div>\n\t\t\t\t<div class=\"elementor-element elementor-element-f714a73 elementor-view-default elementor-widget elementor-widget-icon\" data-id=\"f714a73\" data-element_type=\"widget\" data-e-type=\"widget\" data-widget_type=\"icon.default\">\n\t\t\t\t<div class=\"elementor-widget-container\">\n\t\t\t\t\t\t\t<div class=\"elementor-icon-wrapper\">\n\t\t\t<a class=\"elementor-icon elementor-animation-grow-rotate\" href=\"https:\/\/healthworkforce.ca\/fr\/tableaux-de-bord\/\">\n\t\t\t<svg aria-hidden=\"true\" class=\"e-font-icon-svg e-fas-arrow-right\" viewBox=\"0 0 448 512\" xmlns=\"http:\/\/www.w3.org\/2000\/svg\"><path d=\"M190.5 66.9l22.2-22.2c9.4-9.4 24.6-9.4 33.9 0L441 239c9.4 9.4 9.4 24.6 0 33.9L246.6 467.3c-9.4 9.4-24.6 9.4-33.9 0l-22.2-22.2c-9.5-9.5-9.3-25 .4-34.3L311.4 296H24c-13.3 0-24-10.7-24-24v-32c0-13.3 10.7-24 24-24h287.4L190.9 101.2c-9.8-9.3-10-24.8-.4-34.3z\"><\/path><\/svg>\t\t\t<\/a>\n\t\t<\/div>\n\t\t\t\t\t\t<\/div>\n\t\t\t\t<\/div>\n\t\t\t\t<\/div>\n\t\t\t\t<\/div>\n\t\t<div class=\"tmintro-wrapper elementor-element elementor-element-fcac643 e-con-full e-flex e-con e-child\" data-intro=\"How have scopes of practice and care delivery changed across the country? \n&lt;br&gt;&lt;br&gt;\nWhat approaches do rural and remote communities take on retention policy? \" data-title=\"This module offers answers to questions like: \" data-position=\"bottom-middle-aligned\" data-step=\"3\" data-id=\"fcac643\" data-element_type=\"container\" data-e-type=\"container\" data-settings=\"{&quot;background_background&quot;:&quot;classic&quot;}\">\n\t\t\t\t<div class=\"elementor-element elementor-element-b77b0d7 elementor-widget elementor-widget-image\" data-id=\"b77b0d7\" data-element_type=\"widget\" data-e-type=\"widget\" data-widget_type=\"image.default\">\n\t\t\t\t<div class=\"elementor-widget-container\">\n\t\t\t\t\t\t\t\t\t\t\t\t\t\t\t<img decoding=\"async\" width=\"800\" height=\"450\" src=\"https:\/\/healthworkforce.ca\/wp-content\/uploads\/2025\/07\/DigitalFrontDoor_WebIcon_FA-1.jpg\" class=\"attachment-large size-large wp-image-1981\" alt=\"\" srcset=\"https:\/\/healthworkforce.ca\/wp-content\/uploads\/2025\/07\/DigitalFrontDoor_WebIcon_FA-1.jpg 856w, https:\/\/healthworkforce.ca\/wp-content\/uploads\/2025\/07\/DigitalFrontDoor_WebIcon_FA-1-300x169.jpg 300w, https:\/\/healthworkforce.ca\/wp-content\/uploads\/2025\/07\/DigitalFrontDoor_WebIcon_FA-1-768x432.jpg 768w\" sizes=\"(max-width: 800px) 100vw, 800px\" \/>\t\t\t\t\t\t\t\t\t\t\t\t\t\t\t<\/div>\n\t\t\t\t<\/div>\n\t\t<div class=\"elementor-element elementor-element-9c672da e-con-full e-flex e-con e-child\" data-id=\"9c672da\" data-element_type=\"container\" data-e-type=\"container\">\n\t\t\t\t<div class=\"elementor-element elementor-element-ee0b258 elementor-widget elementor-widget-heading\" data-id=\"ee0b258\" data-element_type=\"widget\" data-e-type=\"widget\" data-widget_type=\"heading.default\">\n\t\t\t\t<div class=\"elementor-widget-container\">\n\t\t\t\t\t<h2 class=\"elementor-heading-title elementor-size-default\"><a href=\"https:\/\/healthworkforce.ca\/fr\/plateforme-numerique-de-premier-acces\/\">Plateforme Num\u00e9rique de Premier acc\u00e8s<\/a><\/h2>\t\t\t\t<\/div>\n\t\t\t\t<\/div>\n\t\t\t\t<div class=\"elementor-element elementor-element-4ca9ae7 elementor-widget elementor-widget-text-editor\" data-id=\"4ca9ae7\" data-element_type=\"widget\" data-e-type=\"widget\" data-widget_type=\"text-editor.default\">\n\t\t\t\t<div class=\"elementor-widget-container\">\n\t\t\t\t\t\t\t\t\tD\u00e9couvrez notre plateforme de recherche intelligente aliment\u00e9e par une IA g\u00e9n\u00e9rative, qui vous oriente vers des ressources fiables relatives \u00e0 la main-d\u2019\u0153uvre en sant\u00e9 provenant d\u2019organisations partenaires partout au Canada.\t\t\t\t\t\t\t\t<\/div>\n\t\t\t\t<\/div>\n\t\t\t\t<div class=\"elementor-element elementor-element-73844da elementor-view-default elementor-widget elementor-widget-icon\" data-id=\"73844da\" data-element_type=\"widget\" data-e-type=\"widget\" data-widget_type=\"icon.default\">\n\t\t\t\t<div class=\"elementor-widget-container\">\n\t\t\t\t\t\t\t<div class=\"elementor-icon-wrapper\">\n\t\t\t<a class=\"elementor-icon elementor-animation-grow-rotate\" href=\"https:\/\/healthworkforce.ca\/fr\/plateforme-numerique-de-premier-acces\/\">\n\t\t\t<svg aria-hidden=\"true\" class=\"e-font-icon-svg e-fas-arrow-right\" viewBox=\"0 0 448 512\" xmlns=\"http:\/\/www.w3.org\/2000\/svg\"><path d=\"M190.5 66.9l22.2-22.2c9.4-9.4 24.6-9.4 33.9 0L441 239c9.4 9.4 9.4 24.6 0 33.9L246.6 467.3c-9.4 9.4-24.6 9.4-33.9 0l-22.2-22.2c-9.5-9.5-9.3-25 .4-34.3L311.4 296H24c-13.3 0-24-10.7-24-24v-32c0-13.3 10.7-24 24-24h287.4L190.9 101.2c-9.8-9.3-10-24.8-.4-34.3z\"><\/path><\/svg>\t\t\t<\/a>\n\t\t<\/div>\n\t\t\t\t\t\t<\/div>\n\t\t\t\t<\/div>\n\t\t\t\t<\/div>\n\t\t\t\t<\/div>\n\t\t<div class=\"tmintro-wrapper elementor-element elementor-element-55b8e8d e-con-full e-flex e-con e-child\" data-intro=\"Locate data assets that can answer questions like: &lt;br&gt;&lt;br&gt;\n\nWhich data assets provide information on the health and wellbeing of Canada\u2019s health workforce? &lt;br&gt;&lt;br&gt;\n\nHow can I request record-level data from CIHI for my own analysis? \" data-title=\"Use the Data Catalogue to \" data-position=\"bottom-middle-aligned\" data-step=\"4\" data-id=\"55b8e8d\" data-element_type=\"container\" data-e-type=\"container\" data-settings=\"{&quot;background_background&quot;:&quot;classic&quot;}\">\n\t\t\t\t<div class=\"elementor-element elementor-element-d4a977e elementor-widget elementor-widget-image\" data-id=\"d4a977e\" data-element_type=\"widget\" data-e-type=\"widget\" data-widget_type=\"image.default\">\n\t\t\t\t<div class=\"elementor-widget-container\">\n\t\t\t\t\t\t\t\t\t\t\t\t\t\t\t<img loading=\"lazy\" decoding=\"async\" width=\"800\" height=\"450\" src=\"https:\/\/healthworkforce.ca\/wp-content\/uploads\/2025\/07\/ModellingandForecasting_WebIcon_FA-1.jpg\" class=\"attachment-large size-large wp-image-1983\" alt=\"\" srcset=\"https:\/\/healthworkforce.ca\/wp-content\/uploads\/2025\/07\/ModellingandForecasting_WebIcon_FA-1.jpg 856w, https:\/\/healthworkforce.ca\/wp-content\/uploads\/2025\/07\/ModellingandForecasting_WebIcon_FA-1-300x169.jpg 300w, https:\/\/healthworkforce.ca\/wp-content\/uploads\/2025\/07\/ModellingandForecasting_WebIcon_FA-1-768x432.jpg 768w\" sizes=\"(max-width: 800px) 100vw, 800px\" \/>\t\t\t\t\t\t\t\t\t\t\t\t\t\t\t<\/div>\n\t\t\t\t<\/div>\n\t\t<div class=\"elementor-element elementor-element-0de2071 e-con-full e-flex e-con e-child\" data-id=\"0de2071\" data-element_type=\"container\" data-e-type=\"container\">\n\t\t\t\t<div class=\"elementor-element elementor-element-4436d33 elementor-widget elementor-widget-heading\" data-id=\"4436d33\" data-element_type=\"widget\" data-e-type=\"widget\" data-widget_type=\"heading.default\">\n\t\t\t\t<div class=\"elementor-widget-container\">\n\t\t\t\t\t<h2 class=\"elementor-heading-title elementor-size-default\"><a href=\"https:\/\/healthworkforce.ca\/fr\/modelisation-et-prevision\/\">Mod\u00e9lisation et pr\u00e9vision<\/a><\/h2>\t\t\t\t<\/div>\n\t\t\t\t<\/div>\n\t\t\t\t<div class=\"elementor-element elementor-element-e1000b5 elementor-widget elementor-widget-text-editor\" data-id=\"e1000b5\" data-element_type=\"widget\" data-e-type=\"widget\" data-widget_type=\"text-editor.default\">\n\t\t\t\t<div class=\"elementor-widget-container\">\n\t\t\t\t\t\t\t\t\tD\u00e9couvrez notre premier outil de mod\u00e9lisation et de mise \u00e0 l\u2019essai de sc\u00e9narios par microsimulation, qui est ax\u00e9 sur les pr\u00e9pos\u00e9es et pr\u00e9pos\u00e9s aux services de soutien \u00e0 la personne.\t\t\t\t\t\t\t\t<\/div>\n\t\t\t\t<\/div>\n\t\t\t\t<div class=\"elementor-element elementor-element-0a66cd5 elementor-view-default elementor-widget elementor-widget-icon\" data-id=\"0a66cd5\" data-element_type=\"widget\" data-e-type=\"widget\" data-widget_type=\"icon.default\">\n\t\t\t\t<div class=\"elementor-widget-container\">\n\t\t\t\t\t\t\t<div class=\"elementor-icon-wrapper\">\n\t\t\t<a class=\"elementor-icon elementor-animation-grow-rotate\" href=\"https:\/\/healthworkforce.ca\/fr\/modelisation-et-prevision\/\">\n\t\t\t<svg aria-hidden=\"true\" class=\"e-font-icon-svg e-fas-arrow-right\" viewBox=\"0 0 448 512\" xmlns=\"http:\/\/www.w3.org\/2000\/svg\"><path d=\"M190.5 66.9l22.2-22.2c9.4-9.4 24.6-9.4 33.9 0L441 239c9.4 9.4 9.4 24.6 0 33.9L246.6 467.3c-9.4 9.4-24.6 9.4-33.9 0l-22.2-22.2c-9.5-9.5-9.3-25 .4-34.3L311.4 296H24c-13.3 0-24-10.7-24-24v-32c0-13.3 10.7-24 24-24h287.4L190.9 101.2c-9.8-9.3-10-24.8-.4-34.3z\"><\/path><\/svg>\t\t\t<\/a>\n\t\t<\/div>\n\t\t\t\t\t\t<\/div>\n\t\t\t\t<\/div>\n\t\t\t\t<\/div>\n\t\t\t\t<\/div>\n\t\t\t\t\t<\/div>\n\t\t\t\t<\/div>\n\t\t\t\t<\/div>\n\t\t","protected":false},"excerpt":{"rendered":"<p>Une main-d\u2019\u0153uvre en bonne sant\u00e9. Pour des gens en bonne sant\u00e9. Travailler en collaboration \u00e0 la planification, \u00e0 la mise en place et au soutien d\u2019une main-d\u2019\u0153uvre forte en sant\u00e9 afin d\u2019am\u00e9liorer les r\u00e9sultats en mati\u00e8re de sant\u00e9 pour l\u2019ensemble de la population canadienne. Effectif de la sant\u00e9 Canada collabore avec des partenaires pour relever [&hellip;]<\/p>\n","protected":false},"author":10,"featured_media":3318,"parent":0,"menu_order":0,"comment_status":"closed","ping_status":"closed","template":"","meta":{"_acf_changed":false,"footnotes":""},"class_list":["post-2037","page","type-page","status-publish","has-post-thumbnail","hentry"],"acf":[],"yoast_head":"<!-- This site is optimized with the Yoast SEO Premium plugin v28.3 (Yoast SEO v28.3) - https:\/\/yoast.com\/product\/yoast-seo-premium-wordpress\/ -->\n<title>Health Workforce Canada<\/title>\n<meta name=\"robots\" content=\"index, follow, max-snippet:-1, max-image-preview:large, max-video-preview:-1\" \/>\n<link rel=\"canonical\" href=\"https:\/\/healthworkforce.ca\/fr\/\" \/>\n<meta property=\"og:locale\" content=\"fr_FR\" \/>\n<meta property=\"og:type\" content=\"article\" \/>\n<meta property=\"og:title\" content=\"Effectif de la sant\u00e9 Canada\" \/>\n<meta property=\"og:description\" content=\"Une main-d\u2019\u0153uvre en bonne sant\u00e9. Pour des gens en bonne sant\u00e9. Travailler en collaboration \u00e0 la planification, \u00e0 la mise en place et au soutien d\u2019une main-d\u2019\u0153uvre forte en sant\u00e9 afin d\u2019am\u00e9liorer les r\u00e9sultats en mati\u00e8re de sant\u00e9 pour l\u2019ensemble de la population canadienne. Effectif de la sant\u00e9 Canada collabore avec des partenaires pour relever [&hellip;]\" \/>\n<meta property=\"og:url\" content=\"https:\/\/healthworkforce.ca\/fr\/\" \/>\n<meta property=\"og:site_name\" content=\"Health Workforce Canada\" \/>\n<meta property=\"article:modified_time\" content=\"2026-08-11T20:12:14+00:00\" \/>\n<meta property=\"og:image\" content=\"https:\/\/healthworkforce.ca\/wp-content\/uploads\/2026\/06\/2-Heads-Logo.jpg\" \/>\n\t<meta property=\"og:image:width\" content=\"533\" \/>\n\t<meta property=\"og:image:height\" content=\"533\" \/>\n\t<meta property=\"og:image:type\" content=\"image\/jpeg\" \/>\n<meta name=\"twitter:card\" content=\"summary_large_image\" \/>\n<meta name=\"twitter:label1\" content=\"Dur\u00e9e de lecture estim\u00e9e\" \/>\n\t<meta name=\"twitter:data1\" content=\"2 minutes\" \/>\n<script type=\"application\/ld+json\" class=\"yoast-schema-graph\">{\"@context\":\"https:\\\/\\\/schema.org\",\"@graph\":[{\"@type\":\"WebPage\",\"@id\":\"https:\\\/\\\/healthworkforce.ca\\\/fr\\\/\",\"url\":\"https:\\\/\\\/healthworkforce.ca\\\/fr\\\/\",\"name\":\"Health Workforce Canada\",\"isPartOf\":{\"@id\":\"https:\\\/\\\/healthworkforce.ca\\\/fr\\\/#website\"},\"primaryImageOfPage\":{\"@id\":\"https:\\\/\\\/healthworkforce.ca\\\/fr\\\/#primaryimage\"},\"image\":{\"@id\":\"https:\\\/\\\/healthworkforce.ca\\\/fr\\\/#primaryimage\"},\"thumbnailUrl\":\"https:\\\/\\\/healthworkforce.ca\\\/wp-content\\\/uploads\\\/2026\\\/06\\\/2-Heads-Logo.jpg\",\"datePublished\":\"2025-08-05T19:02:55+00:00\",\"dateModified\":\"2026-08-11T20:12:14+00:00\",\"breadcrumb\":{\"@id\":\"https:\\\/\\\/healthworkforce.ca\\\/fr\\\/#breadcrumb\"},\"inLanguage\":\"fr-FR\",\"potentialAction\":[{\"@type\":\"ReadAction\",\"target\":[\"https:\\\/\\\/healthworkforce.ca\\\/fr\\\/\"]}]},{\"@type\":\"ImageObject\",\"inLanguage\":\"fr-FR\",\"@id\":\"https:\\\/\\\/healthworkforce.ca\\\/fr\\\/#primaryimage\",\"url\":\"https:\\\/\\\/healthworkforce.ca\\\/wp-content\\\/uploads\\\/2026\\\/06\\\/2-Heads-Logo.jpg\",\"contentUrl\":\"https:\\\/\\\/healthworkforce.ca\\\/wp-content\\\/uploads\\\/2026\\\/06\\\/2-Heads-Logo.jpg\",\"width\":533,\"height\":533,\"caption\":\"Health Workforce Canada Logo\"},{\"@type\":\"BreadcrumbList\",\"@id\":\"https:\\\/\\\/healthworkforce.ca\\\/fr\\\/#breadcrumb\",\"itemListElement\":[]},{\"@type\":\"WebSite\",\"@id\":\"https:\\\/\\\/healthworkforce.ca\\\/fr\\\/#website\",\"url\":\"https:\\\/\\\/healthworkforce.ca\\\/fr\\\/\",\"name\":\"Health Workforce Canada\",\"description\":\"\",\"publisher\":{\"@id\":\"https:\\\/\\\/healthworkforce.ca\\\/fr\\\/#organization\"},\"potentialAction\":[{\"@type\":\"SearchAction\",\"target\":{\"@type\":\"EntryPoint\",\"urlTemplate\":\"https:\\\/\\\/healthworkforce.ca\\\/fr\\\/?s={search_term_string}\"},\"query-input\":{\"@type\":\"PropertyValueSpecification\",\"valueRequired\":true,\"valueName\":\"search_term_string\"}}],\"inLanguage\":\"fr-FR\"},{\"@type\":\"Organization\",\"@id\":\"https:\\\/\\\/healthworkforce.ca\\\/fr\\\/#organization\",\"name\":\"Health Workforce Canada\",\"alternateName\":\"HWC\",\"url\":\"https:\\\/\\\/healthworkforce.ca\\\/fr\\\/\",\"logo\":{\"@type\":\"ImageObject\",\"inLanguage\":\"fr-FR\",\"@id\":\"https:\\\/\\\/healthworkforce.ca\\\/fr\\\/#\\\/schema\\\/logo\\\/image\\\/\",\"url\":\"https:\\\/\\\/healthworkforce.ca\\\/wp-content\\\/uploads\\\/2026\\\/06\\\/2-Heads-Logo.jpg\",\"contentUrl\":\"https:\\\/\\\/healthworkforce.ca\\\/wp-content\\\/uploads\\\/2026\\\/06\\\/2-Heads-Logo.jpg\",\"width\":533,\"height\":533,\"caption\":\"Health Workforce Canada\"},\"image\":{\"@id\":\"https:\\\/\\\/healthworkforce.ca\\\/fr\\\/#\\\/schema\\\/logo\\\/image\\\/\"},\"sameAs\":[\"https:\\\/\\\/www.linkedin.com\\\/company\\\/health-workforce-canada\\\/\"]}]}<\/script>\n<!-- \/ Yoast SEO Premium plugin. -->","yoast_head_json":{"title":"Health Workforce Canada","robots":{"index":"index","follow":"follow","max-snippet":"max-snippet:-1","max-image-preview":"max-image-preview:large","max-video-preview":"max-video-preview:-1"},"canonical":"https:\/\/healthworkforce.ca\/fr\/","og_locale":"fr_FR","og_type":"article","og_title":"Effectif de la sant\u00e9 Canada","og_description":"Une main-d\u2019\u0153uvre en bonne sant\u00e9. Pour des gens en bonne sant\u00e9. Travailler en collaboration \u00e0 la planification, \u00e0 la mise en place et au soutien d\u2019une main-d\u2019\u0153uvre forte en sant\u00e9 afin d\u2019am\u00e9liorer les r\u00e9sultats en mati\u00e8re de sant\u00e9 pour l\u2019ensemble de la population canadienne. Effectif de la sant\u00e9 Canada collabore avec des partenaires pour relever [&hellip;]","og_url":"https:\/\/healthworkforce.ca\/fr\/","og_site_name":"Health Workforce Canada","article_modified_time":"2026-08-11T20:12:14+00:00","og_image":[{"width":533,"height":533,"url":"https:\/\/healthworkforce.ca\/wp-content\/uploads\/2026\/06\/2-Heads-Logo.jpg","type":"image\/jpeg"}],"twitter_card":"summary_large_image","twitter_misc":{"Dur\u00e9e de lecture estim\u00e9e":"2 minutes"},"schema":{"@context":"https:\/\/schema.org","@graph":[{"@type":"WebPage","@id":"https:\/\/healthworkforce.ca\/fr\/","url":"https:\/\/healthworkforce.ca\/fr\/","name":"Health Workforce Canada","isPartOf":{"@id":"https:\/\/healthworkforce.ca\/fr\/#website"},"primaryImageOfPage":{"@id":"https:\/\/healthworkforce.ca\/fr\/#primaryimage"},"image":{"@id":"https:\/\/healthworkforce.ca\/fr\/#primaryimage"},"thumbnailUrl":"https:\/\/healthworkforce.ca\/wp-content\/uploads\/2026\/06\/2-Heads-Logo.jpg","datePublished":"2025-08-05T19:02:55+00:00","dateModified":"2026-08-11T20:12:14+00:00","breadcrumb":{"@id":"https:\/\/healthworkforce.ca\/fr\/#breadcrumb"},"inLanguage":"fr-FR","potentialAction":[{"@type":"ReadAction","target":["https:\/\/healthworkforce.ca\/fr\/"]}]},{"@type":"ImageObject","inLanguage":"fr-FR","@id":"https:\/\/healthworkforce.ca\/fr\/#primaryimage","url":"https:\/\/healthworkforce.ca\/wp-content\/uploads\/2026\/06\/2-Heads-Logo.jpg","contentUrl":"https:\/\/healthworkforce.ca\/wp-content\/uploads\/2026\/06\/2-Heads-Logo.jpg","width":533,"height":533,"caption":"Health Workforce Canada Logo"},{"@type":"BreadcrumbList","@id":"https:\/\/healthworkforce.ca\/fr\/#breadcrumb","itemListElement":[]},{"@type":"WebSite","@id":"https:\/\/healthworkforce.ca\/fr\/#website","url":"https:\/\/healthworkforce.ca\/fr\/","name":"Health Workforce Canada","description":"","publisher":{"@id":"https:\/\/healthworkforce.ca\/fr\/#organization"},"potentialAction":[{"@type":"SearchAction","target":{"@type":"EntryPoint","urlTemplate":"https:\/\/healthworkforce.ca\/fr\/?s={search_term_string}"},"query-input":{"@type":"PropertyValueSpecification","valueRequired":true,"valueName":"search_term_string"}}],"inLanguage":"fr-FR"},{"@type":"Organization","@id":"https:\/\/healthworkforce.ca\/fr\/#organization","name":"Health Workforce Canada","alternateName":"HWC","url":"https:\/\/healthworkforce.ca\/fr\/","logo":{"@type":"ImageObject","inLanguage":"fr-FR","@id":"https:\/\/healthworkforce.ca\/fr\/#\/schema\/logo\/image\/","url":"https:\/\/healthworkforce.ca\/wp-content\/uploads\/2026\/06\/2-Heads-Logo.jpg","contentUrl":"https:\/\/healthworkforce.ca\/wp-content\/uploads\/2026\/06\/2-Heads-Logo.jpg","width":533,"height":533,"caption":"Health Workforce Canada"},"image":{"@id":"https:\/\/healthworkforce.ca\/fr\/#\/schema\/logo\/image\/"},"sameAs":["https:\/\/www.linkedin.com\/company\/health-workforce-canada\/"]}]}},"_links":{"self":[{"href":"https:\/\/healthworkforce.ca\/fr\/wp-json\/wp\/v2\/pages\/2037","targetHints":{"allow":["GET"]}}],"collection":[{"href":"https:\/\/healthworkforce.ca\/fr\/wp-json\/wp\/v2\/pages"}],"about":[{"href":"https:\/\/healthworkforce.ca\/fr\/wp-json\/wp\/v2\/types\/page"}],"author":[{"embeddable":true,"href":"https:\/\/healthworkforce.ca\/fr\/wp-json\/wp\/v2\/users\/10"}],"replies":[{"embeddable":true,"href":"https:\/\/healthworkforce.ca\/fr\/wp-json\/wp\/v2\/comments?post=2037"}],"version-history":[{"count":3,"href":"https:\/\/healthworkforce.ca\/fr\/wp-json\/wp\/v2\/pages\/2037\/revisions"}],"predecessor-version":[{"id":3656,"href":"https:\/\/healthworkforce.ca\/fr\/wp-json\/wp\/v2\/pages\/2037\/revisions\/3656"}],"wp:featuredmedia":[{"embeddable":true,"href":"https:\/\/healthworkforce.ca\/fr\/wp-json\/wp\/v2\/media\/3318"}],"wp:attachment":[{"href":"https:\/\/healthworkforce.ca\/fr\/wp-json\/wp\/v2\/media?parent=2037"}],"curies":[{"name":"wp","href":"https:\/\/api.w.org\/{rel}","templated":true}]}}