{"id":3071,"date":"2026-04-07T13:44:53","date_gmt":"2026-04-07T13:44:53","guid":{"rendered":"https:\/\/healthworkforce.ca\/?post_type=career&#038;p=3071"},"modified":"2026-04-28T13:36:30","modified_gmt":"2026-04-28T13:36:30","slug":"program-lead-modelling-and-forecasting-data-and-planning","status":"publish","type":"career","link":"https:\/\/healthworkforce.ca\/fr\/carriere\/program-lead-modelling-and-forecasting-data-and-planning\/","title":{"rendered":"Responsable de programme, Mod\u00e9lisation et pr\u00e9vision (Donn\u00e9es et planification)"},"content":{"rendered":"\t\t<div data-elementor-type=\"wp-post\" data-elementor-id=\"3071\" class=\"elementor elementor-3071 elementor-3063\" data-elementor-post-type=\"career\">\n\t\t\t\t<div class=\"elementor-element elementor-element-fe862f6 e-flex e-con-boxed e-con e-parent\" data-id=\"fe862f6\" data-element_type=\"container\" data-e-type=\"container\">\n\t\t\t\t\t<div class=\"e-con-inner\">\n\t\t<div class=\"elementor-element elementor-element-6d7562f e-con-full e-flex e-con e-child\" data-id=\"6d7562f\" data-element_type=\"container\" data-e-type=\"container\">\n\t\t\t\t<div class=\"elementor-element elementor-element-f2dcd52 elementor-icon-list--layout-traditional elementor-list-item-link-full_width elementor-widget elementor-widget-icon-list\" data-id=\"f2dcd52\" data-element_type=\"widget\" data-e-type=\"widget\" data-widget_type=\"icon-list.default\">\n\t\t\t\t<div class=\"elementor-widget-container\">\n\t\t\t\t\t\t\t<ul class=\"elementor-icon-list-items\">\n\t\t\t\t\t\t\t<li class=\"elementor-icon-list-item\">\n\t\t\t\t\t\t\t\t\t\t\t<a href=\"\/fr\/careers\">\n\n\t\t\t\t\t\t\t\t\t\t\t\t<span class=\"elementor-icon-list-icon\">\n\t\t\t\t\t\t\t<svg aria-hidden=\"true\" class=\"e-font-icon-svg e-fas-arrow-left\" viewBox=\"0 0 448 512\" xmlns=\"http:\/\/www.w3.org\/2000\/svg\"><path d=\"M257.5 445.1l-22.2 22.2c-9.4 9.4-24.6 9.4-33.9 0L7 273c-9.4-9.4-9.4-24.6 0-33.9L201.4 44.7c9.4-9.4 24.6-9.4 33.9 0l22.2 22.2c9.5 9.5 9.3 25-.4 34.3L136.6 216H424c13.3 0 24 10.7 24 24v32c0 13.3-10.7 24-24 24H136.6l120.5 114.8c9.8 9.3 10 24.8.4 34.3z\"><\/path><\/svg>\t\t\t\t\t\t<\/span>\n\t\t\t\t\t\t\t\t\t\t<span class=\"elementor-icon-list-text\">retour aux carri\u00e8res<\/span>\n\t\t\t\t\t\t\t\t\t\t\t<\/a>\n\t\t\t\t\t\t\t\t\t<\/li>\n\t\t\t\t\t\t<\/ul>\n\t\t\t\t\t\t<\/div>\n\t\t\t\t<\/div>\n\t\t\t\t<div class=\"elementor-element elementor-element-40210ca elementor-widget elementor-widget-heading\" data-id=\"40210ca\" data-element_type=\"widget\" data-e-type=\"widget\" data-widget_type=\"heading.default\">\n\t\t\t\t<div class=\"elementor-widget-container\">\n\t\t\t\t\t<h2 class=\"elementor-heading-title elementor-size-default\">Responsable de programme, Mod\u00e9lisation et pr\u00e9vision (Donn\u00e9es et planification)<\/h2>\t\t\t\t<\/div>\n\t\t\t\t<\/div>\n\t\t\t\t<div class=\"elementor-element elementor-element-379af32 elementor-widget-divider--view-line elementor-widget elementor-widget-divider\" data-id=\"379af32\" data-element_type=\"widget\" data-e-type=\"widget\" data-widget_type=\"divider.default\">\n\t\t\t\t<div class=\"elementor-widget-container\">\n\t\t\t\t\t\t\t<div class=\"elementor-divider\">\n\t\t\t<span class=\"elementor-divider-separator\">\n\t\t\t\t\t\t<\/span>\n\t\t<\/div>\n\t\t\t\t\t\t<\/div>\n\t\t\t\t<\/div>\n\t\t<div class=\"elementor-element elementor-element-f02e03f e-con-full e-flex e-con e-child\" data-id=\"f02e03f\" data-element_type=\"container\" data-e-type=\"container\">\n\t\t<div class=\"elementor-element elementor-element-aa9843d e-con-full e-flex e-con e-child\" data-id=\"aa9843d\" data-element_type=\"container\" data-e-type=\"container\">\n\t\t\t\t<div class=\"elementor-element elementor-element-06ea2bb elementor-widget elementor-widget-heading\" data-id=\"06ea2bb\" data-element_type=\"widget\" data-e-type=\"widget\" data-widget_type=\"heading.default\">\n\t\t\t\t<div class=\"elementor-widget-container\">\n\t\t\t\t\t<h2 class=\"elementor-heading-title elementor-size-default\">\u00c0 propos d\u2019Effectif de la sant\u00e9 Canada<\/h2>\t\t\t\t<\/div>\n\t\t\t\t<\/div>\n\t\t\t\t<div class=\"elementor-element elementor-element-5849a80 elementor-widget elementor-widget-text-editor\" data-id=\"5849a80\" data-element_type=\"widget\" data-e-type=\"widget\" data-widget_type=\"text-editor.default\">\n\t\t\t\t<div class=\"elementor-widget-container\">\n\t\t\t\t\t\t\t\t\t<p>Effectif de la sant\u00e9 Canada est un organisme sans but lucratif pancanadien vou\u00e9 \u00e0 transformer la planification de la main-d\u2019\u0153uvre en sant\u00e9 au Canada. Lanc\u00e9 \u00e0 la fin\u00a02023, l\u2019organisme a pour mandat d\u2019\u00eatre un catalyseur de la transformation du syst\u00e8me de planification du personnel de sant\u00e9 partout au pays. Pour ce faire, nous faisons progresser les donn\u00e9es et les informations sur la main-d\u2019\u0153uvre en sant\u00e9, les pr\u00e9visions et la mod\u00e9lisation, nous mettons de l\u2019avant les innovations qui fonctionnent bien dans l\u2019ensemble du pays, et nous mettons en relation les nombreuses parties prenantes de la planification au Canada et \u00e0 l\u2019\u00e9tranger afin de renforcer la collaboration et l\u2019action collective.\u00a0<\/p><p>Effectif de la sant\u00e9 Canada est un organisme ax\u00e9 sur le soutien aux responsables du syst\u00e8me de sant\u00e9 pour favoriser la conception commune de solutions de planification qui permettront d\u2019am\u00e9liorer le syst\u00e8me de demain. Ce travail comprend une <em>conf\u00e9rence sur la main-d\u2019\u0153uvre en sant\u00e9<\/em>, ainsi que des initiatives prioritaires cibl\u00e9es de planification avec des leaders de tout le Canada et du syst\u00e8me de sant\u00e9.<\/p>\t\t\t\t\t\t\t\t<\/div>\n\t\t\t\t<\/div>\n\t\t\t\t<div class=\"elementor-element elementor-element-3facd6a elementor-widget elementor-widget-heading\" data-id=\"3facd6a\" data-element_type=\"widget\" data-e-type=\"widget\" data-widget_type=\"heading.default\">\n\t\t\t\t<div class=\"elementor-widget-container\">\n\t\t\t\t\t<h2 class=\"elementor-heading-title elementor-size-default\">R\u00e9sum\u00e9 de l\u2019emploi<\/h2>\t\t\t\t<\/div>\n\t\t\t\t<\/div>\n\t\t\t\t<div class=\"elementor-element elementor-element-e78999f elementor-widget elementor-widget-text-editor\" data-id=\"e78999f\" data-element_type=\"widget\" data-e-type=\"widget\" data-widget_type=\"text-editor.default\">\n\t\t\t\t<div class=\"elementor-widget-container\">\n\t\t\t\t\t\t\t\t\t<p>Relevant de la directrice, Donn\u00e9es et planification, la ou le responsable de programme fera partie de la division Donn\u00e9es et planification et devra faire progresser le pilier de mod\u00e9lisation et de pr\u00e9vision du plan strat\u00e9gique d\u2019Effectif de la sant\u00e9 Canada. Pour cela, la personne choisie devra s\u2019occuper d\u2019un groupe consultatif de mod\u00e9lisation, qui guide les efforts de mod\u00e9lisation et de pr\u00e9vision d\u2019Effectif de la sant\u00e9 Canada, notamment par le biais du d\u00e9veloppement, de l\u2019entretien et de l\u2019am\u00e9lioration des mod\u00e8les pr\u00e9dictifs, de la planification de sc\u00e9narios pour la main-d\u2019\u0153uvre en sant\u00e9, ainsi que d\u2019analyses et de rapports sur les principales questions de mod\u00e9lisation. Elle devra aussi \u00e9tablir et maintenir une communaut\u00e9 de pratique en mati\u00e8re de mod\u00e9lisation publique, entre autres t\u00e2ches prioritaires.\u00a0<\/p>\t\t\t\t\t\t\t\t<\/div>\n\t\t\t\t<\/div>\n\t\t\t\t<div class=\"elementor-element elementor-element-acfb2d2 elementor-widget elementor-widget-heading\" data-id=\"acfb2d2\" data-element_type=\"widget\" data-e-type=\"widget\" data-widget_type=\"heading.default\">\n\t\t\t\t<div class=\"elementor-widget-container\">\n\t\t\t\t\t<h2 class=\"elementor-heading-title elementor-size-default\">Fonctions et responsabilit\u00e9s<\/h2>\t\t\t\t<\/div>\n\t\t\t\t<\/div>\n\t\t\t\t<div class=\"elementor-element elementor-element-fa475f3 elementor-widget elementor-widget-text-editor\" data-id=\"fa475f3\" data-element_type=\"widget\" data-e-type=\"widget\" data-widget_type=\"text-editor.default\">\n\t\t\t\t<div class=\"elementor-widget-container\">\n\t\t\t\t\t\t\t\t\t<ol><li>Diriger et soutenir la planification et la r\u00e9alisation de projets visant \u00e0 appuyer les initiatives strat\u00e9giques en mati\u00e8re de main-d\u2019\u0153uvre en sant\u00e9.<\/li><li>Consulter et solliciter les clients et les partenaires, dont des groupes consultatifs, afin de faire progresser la mod\u00e9lisation et la pr\u00e9vision de la main-d\u2019\u0153uvre en sant\u00e9, la planification de sc\u00e9narios et les ressources d\u2019information pertinentes.<\/li><li>Diriger la d\u00e9finition, l\u2019\u00e9laboration et la mise en \u0153uvre d\u2019outils permettant l\u2019application des connaissances, notamment\u00a0: des r\u00e9unions virtuelles ou en personne, des webinaires, des notes d\u2019information, des rapports, des pr\u00e9sentations PowerPoint, des articles et des billets de blogue.<\/li><li>Diriger la recherche, l\u2019analyse de l\u2019environnement et la consultation interne et externe sur les sujets \u00e9mergents.\u00a0<\/li><li>Planifier et diriger le d\u00e9veloppement des communications avec les parties prenantes, b\u00e2tir de nouvelles relations et cultiver celles d\u00e9j\u00e0 cr\u00e9\u00e9es avec les principaux groupes de parties prenantes internes et externes. Le but est d\u2019assurer la coordination et la collaboration dans le cadre des orientations strat\u00e9giques d\u2019Effectif de la sant\u00e9 Canada,\u00a0par exemple, en \u00e9tablissant et en maintenant une communaut\u00e9 de pratique publique pour la mod\u00e9lisation.<\/li><li>Faciliter la collaboration avec d\u2019autres \u00e9quipes d\u2019Effectif de la sant\u00e9 Canada en organisant des r\u00e9unions, ou en y participant, pour soutenir les initiatives de l\u2019organisme qui sont conformes \u00e0 son plan strat\u00e9gique.\u00a0<\/li><li>Suivre l\u2019\u00e9volution des paysages des sciences de l\u2019information en sant\u00e9, de la sant\u00e9 num\u00e9rique, des possibilit\u00e9s li\u00e9es \u00e0 l\u2019IA et de la main-d\u2019\u0153uvre en sant\u00e9 afin de cerner les nouveaux enjeux et les nouveaux d\u00e9bouch\u00e9s.<\/li><li>Diriger l\u2019\u00e9laboration des plans de travail, y compris la planification des ressources, l\u2019\u00e9tablissement des calendriers de projets et de produits et la production de rapports (notamment sur des mesures num\u00e9riques). Fournir p\u00e9riodiquement des rapports d\u2019avancement \u00e0 la superviseure ou au superviseur hi\u00e9rarchique.\u00a0<\/li><li>Superviser une petite \u00e9quipe, l\u2019encadrer, lui donner de la r\u00e9troaction et la former. G\u00e9rer le rendement de son \u00e9quipe une fois par an et l\u2019accompagner tout au long de l\u2019ann\u00e9e.<\/li><li>Compter parmi les membres d\u2019une \u00e9quipe matricielle active dans l\u2019ensemble de l\u2019organisme afin d\u2019offrir du soutien dans d\u2019autres domaines \u00e0 la division des donn\u00e9es et de la planification. Pour ce faire, il faudra assurer une strat\u00e9gie de donn\u00e9es, cr\u00e9er des tableaux de bord, int\u00e9grer l\u2019IA et d\u2019autres technologies, faire des ateliers de renforcement des capacit\u00e9s en mati\u00e8re de planification de la main-d\u2019\u0153uvre en sant\u00e9 et soutenir la division Partenariats et initiatives prioritaires.<\/li><li>Contribuer \u00e0 la promotion d\u2019Effectif de la sant\u00e9 Canada en participant \u00e0 des comit\u00e9s externes et \u00e0 des pr\u00e9sentations ou en assistant \u00e0 des conf\u00e9rences et \u00e0 d\u2019autres activit\u00e9s, le cas \u00e9ch\u00e9ant.\u00a0<\/li><\/ol>\t\t\t\t\t\t\t\t<\/div>\n\t\t\t\t<\/div>\n\t\t\t\t<div class=\"elementor-element elementor-element-86ba41c elementor-widget elementor-widget-heading\" data-id=\"86ba41c\" data-element_type=\"widget\" data-e-type=\"widget\" data-widget_type=\"heading.default\">\n\t\t\t\t<div class=\"elementor-widget-container\">\n\t\t\t\t\t<h2 class=\"elementor-heading-title elementor-size-default\">Connaissances et exp\u00e9rience<\/h2>\t\t\t\t<\/div>\n\t\t\t\t<\/div>\n\t\t\t\t<div class=\"elementor-element elementor-element-9c2149f elementor-widget elementor-widget-text-editor\" data-id=\"9c2149f\" data-element_type=\"widget\" data-e-type=\"widget\" data-widget_type=\"text-editor.default\">\n\t\t\t\t<div class=\"elementor-widget-container\">\n\t\t\t\t\t\t\t\t\t<ul><li>Ma\u00eetrise en \u00e9pid\u00e9miologie, en biostatistique, en \u00e9conomie, en math\u00e9matiques ou en statistiques, ou une combinaison \u00e9quivalente d\u2019exp\u00e9rience et de scolarit\u00e9.\u00a0<\/li><li>De 3 \u00e0 5\u00a0ans d\u2019exp\u00e9rience en mod\u00e9lisation pr\u00e9dictive et en planification dans le domaine de la sant\u00e9. Une exp\u00e9rience de mod\u00e9lisation de la main-d\u2019\u0153uvre en sant\u00e9 est un atout.<\/li><li>Ma\u00eetrise de la manipulation de donn\u00e9es et de logiciels statistiques libres, tels que R, Python ou d\u2019autres logiciels statistiques (essentielle).<\/li><li>De 3 \u00e0 5\u00a0ans d\u2019exp\u00e9rience de travail avec des donn\u00e9es administratives sur la sant\u00e9 ou d\u2019autres m\u00e9gadonn\u00e9es, connaissance des donn\u00e9es et des analyses sur la main-d\u2019\u0153uvre en sant\u00e9.<\/li><li>Exp\u00e9rience de supervision avec une solide feuille de route en mati\u00e8re de mobilisation d\u2019\u00e9quipes et de gestion de projets ou de produits.<\/li><li>Connaissance des questions relatives \u00e0 la main-d\u2019\u0153uvre en sant\u00e9 et du syst\u00e8me de soins de sant\u00e9 canadien, ainsi qu\u2019une bonne connaissance de l\u2019information sur la sant\u00e9 et de son utilisation \u00e0 des fins d\u2019\u00e9laboration, de planification, de gestion et d\u2019\u00e9valuation des politiques.<\/li><li>Connaissance approfondie des sources de donn\u00e9es administratives sur la sant\u00e9 au Canada.<\/li><li>Exp\u00e9rience de la mobilisation des parties prenantes, de l\u2019assistance aux clients ainsi que de la planification et de la mise en \u0153uvre des communications dans le secteur de la sant\u00e9.<\/li><li>Excellentes aptitudes en communication orale et \u00e9crite, en relations interpersonnelles ainsi qu\u2019en animation et en pr\u00e9sentation.<\/li><li>Exp\u00e9rience de la gestion de plusieurs projets complexes. Grand sens de l\u2019organisation, aptitudes pour la gestion du temps et minutie av\u00e9r\u00e9e.<\/li><li>Aptitude \u00e0 diriger une \u00e9quipe matricielle et \u00e0 y prendre part.<\/li><li>Bonne ma\u00eetrise de la suite Microsoft Office.<\/li><li>Capacit\u00e9 d\u2019effectuer les d\u00e9placements requis.<\/li><li>Ma\u00eetrise de l\u2019anglais (exigence), bilinguisme dans les deux langues officielles (atout).<\/li><\/ul>\t\t\t\t\t\t\t\t<\/div>\n\t\t\t\t<\/div>\n\t\t\t\t<div class=\"elementor-element elementor-element-f2321db elementor-align-left elementor-widget elementor-widget-button\" data-id=\"f2321db\" data-element_type=\"widget\" data-e-type=\"widget\" data-widget_type=\"button.default\">\n\t\t\t\t<div class=\"elementor-widget-container\">\n\t\t\t\t\t\t\t\t\t<div class=\"elementor-button-wrapper\">\n\t\t\t\t\t<a class=\"elementor-button elementor-button-link elementor-size-sm\" href=\"https:\/\/careers.risepeople.com\/health-workforce-canada\/en\/15608_responsable-de-programme,-mod%C3%A9lisation-et-pr%C3%A9vision\" target=\"_blank\">\n\t\t\t\t\t\t<span class=\"elementor-button-content-wrapper\">\n\t\t\t\t\t\t<span class=\"elementor-button-icon\">\n\t\t\t\t<svg aria-hidden=\"true\" class=\"e-font-icon-svg e-fas-external-link-alt\" viewBox=\"0 0 512 512\" xmlns=\"http:\/\/www.w3.org\/2000\/svg\"><path d=\"M432,320H400a16,16,0,0,0-16,16V448H64V128H208a16,16,0,0,0,16-16V80a16,16,0,0,0-16-16H48A48,48,0,0,0,0,112V464a48,48,0,0,0,48,48H400a48,48,0,0,0,48-48V336A16,16,0,0,0,432,320ZM488,0h-128c-21.37,0-32.05,25.91-17,41l35.73,35.73L135,320.37a24,24,0,0,0,0,34L157.67,377a24,24,0,0,0,34,0L435.28,133.32,471,169c15,15,41,4.5,41-17V24A24,24,0,0,0,488,0Z\"><\/path><\/svg>\t\t\t<\/span>\n\t\t\t\t\t\t\t\t\t<span class=\"elementor-button-text\">Postulez ici<\/span>\n\t\t\t\t\t<\/span>\n\t\t\t\t\t<\/a>\n\t\t\t\t<\/div>\n\t\t\t\t\t\t\t\t<\/div>\n\t\t\t\t<\/div>\n\t\t\t\t<div class=\"elementor-element elementor-element-b2f85d3 elementor-widget elementor-widget-text-editor\" data-id=\"b2f85d3\" data-element_type=\"widget\" data-e-type=\"widget\" data-widget_type=\"text-editor.default\">\n\t\t\t\t<div class=\"elementor-widget-container\">\n\t\t\t\t\t\t\t\t\t<p>Effectif de la Sant\u00e9 Canada n\u2019utilise pas d\u2019outils d\u2019intelligence artificielle (IA) dans le cadre de son processus de s\u00e9lection des candidats. Toutes les candidatures sont examin\u00e9es par nos \u00e9quipes de recrutement afin d\u2019assurer une \u00e9valuation juste et approfondie.<\/p>\t\t\t\t\t\t\t\t<\/div>\n\t\t\t\t<\/div>\n\t\t\t\t<\/div>\n\t\t<div class=\"elementor-element elementor-element-5cae5bb e-con-full e-flex e-con e-child\" data-id=\"5cae5bb\" data-element_type=\"container\" data-e-type=\"container\">\n\t\t<div class=\"elementor-element elementor-element-c541e63 e-con-full e-flex e-con e-child\" data-id=\"c541e63\" data-element_type=\"container\" data-e-type=\"container\" data-settings=\"{&quot;background_background&quot;:&quot;classic&quot;}\">\n\t\t\t\t<div class=\"elementor-element elementor-element-c8c71f3 elementor-widget elementor-widget-heading\" data-id=\"c8c71f3\" data-element_type=\"widget\" data-e-type=\"widget\" data-widget_type=\"heading.default\">\n\t\t\t\t<div class=\"elementor-widget-container\">\n\t\t\t\t\t<h2 class=\"elementor-heading-title elementor-size-default\">Lieu :<\/h2>\t\t\t\t<\/div>\n\t\t\t\t<\/div>\n\t\t\t\t<div class=\"elementor-element elementor-element-801c9d0 elementor-widget elementor-widget-text-editor\" data-id=\"801c9d0\" data-element_type=\"widget\" data-e-type=\"widget\" data-widget_type=\"text-editor.default\">\n\t\t\t\t<div class=\"elementor-widget-container\">\n\t\t\t\t\t\t\t\t\t<p>Occasion d\u2019emploi virtuel comportant des r\u00e9unions d\u2019\u00e9quipe en personne jusqu\u2019\u00e0 trois fois par an, d\u2019une dur\u00e9e de trois jours cons\u00e9cutifs tout au plus.<\/p>\t\t\t\t\t\t\t\t<\/div>\n\t\t\t\t<\/div>\n\t\t\t\t<div class=\"elementor-element elementor-element-df90c5b elementor-widget elementor-widget-heading\" data-id=\"df90c5b\" data-element_type=\"widget\" data-e-type=\"widget\" data-widget_type=\"heading.default\">\n\t\t\t\t<div class=\"elementor-widget-container\">\n\t\t\t\t\t<h2 class=\"elementor-heading-title elementor-size-default\">\u00c9chelon de r\u00e9mun\u00e9ration :<\/h2>\t\t\t\t<\/div>\n\t\t\t\t<\/div>\n\t\t\t\t<div class=\"elementor-element elementor-element-d6263e8 elementor-widget elementor-widget-text-editor\" data-id=\"d6263e8\" data-element_type=\"widget\" data-e-type=\"widget\" data-widget_type=\"text-editor.default\">\n\t\t\t\t<div class=\"elementor-widget-container\">\n\t\t\t\t\t\t\t\t\t<p>Niveau 4 (minimum $93,500)<\/p>\t\t\t\t\t\t\t\t<\/div>\n\t\t\t\t<\/div>\n\t\t\t\t<div class=\"elementor-element elementor-element-b6a0338 elementor-widget elementor-widget-heading\" data-id=\"b6a0338\" data-element_type=\"widget\" data-e-type=\"widget\" data-widget_type=\"heading.default\">\n\t\t\t\t<div class=\"elementor-widget-container\">\n\t\t\t\t\t<h2 class=\"elementor-heading-title elementor-size-default\">Sup\u00e9rieure ou sup\u00e9rieur hi\u00e9rarchique :<\/h2>\t\t\t\t<\/div>\n\t\t\t\t<\/div>\n\t\t\t\t<div class=\"elementor-element elementor-element-d1ad41e elementor-widget elementor-widget-text-editor\" data-id=\"d1ad41e\" data-element_type=\"widget\" data-e-type=\"widget\" data-widget_type=\"text-editor.default\">\n\t\t\t\t<div class=\"elementor-widget-container\">\n\t\t\t\t\t\t\t\t\t<p>Directrice, Donn\u00e9es et planification<\/p>\t\t\t\t\t\t\t\t<\/div>\n\t\t\t\t<\/div>\n\t\t\t\t<div class=\"elementor-element elementor-element-5e88147 elementor-widget elementor-widget-heading\" data-id=\"5e88147\" data-element_type=\"widget\" data-e-type=\"widget\" data-widget_type=\"heading.default\">\n\t\t\t\t<div class=\"elementor-widget-container\">\n\t\t\t\t\t<h2 class=\"elementor-heading-title elementor-size-default\">Type d'emploi :<\/h2>\t\t\t\t<\/div>\n\t\t\t\t<\/div>\n\t\t\t\t<div class=\"elementor-element elementor-element-78ac21b elementor-widget elementor-widget-text-editor\" data-id=\"78ac21b\" data-element_type=\"widget\" data-e-type=\"widget\" data-widget_type=\"text-editor.default\">\n\t\t\t\t<div class=\"elementor-widget-container\">\n\t\t\t\t\t\t\t\t\t<p>Emploi \u00e0 temps plein<\/p>\t\t\t\t\t\t\t\t<\/div>\n\t\t\t\t<\/div>\n\t\t\t\t<div class=\"elementor-element elementor-element-1b8d2ff elementor-widget elementor-widget-heading\" data-id=\"1b8d2ff\" data-element_type=\"widget\" data-e-type=\"widget\" data-widget_type=\"heading.default\">\n\t\t\t\t<div class=\"elementor-widget-container\">\n\t\t\t\t\t<h2 class=\"elementor-heading-title elementor-size-default\">Date de cl\u00f4ture :\n<\/h2>\t\t\t\t<\/div>\n\t\t\t\t<\/div>\n\t\t\t\t<div class=\"elementor-element elementor-element-82c8c9b elementor-widget elementor-widget-text-editor\" data-id=\"82c8c9b\" data-element_type=\"widget\" data-e-type=\"widget\" data-widget_type=\"text-editor.default\">\n\t\t\t\t<div class=\"elementor-widget-container\">\n\t\t\t\t\t\t\t\t\t<p>20 avril 2026<\/p>\t\t\t\t\t\t\t\t<\/div>\n\t\t\t\t<\/div>\n\t\t\t\t<div class=\"elementor-element elementor-element-9473a9b elementor-position-inline-start elementor-view-default elementor-mobile-position-block-start elementor-widget elementor-widget-icon-box\" data-id=\"9473a9b\" data-element_type=\"widget\" data-e-type=\"widget\" data-widget_type=\"icon-box.default\">\n\t\t\t\t<div class=\"elementor-widget-container\">\n\t\t\t\t\t\t\t<div class=\"elementor-icon-box-wrapper\">\n\n\t\t\t\t\t\t<div class=\"elementor-icon-box-icon\">\n\t\t\t\t<a href=\"https:\/\/careers.risepeople.com\/health-workforce-canada\/en\/15608_responsable-de-programme,-mod%C3%A9lisation-et-pr%C3%A9vision\" target=\"_blank\" class=\"elementor-icon\" tabindex=\"-1\">\n\t\t\t\t<svg aria-hidden=\"true\" class=\"e-font-icon-svg e-fas-external-link-alt\" viewBox=\"0 0 512 512\" xmlns=\"http:\/\/www.w3.org\/2000\/svg\"><path d=\"M432,320H400a16,16,0,0,0-16,16V448H64V128H208a16,16,0,0,0,16-16V80a16,16,0,0,0-16-16H48A48,48,0,0,0,0,112V464a48,48,0,0,0,48,48H400a48,48,0,0,0,48-48V336A16,16,0,0,0,432,320ZM488,0h-128c-21.37,0-32.05,25.91-17,41l35.73,35.73L135,320.37a24,24,0,0,0,0,34L157.67,377a24,24,0,0,0,34,0L435.28,133.32,471,169c15,15,41,4.5,41-17V24A24,24,0,0,0,488,0Z\"><\/path><\/svg>\t\t\t\t<\/a>\n\t\t\t<\/div>\n\t\t\t\n\t\t\t\t\t\t<div class=\"elementor-icon-box-content\">\n\n\t\t\t\t\n\t\t\t\t\t\t\t\t\t<p class=\"elementor-icon-box-description\">\n\t\t\t\t\t\t<a href=\"https:\/\/careers.risepeople.com\/health-workforce-canada\/en\/15608_responsable-de-programme,-mod%C3%A9lisation-et-pr%C3%A9vision\" target=\"_blank\">Postulez ici<\/a>\t\t\t\t\t<\/p>\n\t\t\t\t\n\t\t\t<\/div>\n\t\t\t\n\t\t<\/div>\n\t\t\t\t\t\t<\/div>\n\t\t\t\t<\/div>\n\t\t\t\t<\/div>\n\t\t\t\t<\/div>\n\t\t\t\t<\/div>\n\t\t\t\t<\/div>\n\t\t\t\t\t<\/div>\n\t\t\t\t<\/div>\n\t\t\t\t<\/div>\n\t\t","protected":false},"featured_media":0,"parent":0,"template":"","meta":{"_acf_changed":false},"career-posting-status":[6],"class_list":["post-3071","career","type-career","status-publish","hentry","career-posting-status-completed"],"acf":[],"yoast_head":"<!-- This site is optimized with the Yoast SEO plugin v27.2 - https:\/\/yoast.com\/product\/yoast-seo-wordpress\/ -->\n<title>Responsable de programme, Mod\u00e9lisation et pr\u00e9vision (Donn\u00e9es et planification) - Health Workforce Canada<\/title>\n<meta name=\"robots\" content=\"noindex, follow\" \/>\n<meta property=\"og:locale\" content=\"fr_FR\" \/>\n<meta property=\"og:type\" content=\"article\" \/>\n<meta property=\"og:title\" content=\"Responsable de programme, Mod\u00e9lisation et pr\u00e9vision (Donn\u00e9es et planification) - Health Workforce Canada\" \/>\n<meta property=\"og:description\" content=\"retour aux carri\u00e8res \u00c0 propos d\u2019Effectif de la sant\u00e9 Canada Effectif de la sant\u00e9 Canada est un organisme sans but lucratif pancanadien vou\u00e9 \u00e0 transformer la planification de la main-d\u2019\u0153uvre en sant\u00e9 au Canada. Lanc\u00e9 \u00e0 la fin\u00a02023, l\u2019organisme a pour mandat d\u2019\u00eatre un catalyseur de la transformation du syst\u00e8me de planification du personnel de [&hellip;]\" \/>\n<meta property=\"og:url\" content=\"https:\/\/healthworkforce.ca\/fr\/carriere\/program-lead-modelling-and-forecasting-data-and-planning\/\" \/>\n<meta property=\"og:site_name\" content=\"Health Workforce Canada\" \/>\n<meta property=\"article:modified_time\" content=\"2026-04-28T13:36:30+00:00\" \/>\n<meta name=\"twitter:card\" content=\"summary_large_image\" \/>\n<meta name=\"twitter:label1\" content=\"Dur\u00e9e de lecture estim\u00e9e\" \/>\n\t<meta name=\"twitter:data1\" content=\"5 minutes\" \/>\n<script type=\"application\/ld+json\" class=\"yoast-schema-graph\">{\"@context\":\"https:\/\/schema.org\",\"@graph\":[{\"@type\":\"WebPage\",\"@id\":\"https:\/\/healthworkforce.ca\/fr\/carriere\/program-lead-modelling-and-forecasting-data-and-planning\/\",\"url\":\"https:\/\/healthworkforce.ca\/fr\/carriere\/program-lead-modelling-and-forecasting-data-and-planning\/\",\"name\":\"Responsable de programme, Mod\u00e9lisation et pr\u00e9vision (Donn\u00e9es et planification) - Health Workforce Canada\",\"isPartOf\":{\"@id\":\"https:\/\/healthworkforce.ca\/fr\/#website\"},\"datePublished\":\"2026-04-07T13:44:53+00:00\",\"dateModified\":\"2026-04-28T13:36:30+00:00\",\"breadcrumb\":{\"@id\":\"https:\/\/healthworkforce.ca\/fr\/carriere\/program-lead-modelling-and-forecasting-data-and-planning\/#breadcrumb\"},\"inLanguage\":\"fr-FR\",\"potentialAction\":[{\"@type\":\"ReadAction\",\"target\":[\"https:\/\/healthworkforce.ca\/fr\/carriere\/program-lead-modelling-and-forecasting-data-and-planning\/\"]}]},{\"@type\":\"BreadcrumbList\",\"@id\":\"https:\/\/healthworkforce.ca\/fr\/carriere\/program-lead-modelling-and-forecasting-data-and-planning\/#breadcrumb\",\"itemListElement\":[]},{\"@type\":\"WebSite\",\"@id\":\"https:\/\/healthworkforce.ca\/fr\/#website\",\"url\":\"https:\/\/healthworkforce.ca\/fr\/\",\"name\":\"Health Workforce Canada\",\"description\":\"\",\"publisher\":{\"@id\":\"https:\/\/healthworkforce.ca\/fr\/#organization\"},\"potentialAction\":[{\"@type\":\"SearchAction\",\"target\":{\"@type\":\"EntryPoint\",\"urlTemplate\":\"https:\/\/healthworkforce.ca\/fr\/?s={search_term_string}\"},\"query-input\":{\"@type\":\"PropertyValueSpecification\",\"valueRequired\":true,\"valueName\":\"search_term_string\"}}],\"inLanguage\":\"fr-FR\"},{\"@type\":\"Organization\",\"@id\":\"https:\/\/healthworkforce.ca\/fr\/#organization\",\"name\":\"Health Workforce Canada\",\"alternateName\":\"HWC\",\"url\":\"https:\/\/healthworkforce.ca\/fr\/\",\"logo\":{\"@type\":\"ImageObject\",\"inLanguage\":\"fr-FR\",\"@id\":\"https:\/\/healthworkforce.ca\/fr\/#\/schema\/logo\/image\/\",\"url\":\"https:\/\/healthworkforce.ca\/wp-content\/uploads\/2024\/06\/HWC-logo.svg\",\"contentUrl\":\"https:\/\/healthworkforce.ca\/wp-content\/uploads\/2024\/06\/HWC-logo.svg\",\"width\":1871,\"height\":344,\"caption\":\"Health Workforce Canada\"},\"image\":{\"@id\":\"https:\/\/healthworkforce.ca\/fr\/#\/schema\/logo\/image\/\"},\"sameAs\":[\"https:\/\/www.linkedin.com\/company\/health-workforce-canada\/\"]}]}<\/script>\n<!-- \/ Yoast SEO plugin. -->","yoast_head_json":{"title":"Responsable de programme, Mod\u00e9lisation et pr\u00e9vision (Donn\u00e9es et planification) - Health Workforce Canada","robots":{"index":"noindex","follow":"follow"},"og_locale":"fr_FR","og_type":"article","og_title":"Responsable de programme, Mod\u00e9lisation et pr\u00e9vision (Donn\u00e9es et planification) - Health Workforce Canada","og_description":"retour aux carri\u00e8res \u00c0 propos d\u2019Effectif de la sant\u00e9 Canada Effectif de la sant\u00e9 Canada est un organisme sans but lucratif pancanadien vou\u00e9 \u00e0 transformer la planification de la main-d\u2019\u0153uvre en sant\u00e9 au Canada. Lanc\u00e9 \u00e0 la fin\u00a02023, l\u2019organisme a pour mandat d\u2019\u00eatre un catalyseur de la transformation du syst\u00e8me de planification du personnel de [&hellip;]","og_url":"https:\/\/healthworkforce.ca\/fr\/carriere\/program-lead-modelling-and-forecasting-data-and-planning\/","og_site_name":"Health Workforce Canada","article_modified_time":"2026-04-28T13:36:30+00:00","twitter_card":"summary_large_image","twitter_misc":{"Dur\u00e9e de lecture estim\u00e9e":"5 minutes"},"schema":{"@context":"https:\/\/schema.org","@graph":[{"@type":"WebPage","@id":"https:\/\/healthworkforce.ca\/fr\/carriere\/program-lead-modelling-and-forecasting-data-and-planning\/","url":"https:\/\/healthworkforce.ca\/fr\/carriere\/program-lead-modelling-and-forecasting-data-and-planning\/","name":"Responsable de programme, Mod\u00e9lisation et pr\u00e9vision (Donn\u00e9es et planification) - Health Workforce Canada","isPartOf":{"@id":"https:\/\/healthworkforce.ca\/fr\/#website"},"datePublished":"2026-04-07T13:44:53+00:00","dateModified":"2026-04-28T13:36:30+00:00","breadcrumb":{"@id":"https:\/\/healthworkforce.ca\/fr\/carriere\/program-lead-modelling-and-forecasting-data-and-planning\/#breadcrumb"},"inLanguage":"fr-FR","potentialAction":[{"@type":"ReadAction","target":["https:\/\/healthworkforce.ca\/fr\/carriere\/program-lead-modelling-and-forecasting-data-and-planning\/"]}]},{"@type":"BreadcrumbList","@id":"https:\/\/healthworkforce.ca\/fr\/carriere\/program-lead-modelling-and-forecasting-data-and-planning\/#breadcrumb","itemListElement":[]},{"@type":"WebSite","@id":"https:\/\/healthworkforce.ca\/fr\/#website","url":"https:\/\/healthworkforce.ca\/fr\/","name":"Health Workforce Canada","description":"","publisher":{"@id":"https:\/\/healthworkforce.ca\/fr\/#organization"},"potentialAction":[{"@type":"SearchAction","target":{"@type":"EntryPoint","urlTemplate":"https:\/\/healthworkforce.ca\/fr\/?s={search_term_string}"},"query-input":{"@type":"PropertyValueSpecification","valueRequired":true,"valueName":"search_term_string"}}],"inLanguage":"fr-FR"},{"@type":"Organization","@id":"https:\/\/healthworkforce.ca\/fr\/#organization","name":"Health Workforce Canada","alternateName":"HWC","url":"https:\/\/healthworkforce.ca\/fr\/","logo":{"@type":"ImageObject","inLanguage":"fr-FR","@id":"https:\/\/healthworkforce.ca\/fr\/#\/schema\/logo\/image\/","url":"https:\/\/healthworkforce.ca\/wp-content\/uploads\/2024\/06\/HWC-logo.svg","contentUrl":"https:\/\/healthworkforce.ca\/wp-content\/uploads\/2024\/06\/HWC-logo.svg","width":1871,"height":344,"caption":"Health Workforce Canada"},"image":{"@id":"https:\/\/healthworkforce.ca\/fr\/#\/schema\/logo\/image\/"},"sameAs":["https:\/\/www.linkedin.com\/company\/health-workforce-canada\/"]}]}},"_links":{"self":[{"href":"https:\/\/healthworkforce.ca\/fr\/wp-json\/wp\/v2\/career\/3071","targetHints":{"allow":["GET"]}}],"collection":[{"href":"https:\/\/healthworkforce.ca\/fr\/wp-json\/wp\/v2\/career"}],"about":[{"href":"https:\/\/healthworkforce.ca\/fr\/wp-json\/wp\/v2\/types\/career"}],"version-history":[{"count":1,"href":"https:\/\/healthworkforce.ca\/fr\/wp-json\/wp\/v2\/career\/3071\/revisions"}],"predecessor-version":[{"id":3151,"href":"https:\/\/healthworkforce.ca\/fr\/wp-json\/wp\/v2\/career\/3071\/revisions\/3151"}],"wp:attachment":[{"href":"https:\/\/healthworkforce.ca\/fr\/wp-json\/wp\/v2\/media?parent=3071"}],"wp:term":[{"taxonomy":"career-posting-status","embeddable":true,"href":"https:\/\/healthworkforce.ca\/fr\/wp-json\/wp\/v2\/career-posting-status?post=3071"}],"curies":[{"name":"wp","href":"https:\/\/api.w.org\/{rel}","templated":true}]}}