{"id":2732,"date":"2026-01-27T14:02:56","date_gmt":"2026-01-27T14:02:56","guid":{"rendered":"https:\/\/healthworkforce.ca\/?post_type=career&#038;p=2732"},"modified":"2026-02-26T15:40:39","modified_gmt":"2026-02-26T15:40:39","slug":"specialiste-de-programme-partenariats-et-initiatives-prioritaires","status":"publish","type":"career","link":"https:\/\/healthworkforce.ca\/fr\/carriere\/specialiste-de-programme-partenariats-et-initiatives-prioritaires\/","title":{"rendered":"Sp\u00e9cialiste de programme, Partenariats et initiatives prioritaires"},"content":{"rendered":"\t\t<div data-elementor-type=\"wp-post\" data-elementor-id=\"2732\" class=\"elementor elementor-2732 elementor-2729\" data-elementor-post-type=\"career\">\n\t\t\t\t<div class=\"elementor-element elementor-element-513414d e-flex e-con-boxed e-con e-parent\" data-id=\"513414d\" data-element_type=\"container\" data-e-type=\"container\">\n\t\t\t\t\t<div class=\"e-con-inner\">\n\t\t<div class=\"elementor-element elementor-element-91be231 e-con-full e-flex e-con e-child\" data-id=\"91be231\" data-element_type=\"container\" data-e-type=\"container\">\n\t\t\t\t<div class=\"elementor-element elementor-element-7a4c696 elementor-icon-list--layout-traditional elementor-list-item-link-full_width elementor-widget elementor-widget-icon-list\" data-id=\"7a4c696\" data-element_type=\"widget\" data-e-type=\"widget\" data-widget_type=\"icon-list.default\">\n\t\t\t\t<div class=\"elementor-widget-container\">\n\t\t\t\t\t\t\t<ul class=\"elementor-icon-list-items\">\n\t\t\t\t\t\t\t<li class=\"elementor-icon-list-item\">\n\t\t\t\t\t\t\t\t\t\t\t<a href=\"\/fr\/careers\">\n\n\t\t\t\t\t\t\t\t\t\t\t\t<span class=\"elementor-icon-list-icon\">\n\t\t\t\t\t\t\t<svg aria-hidden=\"true\" class=\"e-font-icon-svg e-fas-arrow-left\" viewBox=\"0 0 448 512\" xmlns=\"http:\/\/www.w3.org\/2000\/svg\"><path d=\"M257.5 445.1l-22.2 22.2c-9.4 9.4-24.6 9.4-33.9 0L7 273c-9.4-9.4-9.4-24.6 0-33.9L201.4 44.7c9.4-9.4 24.6-9.4 33.9 0l22.2 22.2c9.5 9.5 9.3 25-.4 34.3L136.6 216H424c13.3 0 24 10.7 24 24v32c0 13.3-10.7 24-24 24H136.6l120.5 114.8c9.8 9.3 10 24.8.4 34.3z\"><\/path><\/svg>\t\t\t\t\t\t<\/span>\n\t\t\t\t\t\t\t\t\t\t<span class=\"elementor-icon-list-text\">Retour aux carri\u00e8res<\/span>\n\t\t\t\t\t\t\t\t\t\t\t<\/a>\n\t\t\t\t\t\t\t\t\t<\/li>\n\t\t\t\t\t\t<\/ul>\n\t\t\t\t\t\t<\/div>\n\t\t\t\t<\/div>\n\t\t\t\t<div class=\"elementor-element elementor-element-854f6cb elementor-widget elementor-widget-heading\" data-id=\"854f6cb\" data-element_type=\"widget\" data-e-type=\"widget\" data-widget_type=\"heading.default\">\n\t\t\t\t<div class=\"elementor-widget-container\">\n\t\t\t\t\t<h2 class=\"elementor-heading-title elementor-size-default\">Sp\u00e9cialiste de programme, Partenariats et initiatives prioritaires<\/h2>\t\t\t\t<\/div>\n\t\t\t\t<\/div>\n\t\t\t\t<div class=\"elementor-element elementor-element-ae0c42c elementor-widget-divider--view-line elementor-widget elementor-widget-divider\" data-id=\"ae0c42c\" data-element_type=\"widget\" data-e-type=\"widget\" data-widget_type=\"divider.default\">\n\t\t\t\t<div class=\"elementor-widget-container\">\n\t\t\t\t\t\t\t<div class=\"elementor-divider\">\n\t\t\t<span class=\"elementor-divider-separator\">\n\t\t\t\t\t\t<\/span>\n\t\t<\/div>\n\t\t\t\t\t\t<\/div>\n\t\t\t\t<\/div>\n\t\t<div class=\"elementor-element elementor-element-c37f623 e-con-full e-flex e-con e-child\" data-id=\"c37f623\" data-element_type=\"container\" data-e-type=\"container\">\n\t\t<div class=\"elementor-element elementor-element-da73954 e-con-full e-flex e-con e-child\" data-id=\"da73954\" data-element_type=\"container\" data-e-type=\"container\">\n\t\t\t\t<div class=\"elementor-element elementor-element-7dd50db elementor-widget elementor-widget-heading\" data-id=\"7dd50db\" data-element_type=\"widget\" data-e-type=\"widget\" data-widget_type=\"heading.default\">\n\t\t\t\t<div class=\"elementor-widget-container\">\n\t\t\t\t\t<h2 class=\"elementor-heading-title elementor-size-default\">\u00c0 propos de nous<\/h2>\t\t\t\t<\/div>\n\t\t\t\t<\/div>\n\t\t\t\t<div class=\"elementor-element elementor-element-f757f75 elementor-widget elementor-widget-text-editor\" data-id=\"f757f75\" data-element_type=\"widget\" data-e-type=\"widget\" data-widget_type=\"text-editor.default\">\n\t\t\t\t<div class=\"elementor-widget-container\">\n\t\t\t\t\t\t\t\t\t<p>Effectif de la sant\u00e9 Canada est un organisme sans but lucratif pancanadien vou\u00e9 \u00e0 transformer la planification de la main-d\u2019\u0153uvre en sant\u00e9 au Canada. Lanc\u00e9 \u00e0 la fin\u00a02023, l\u2019organisme a pour mandat d\u2019\u00eatre un catalyseur de la transformation du syst\u00e8me de planification du personnel de sant\u00e9 partout au pays. Pour ce faire, nous faisons progresser les donn\u00e9es et les informations sur la main-d\u2019\u0153uvre en sant\u00e9, les pr\u00e9visions et la mod\u00e9lisation, nous mettons de l\u2019avant les innovations qui fonctionnent bien dans l\u2019ensemble du pays, et nous mettons en relation les nombreuses parties prenantes de la planification au Canada et \u00e0 l\u2019\u00e9tranger afin de renforcer la collaboration et l\u2019action collective.<\/p><p>Effectif de la sant\u00e9 Canada est un organisme ax\u00e9 sur le soutien aux responsables du syst\u00e8me de sant\u00e9 pour favoriser la conception commune de solutions de planification qui permettront d\u2019am\u00e9liorer le syst\u00e8me de demain. Ce travail comprend une conf\u00e9rence sur la main-d\u2019\u0153uvre en sant\u00e9, ainsi que des initiatives prioritaires cibl\u00e9es de planification avec des leaders de tout le Canada et du syst\u00e8me de sant\u00e9.<\/p>\t\t\t\t\t\t\t\t<\/div>\n\t\t\t\t<\/div>\n\t\t\t\t<div class=\"elementor-element elementor-element-1ec936d elementor-widget elementor-widget-heading\" data-id=\"1ec936d\" data-element_type=\"widget\" data-e-type=\"widget\" data-widget_type=\"heading.default\">\n\t\t\t\t<div class=\"elementor-widget-container\">\n\t\t\t\t\t<h2 class=\"elementor-heading-title elementor-size-default\">Le poste<\/h2>\t\t\t\t<\/div>\n\t\t\t\t<\/div>\n\t\t\t\t<div class=\"elementor-element elementor-element-a2644b2 elementor-widget elementor-widget-text-editor\" data-id=\"a2644b2\" data-element_type=\"widget\" data-e-type=\"widget\" data-widget_type=\"text-editor.default\">\n\t\t\t\t<div class=\"elementor-widget-container\">\n\t\t\t\t\t\t\t\t\tLa personne titulaire du poste de sp\u00e9cialiste de programme, Partenariats et initiatives prioritaires (PIP), est charg\u00e9e de diriger et de soutenir les activit\u00e9s qui font progresser les \u00e9v\u00e9nements et les initiatives de partenariat d\u2019Effectif de la sant\u00e9 Canada, ainsi que les strat\u00e9gies d\u2019engagement en g\u00e9n\u00e9ral. Ces activit\u00e9s comprennent entre autres la gestion de projets et d\u2019\u00e9v\u00e9nements, l\u2019organisation d\u2019ateliers virtuels et en personne, la cr\u00e9ation de plans d\u2019action et l\u2019\u00e9laboration de mat\u00e9riel didactique, de notes d\u2019information, de rapports et de pr\u00e9sentations. Ce poste est id\u00e9al pour une personne qui aime organiser des \u00e9v\u00e9nements, g\u00e9rer la logistique et veiller au bon d\u00e9roulement des projets. Elle travaillera en \u00e9troite collaboration avec des \u00e9quipes internes et des partenaires externes afin de mettre en \u0153uvre des initiatives qui font progresser la mission d\u2019Effectif de la sant\u00e9 Canada.\t\t\t\t\t\t\t\t<\/div>\n\t\t\t\t<\/div>\n\t\t\t\t<div class=\"elementor-element elementor-element-9509fe7 elementor-widget elementor-widget-heading\" data-id=\"9509fe7\" data-element_type=\"widget\" data-e-type=\"widget\" data-widget_type=\"heading.default\">\n\t\t\t\t<div class=\"elementor-widget-container\">\n\t\t\t\t\t<h2 class=\"elementor-heading-title elementor-size-default\">T\u00e2ches et responsabilit\u00e9s<\/h2>\t\t\t\t<\/div>\n\t\t\t\t<\/div>\n\t\t\t\t<div class=\"elementor-element elementor-element-5bb52aa elementor-widget elementor-widget-text-editor\" data-id=\"5bb52aa\" data-element_type=\"widget\" data-e-type=\"widget\" data-widget_type=\"text-editor.default\">\n\t\t\t\t<div class=\"elementor-widget-container\">\n\t\t\t\t\t\t\t\t\t<p><strong>Gestion d\u2019\u00e9v\u00e9nements<\/strong><\/p><ul><li><strong>Planifier, g\u00e9rer et coordonner les \u00e9v\u00e9nements d\u2019Effectif de la sant\u00e9 Canada<\/strong>, tels que les grandes conf\u00e9rences, les webinaires d\u2019apprentissage virtuel, les ateliers en personne et d\u2019autres \u00e9v\u00e9nements d\u2019engagement avec les parties prenantes et leaders du syst\u00e8me de sant\u00e9.<\/li><li>Travailler en \u00e9troite collaboration avec la personne responsable de l\u2019\u00e9quipe PIP sur <strong>les calendriers des \u00e9v\u00e9nements, les budgets et les relations avec les fournisseurs<\/strong>.<\/li><li>Travailler en \u00e9troite collaboration avec les fournisseurs lors du <strong>d\u00e9ploiement d\u2019un \u00e9v\u00e9nement<\/strong>.<\/li><li>Apporter des <strong>id\u00e9es novatrices<\/strong> conform\u00e9ment aux pratiques exemplaires en mati\u00e8re d\u2019\u00e9v\u00e9nements de grande qualit\u00e9.<\/li><li>Coordonner et\/ou soutenir la<strong> recherche de commandites et de partenaires<\/strong>.<\/li><li>Participer \u00e0 des <strong>groupes internes et de travail, ainsi qu\u2019\u00e0 des \u00e9valuations post-\u00e9v\u00e9nementielles<\/strong>.<\/li><li>Contribuer activement \u00e0 <strong>la recherche et \u00e0 la gestion des fournisseurs externes pour les \u00e9v\u00e9nements<\/strong>, le cas \u00e9ch\u00e9ant.<br \/><br \/><\/li><\/ul><p><strong> Gestion de projet <\/strong><\/p><ul><li><strong>G\u00e9rer la planification et la r\u00e9alisation d\u2019initiatives prioritaires<\/strong>, en veillant \u00e0 la production des livrables dans le respect des d\u00e9lais et du budget et dans les limites du champ d\u2019application.<\/li><li>Faire le suivi des <strong>\u00e9tapes du projet<\/strong> et maintenir une documentation d\u00e9taill\u00e9e.<\/li><li>Pr\u00e9parer des<strong> rapports de projet, des pr\u00e9sentations et des documents d\u2019information connexes <\/strong>sur les \u00e9v\u00e9nements et les initiatives prioritaires pour l\u2019\u00e9quipe et l\u2019organisation, selon les besoins.<\/li><li>\u00c9valuer et g\u00e9rer les risques li\u00e9s \u00e0 la planification et \u00e0 la r\u00e9alisation des projets, et utiliser des comp\u00e9tences en mati\u00e8re de r\u00e9solution de probl\u00e8mes pour r\u00e9soudre les enjeux.<br \/><br \/><\/li><\/ul><p><strong> Soutien aux initiatives prioritaires<\/strong><\/p><ul><li>Soutenir la <strong>planification et la r\u00e9alisation de projets ax\u00e9s sur les initiatives prioritaires d\u2019Effectif de la sant\u00e9 Canada<\/strong>.<\/li><li>Diriger et\/ou soutenir des consultations internes et externes sur des sujets \u00e9mergents.<\/li><li>Effectuer <strong>des recherches, des analyses documentaires et de l\u2019environnement, des v\u00e9rifications factuelles et d\u2019autres activit\u00e9s de collecte, d\u2019analyse et de synth\u00e8se d\u2019information<\/strong>.<\/li><li><strong>Pr\u00e9parer des documents<\/strong> (y compris des notes d\u2019information, des rapports, etc.) sur des initiatives strat\u00e9giques cl\u00e9s.<\/li><li><strong>Formuler des recommandations<\/strong> sur les approches et le d\u00e9veloppement de nouvelles strat\u00e9gies\/initiatives en mati\u00e8re d\u2019engagement.<\/li><li>Participer avec l\u2019\u00e9quipe PIP \u00e0 des <strong>comit\u00e9s externes et \u00e0 des pr\u00e9sentations <\/strong>ou assister \u00e0 des <strong>conf\u00e9rences<\/strong> et \u00e0 d\u2019autres activit\u00e9s, le cas \u00e9ch\u00e9ant.<\/li><li>Travailler au sein d\u2019une <strong>\u00e9quipe matricielle<\/strong>, collaborer avec l\u2019ensemble du personnel pour offrir un soutien et mettre en place des occasions d\u2019engagement, le cas \u00e9ch\u00e9ant.<\/li><\/ul>\t\t\t\t\t\t\t\t<\/div>\n\t\t\t\t<\/div>\n\t\t\t\t<div class=\"elementor-element elementor-element-a2e486d elementor-widget elementor-widget-heading\" data-id=\"a2e486d\" data-element_type=\"widget\" data-e-type=\"widget\" data-widget_type=\"heading.default\">\n\t\t\t\t<div class=\"elementor-widget-container\">\n\t\t\t\t\t<h2 class=\"elementor-heading-title elementor-size-default\">Connaissances et exp\u00e9rience<\/h2>\t\t\t\t<\/div>\n\t\t\t\t<\/div>\n\t\t\t\t<div class=\"elementor-element elementor-element-4a36a80 elementor-widget elementor-widget-text-editor\" data-id=\"4a36a80\" data-element_type=\"widget\" data-e-type=\"widget\" data-widget_type=\"text-editor.default\">\n\t\t\t\t<div class=\"elementor-widget-container\">\n\t\t\t\t\t\t\t\t\t<ul> \t<li>Dipl\u00f4me universitaire en sciences de la sant\u00e9, en sciences sociales, en sciences de l\u2019information en sant\u00e9, en politiques de la sant\u00e9, en gestion \u00e9v\u00e9nementielle, ou combinaison \u00e9quivalente d\u2019exp\u00e9rience et de scolarit\u00e9.<\/li> \t<li>Deux \u00e0 quatre ans d\u2019exp\u00e9rience en soins de sant\u00e9 ou en ressources humaines en sant\u00e9, avec une exp\u00e9rience de gestion d\u2019\u00e9v\u00e9nements et de projets.<\/li> \t<li>Bonne compr\u00e9hension de la main-d\u2019\u0153uvre en sant\u00e9 au Canada et de l\u2019\u00e9ventail des parties prenantes dans l\u2019\u00e9cosyst\u00e8me du personnel de la sant\u00e9.<\/li> \t<li>Solide compr\u00e9hension de la structure g\u00e9n\u00e9rale du syst\u00e8me de sant\u00e9 canadien, des gouvernements f\u00e9d\u00e9ral et provinciaux et des besoins en mati\u00e8re d\u2019information des d\u00e9cideurs.<\/li> \t<li>Excellentes aptitudes en gestion de projet, en communication orale et \u00e9crite, en relations interpersonnelles ainsi qu\u2019en animation et en pr\u00e9sentation.<\/li> \t<li>Exp\u00e9rience de la mobilisation des parties prenantes, du soutien aux clients, de la formation et de la planification des communications dans le secteur de la sant\u00e9 (atout).<\/li> \t<li>Comp\u00e9tences de leadership av\u00e9r\u00e9es, approche ax\u00e9e sur les r\u00e9sultats, esprit critique, adaptabilit\u00e9, innovation, cr\u00e9ativit\u00e9 et flexibilit\u00e9.<\/li> \t<li>Sens de l\u2019organisation et capacit\u00e9 de g\u00e9rer plusieurs t\u00e2ches simultan\u00e9ment et de travailler dans un environnement en \u00e9volution rapide.<\/li> \t<li>Exp\u00e9rience ou disposition \u00e0 travailler avec des technologies novatrices, notamment des outils d\u2019intelligence artificielle et d\u2019autres outils d\u2019informatique d\u00e9cisionnelle g\u00e9n\u00e9rative.<\/li> \t<li>Capacit\u00e9 \u00e0 collaborer au sein d\u2019une \u00e9quipe matricielle.<\/li> \t<li>Capacit\u00e9 d\u2019effectuer les d\u00e9placements requis.<\/li>\n\n\t<li>Ma\u00eetrise de l\u2019anglais et du fran\u00e7ais (exigence).<\/li> <\/ul>\t\t\t\t\t\t\t\t<\/div>\n\t\t\t\t<\/div>\n\t\t\t\t<div class=\"elementor-element elementor-element-6d8e3d7 elementor-widget elementor-widget-text-editor\" data-id=\"6d8e3d7\" data-element_type=\"widget\" data-e-type=\"widget\" data-widget_type=\"text-editor.default\">\n\t\t\t\t<div class=\"elementor-widget-container\">\n\t\t\t\t\t\t\t\t\t<p><strong>Ce que nous offrons<\/strong><\/p><ul><li>Une occasion unique de fa\u00e7onner l\u2019avenir de la planification de la main-d\u2019\u0153uvre en sant\u00e9 au Canada.<\/li><li>Un environnement de travail flexible et virtuel, avec une culture d\u2019\u00e9quipe ax\u00e9e sur la collaboration et le soutien.<\/li><li>Un salaire et des avantages comp\u00e9titifs.<\/li><li>Des possibilit\u00e9s de d\u00e9veloppement professionnel et de leadership dans un organisme qui \u00e9volue rapidement.<\/li><\/ul>\t\t\t\t\t\t\t\t<\/div>\n\t\t\t\t<\/div>\n\t\t\t\t<div class=\"elementor-element elementor-element-0bdc97d elementor-align-left elementor-widget elementor-widget-button\" data-id=\"0bdc97d\" data-element_type=\"widget\" data-e-type=\"widget\" data-widget_type=\"button.default\">\n\t\t\t\t<div class=\"elementor-widget-container\">\n\t\t\t\t\t\t\t\t\t<div class=\"elementor-button-wrapper\">\n\t\t\t\t\t<a class=\"elementor-button elementor-button-link elementor-size-sm\" href=\"https:\/\/careers.risepeople.com\/health-workforce-canada\/fr\/14874_program-specialist,-partnership-and-priority-initiatives\" target=\"_blank\">\n\t\t\t\t\t\t<span class=\"elementor-button-content-wrapper\">\n\t\t\t\t\t\t<span class=\"elementor-button-icon\">\n\t\t\t\t<svg aria-hidden=\"true\" class=\"e-font-icon-svg e-fas-external-link-alt\" viewBox=\"0 0 512 512\" xmlns=\"http:\/\/www.w3.org\/2000\/svg\"><path d=\"M432,320H400a16,16,0,0,0-16,16V448H64V128H208a16,16,0,0,0,16-16V80a16,16,0,0,0-16-16H48A48,48,0,0,0,0,112V464a48,48,0,0,0,48,48H400a48,48,0,0,0,48-48V336A16,16,0,0,0,432,320ZM488,0h-128c-21.37,0-32.05,25.91-17,41l35.73,35.73L135,320.37a24,24,0,0,0,0,34L157.67,377a24,24,0,0,0,34,0L435.28,133.32,471,169c15,15,41,4.5,41-17V24A24,24,0,0,0,488,0Z\"><\/path><\/svg>\t\t\t<\/span>\n\t\t\t\t\t\t\t\t\t<span class=\"elementor-button-text\">Postulez ici<\/span>\n\t\t\t\t\t<\/span>\n\t\t\t\t\t<\/a>\n\t\t\t\t<\/div>\n\t\t\t\t\t\t\t\t<\/div>\n\t\t\t\t<\/div>\n\t\t\t\t<div class=\"elementor-element elementor-element-e227338 elementor-widget elementor-widget-text-editor\" data-id=\"e227338\" data-element_type=\"widget\" data-e-type=\"widget\" data-widget_type=\"text-editor.default\">\n\t\t\t\t<div class=\"elementor-widget-container\">\n\t\t\t\t\t\t\t\t\tEffectif de la Sant\u00e9 Canada n\u2019utilise pas d\u2019outils d\u2019intelligence artificielle (IA) dans le cadre de son processus de s\u00e9lection des candidats. Toutes les candidatures sont examin\u00e9es par nos \u00e9quipes de recrutement afin d\u2019assurer une \u00e9valuation juste et approfondie.\t\t\t\t\t\t\t\t<\/div>\n\t\t\t\t<\/div>\n\t\t\t\t<\/div>\n\t\t<div class=\"elementor-element elementor-element-8ae9c52 e-con-full e-flex e-con e-child\" data-id=\"8ae9c52\" data-element_type=\"container\" data-e-type=\"container\">\n\t\t<div class=\"elementor-element elementor-element-bc0eeba e-con-full e-flex e-con e-child\" data-id=\"bc0eeba\" data-element_type=\"container\" data-e-type=\"container\" data-settings=\"{&quot;background_background&quot;:&quot;classic&quot;}\">\n\t\t\t\t<div class=\"elementor-element elementor-element-262bebf elementor-widget elementor-widget-heading\" data-id=\"262bebf\" data-element_type=\"widget\" data-e-type=\"widget\" data-widget_type=\"heading.default\">\n\t\t\t\t<div class=\"elementor-widget-container\">\n\t\t\t\t\t<h2 class=\"elementor-heading-title elementor-size-default\">Lieu :<\/h2>\t\t\t\t<\/div>\n\t\t\t\t<\/div>\n\t\t\t\t<div class=\"elementor-element elementor-element-6014335 elementor-widget elementor-widget-text-editor\" data-id=\"6014335\" data-element_type=\"widget\" data-e-type=\"widget\" data-widget_type=\"text-editor.default\">\n\t\t\t\t<div class=\"elementor-widget-container\">\n\t\t\t\t\t\t\t\t\t<p>Occasion d\u00e8mploi en t\u00e9l\u00e9travil avec des r\u00e9unions d\u2019\u00e9quipe en personne jusqu\u2019\u00e0 4 fois par ann\u00e9e, pour un maximum de 3 jours cons\u00e9cutifs<\/p>\t\t\t\t\t\t\t\t<\/div>\n\t\t\t\t<\/div>\n\t\t\t\t<div class=\"elementor-element elementor-element-3b6557f elementor-widget elementor-widget-heading\" data-id=\"3b6557f\" data-element_type=\"widget\" data-e-type=\"widget\" data-widget_type=\"heading.default\">\n\t\t\t\t<div class=\"elementor-widget-container\">\n\t\t\t\t\t<h2 class=\"elementor-heading-title elementor-size-default\">Niveau d'emploi :<\/h2>\t\t\t\t<\/div>\n\t\t\t\t<\/div>\n\t\t\t\t<div class=\"elementor-element elementor-element-ef179a3 elementor-widget elementor-widget-text-editor\" data-id=\"ef179a3\" data-element_type=\"widget\" data-e-type=\"widget\" data-widget_type=\"text-editor.default\">\n\t\t\t\t<div class=\"elementor-widget-container\">\n\t\t\t\t\t\t\t\t\t<p>Niveau 3 ($82,450 to $111,550)<\/p>\t\t\t\t\t\t\t\t<\/div>\n\t\t\t\t<\/div>\n\t\t\t\t<div class=\"elementor-element elementor-element-c808962 elementor-widget elementor-widget-heading\" data-id=\"c808962\" data-element_type=\"widget\" data-e-type=\"widget\" data-widget_type=\"heading.default\">\n\t\t\t\t<div class=\"elementor-widget-container\">\n\t\t\t\t\t<h2 class=\"elementor-heading-title elementor-size-default\">Rel\u00e8ve de :<\/h2>\t\t\t\t<\/div>\n\t\t\t\t<\/div>\n\t\t\t\t<div class=\"elementor-element elementor-element-c3e3834 elementor-widget elementor-widget-text-editor\" data-id=\"c3e3834\" data-element_type=\"widget\" data-e-type=\"widget\" data-widget_type=\"text-editor.default\">\n\t\t\t\t<div class=\"elementor-widget-container\">\n\t\t\t\t\t\t\t\t\t<p>Directeur ou directrice des partenariats et des initiatives prioritaires, ou personne repr\u00e9sentante d\u00e9sign\u00e9e<\/p>\t\t\t\t\t\t\t\t<\/div>\n\t\t\t\t<\/div>\n\t\t\t\t<div class=\"elementor-element elementor-element-d7fde33 elementor-widget elementor-widget-heading\" data-id=\"d7fde33\" data-element_type=\"widget\" data-e-type=\"widget\" data-widget_type=\"heading.default\">\n\t\t\t\t<div class=\"elementor-widget-container\">\n\t\t\t\t\t<h2 class=\"elementor-heading-title elementor-size-default\">Type d\u2019emploi :<\/h2>\t\t\t\t<\/div>\n\t\t\t\t<\/div>\n\t\t\t\t<div class=\"elementor-element elementor-element-d0421d6 elementor-widget elementor-widget-text-editor\" data-id=\"d0421d6\" data-element_type=\"widget\" data-e-type=\"widget\" data-widget_type=\"text-editor.default\">\n\t\t\t\t<div class=\"elementor-widget-container\">\n\t\t\t\t\t\t\t\t\t<p>Emploi \u00e0 temps plein<\/p>\t\t\t\t\t\t\t\t<\/div>\n\t\t\t\t<\/div>\n\t\t\t\t<div class=\"elementor-element elementor-element-55a6ae8 elementor-widget elementor-widget-heading\" data-id=\"55a6ae8\" data-element_type=\"widget\" data-e-type=\"widget\" data-widget_type=\"heading.default\">\n\t\t\t\t<div class=\"elementor-widget-container\">\n\t\t\t\t\t<h2 class=\"elementor-heading-title elementor-size-default\">Date de cl\u00f4ture :<\/h2>\t\t\t\t<\/div>\n\t\t\t\t<\/div>\n\t\t\t\t<div class=\"elementor-element elementor-element-88b0efe elementor-widget elementor-widget-text-editor\" data-id=\"88b0efe\" data-element_type=\"widget\" data-e-type=\"widget\" data-widget_type=\"text-editor.default\">\n\t\t\t\t<div class=\"elementor-widget-container\">\n\t\t\t\t\t\t\t\t\t<p>Lundi f\u00e9vrier 9 2026<\/p>\t\t\t\t\t\t\t\t<\/div>\n\t\t\t\t<\/div>\n\t\t\t\t<div class=\"elementor-element elementor-element-b2c04ef elementor-position-inline-start elementor-view-default elementor-mobile-position-block-start elementor-widget elementor-widget-icon-box\" data-id=\"b2c04ef\" data-element_type=\"widget\" data-e-type=\"widget\" data-widget_type=\"icon-box.default\">\n\t\t\t\t<div class=\"elementor-widget-container\">\n\t\t\t\t\t\t\t<div class=\"elementor-icon-box-wrapper\">\n\n\t\t\t\t\t\t<div class=\"elementor-icon-box-icon\">\n\t\t\t\t<a href=\"https:\/\/careers.risepeople.com\/health-workforce-canada\/en\/14293_director,-partnerships-and-priority-initiatives\" target=\"_blank\" class=\"elementor-icon\" tabindex=\"-1\">\n\t\t\t\t<svg aria-hidden=\"true\" class=\"e-font-icon-svg e-fas-external-link-alt\" viewBox=\"0 0 512 512\" xmlns=\"http:\/\/www.w3.org\/2000\/svg\"><path d=\"M432,320H400a16,16,0,0,0-16,16V448H64V128H208a16,16,0,0,0,16-16V80a16,16,0,0,0-16-16H48A48,48,0,0,0,0,112V464a48,48,0,0,0,48,48H400a48,48,0,0,0,48-48V336A16,16,0,0,0,432,320ZM488,0h-128c-21.37,0-32.05,25.91-17,41l35.73,35.73L135,320.37a24,24,0,0,0,0,34L157.67,377a24,24,0,0,0,34,0L435.28,133.32,471,169c15,15,41,4.5,41-17V24A24,24,0,0,0,488,0Z\"><\/path><\/svg>\t\t\t\t<\/a>\n\t\t\t<\/div>\n\t\t\t\n\t\t\t\t\t\t<div class=\"elementor-icon-box-content\">\n\n\t\t\t\t\n\t\t\t\t\t\t\t\t\t<p class=\"elementor-icon-box-description\">\n\t\t\t\t\t\t<a href=\"https:\/\/careers.risepeople.com\/health-workforce-canada\/fr\/14874_program-specialist,-partnership-and-priority-initiatives\" target=\"_blank\">Postulez ici<\/a>\t\t\t\t\t<\/p>\n\t\t\t\t\n\t\t\t<\/div>\n\t\t\t\n\t\t<\/div>\n\t\t\t\t\t\t<\/div>\n\t\t\t\t<\/div>\n\t\t\t\t<\/div>\n\t\t\t\t<\/div>\n\t\t\t\t<\/div>\n\t\t\t\t<\/div>\n\t\t\t\t\t<\/div>\n\t\t\t\t<\/div>\n\t\t\t\t<\/div>\n\t\t","protected":false},"featured_media":0,"parent":0,"template":"","meta":{"_acf_changed":false},"career-posting-status":[6],"class_list":["post-2732","career","type-career","status-publish","hentry","career-posting-status-completed"],"acf":[],"yoast_head":"<!-- This site is optimized with the Yoast SEO plugin v27.2 - https:\/\/yoast.com\/product\/yoast-seo-wordpress\/ -->\n<title>Sp\u00e9cialiste de programme, Partenariats et initiatives prioritaires - Health Workforce Canada<\/title>\n<meta name=\"robots\" content=\"noindex, follow\" \/>\n<meta property=\"og:locale\" content=\"fr_FR\" \/>\n<meta property=\"og:type\" content=\"article\" \/>\n<meta property=\"og:title\" content=\"Sp\u00e9cialiste de programme, Partenariats et initiatives prioritaires - Health Workforce Canada\" \/>\n<meta property=\"og:description\" content=\"Retour aux carri\u00e8res \u00c0 propos de nous Effectif de la sant\u00e9 Canada est un organisme sans but lucratif pancanadien vou\u00e9 \u00e0 transformer la planification de la main-d\u2019\u0153uvre en sant\u00e9 au Canada. Lanc\u00e9 \u00e0 la fin\u00a02023, l\u2019organisme a pour mandat d\u2019\u00eatre un catalyseur de la transformation du syst\u00e8me de planification du personnel de sant\u00e9 partout au [&hellip;]\" \/>\n<meta property=\"og:url\" content=\"https:\/\/healthworkforce.ca\/fr\/carriere\/specialiste-de-programme-partenariats-et-initiatives-prioritaires\/\" \/>\n<meta property=\"og:site_name\" content=\"Health Workforce Canada\" \/>\n<meta property=\"article:modified_time\" content=\"2026-02-26T15:40:39+00:00\" \/>\n<meta name=\"twitter:card\" content=\"summary_large_image\" \/>\n<meta name=\"twitter:label1\" content=\"Dur\u00e9e de lecture estim\u00e9e\" \/>\n\t<meta name=\"twitter:data1\" content=\"5 minutes\" \/>\n<script type=\"application\/ld+json\" class=\"yoast-schema-graph\">{\"@context\":\"https:\/\/schema.org\",\"@graph\":[{\"@type\":\"WebPage\",\"@id\":\"https:\/\/healthworkforce.ca\/fr\/carriere\/specialiste-de-programme-partenariats-et-initiatives-prioritaires\/\",\"url\":\"https:\/\/healthworkforce.ca\/fr\/carriere\/specialiste-de-programme-partenariats-et-initiatives-prioritaires\/\",\"name\":\"Sp\u00e9cialiste de programme, Partenariats et initiatives prioritaires - Health Workforce Canada\",\"isPartOf\":{\"@id\":\"https:\/\/healthworkforce.ca\/fr\/#website\"},\"datePublished\":\"2026-01-27T14:02:56+00:00\",\"dateModified\":\"2026-02-26T15:40:39+00:00\",\"breadcrumb\":{\"@id\":\"https:\/\/healthworkforce.ca\/fr\/carriere\/specialiste-de-programme-partenariats-et-initiatives-prioritaires\/#breadcrumb\"},\"inLanguage\":\"fr-FR\",\"potentialAction\":[{\"@type\":\"ReadAction\",\"target\":[\"https:\/\/healthworkforce.ca\/fr\/carriere\/specialiste-de-programme-partenariats-et-initiatives-prioritaires\/\"]}]},{\"@type\":\"BreadcrumbList\",\"@id\":\"https:\/\/healthworkforce.ca\/fr\/carriere\/specialiste-de-programme-partenariats-et-initiatives-prioritaires\/#breadcrumb\",\"itemListElement\":[]},{\"@type\":\"WebSite\",\"@id\":\"https:\/\/healthworkforce.ca\/fr\/#website\",\"url\":\"https:\/\/healthworkforce.ca\/fr\/\",\"name\":\"Health Workforce Canada\",\"description\":\"\",\"publisher\":{\"@id\":\"https:\/\/healthworkforce.ca\/fr\/#organization\"},\"potentialAction\":[{\"@type\":\"SearchAction\",\"target\":{\"@type\":\"EntryPoint\",\"urlTemplate\":\"https:\/\/healthworkforce.ca\/fr\/?s={search_term_string}\"},\"query-input\":{\"@type\":\"PropertyValueSpecification\",\"valueRequired\":true,\"valueName\":\"search_term_string\"}}],\"inLanguage\":\"fr-FR\"},{\"@type\":\"Organization\",\"@id\":\"https:\/\/healthworkforce.ca\/fr\/#organization\",\"name\":\"Health Workforce Canada\",\"alternateName\":\"HWC\",\"url\":\"https:\/\/healthworkforce.ca\/fr\/\",\"logo\":{\"@type\":\"ImageObject\",\"inLanguage\":\"fr-FR\",\"@id\":\"https:\/\/healthworkforce.ca\/fr\/#\/schema\/logo\/image\/\",\"url\":\"https:\/\/healthworkforce.ca\/wp-content\/uploads\/2024\/06\/HWC-logo.svg\",\"contentUrl\":\"https:\/\/healthworkforce.ca\/wp-content\/uploads\/2024\/06\/HWC-logo.svg\",\"width\":1871,\"height\":344,\"caption\":\"Health Workforce Canada\"},\"image\":{\"@id\":\"https:\/\/healthworkforce.ca\/fr\/#\/schema\/logo\/image\/\"},\"sameAs\":[\"https:\/\/www.linkedin.com\/company\/health-workforce-canada\/\"]}]}<\/script>\n<!-- \/ Yoast SEO plugin. -->","yoast_head_json":{"title":"Sp\u00e9cialiste de programme, Partenariats et initiatives prioritaires - Health Workforce Canada","robots":{"index":"noindex","follow":"follow"},"og_locale":"fr_FR","og_type":"article","og_title":"Sp\u00e9cialiste de programme, Partenariats et initiatives prioritaires - Health Workforce Canada","og_description":"Retour aux carri\u00e8res \u00c0 propos de nous Effectif de la sant\u00e9 Canada est un organisme sans but lucratif pancanadien vou\u00e9 \u00e0 transformer la planification de la main-d\u2019\u0153uvre en sant\u00e9 au Canada. Lanc\u00e9 \u00e0 la fin\u00a02023, l\u2019organisme a pour mandat d\u2019\u00eatre un catalyseur de la transformation du syst\u00e8me de planification du personnel de sant\u00e9 partout au [&hellip;]","og_url":"https:\/\/healthworkforce.ca\/fr\/carriere\/specialiste-de-programme-partenariats-et-initiatives-prioritaires\/","og_site_name":"Health Workforce Canada","article_modified_time":"2026-02-26T15:40:39+00:00","twitter_card":"summary_large_image","twitter_misc":{"Dur\u00e9e de lecture estim\u00e9e":"5 minutes"},"schema":{"@context":"https:\/\/schema.org","@graph":[{"@type":"WebPage","@id":"https:\/\/healthworkforce.ca\/fr\/carriere\/specialiste-de-programme-partenariats-et-initiatives-prioritaires\/","url":"https:\/\/healthworkforce.ca\/fr\/carriere\/specialiste-de-programme-partenariats-et-initiatives-prioritaires\/","name":"Sp\u00e9cialiste de programme, Partenariats et initiatives prioritaires - Health Workforce Canada","isPartOf":{"@id":"https:\/\/healthworkforce.ca\/fr\/#website"},"datePublished":"2026-01-27T14:02:56+00:00","dateModified":"2026-02-26T15:40:39+00:00","breadcrumb":{"@id":"https:\/\/healthworkforce.ca\/fr\/carriere\/specialiste-de-programme-partenariats-et-initiatives-prioritaires\/#breadcrumb"},"inLanguage":"fr-FR","potentialAction":[{"@type":"ReadAction","target":["https:\/\/healthworkforce.ca\/fr\/carriere\/specialiste-de-programme-partenariats-et-initiatives-prioritaires\/"]}]},{"@type":"BreadcrumbList","@id":"https:\/\/healthworkforce.ca\/fr\/carriere\/specialiste-de-programme-partenariats-et-initiatives-prioritaires\/#breadcrumb","itemListElement":[]},{"@type":"WebSite","@id":"https:\/\/healthworkforce.ca\/fr\/#website","url":"https:\/\/healthworkforce.ca\/fr\/","name":"Health Workforce Canada","description":"","publisher":{"@id":"https:\/\/healthworkforce.ca\/fr\/#organization"},"potentialAction":[{"@type":"SearchAction","target":{"@type":"EntryPoint","urlTemplate":"https:\/\/healthworkforce.ca\/fr\/?s={search_term_string}"},"query-input":{"@type":"PropertyValueSpecification","valueRequired":true,"valueName":"search_term_string"}}],"inLanguage":"fr-FR"},{"@type":"Organization","@id":"https:\/\/healthworkforce.ca\/fr\/#organization","name":"Health Workforce Canada","alternateName":"HWC","url":"https:\/\/healthworkforce.ca\/fr\/","logo":{"@type":"ImageObject","inLanguage":"fr-FR","@id":"https:\/\/healthworkforce.ca\/fr\/#\/schema\/logo\/image\/","url":"https:\/\/healthworkforce.ca\/wp-content\/uploads\/2024\/06\/HWC-logo.svg","contentUrl":"https:\/\/healthworkforce.ca\/wp-content\/uploads\/2024\/06\/HWC-logo.svg","width":1871,"height":344,"caption":"Health Workforce Canada"},"image":{"@id":"https:\/\/healthworkforce.ca\/fr\/#\/schema\/logo\/image\/"},"sameAs":["https:\/\/www.linkedin.com\/company\/health-workforce-canada\/"]}]}},"_links":{"self":[{"href":"https:\/\/healthworkforce.ca\/fr\/wp-json\/wp\/v2\/career\/2732","targetHints":{"allow":["GET"]}}],"collection":[{"href":"https:\/\/healthworkforce.ca\/fr\/wp-json\/wp\/v2\/career"}],"about":[{"href":"https:\/\/healthworkforce.ca\/fr\/wp-json\/wp\/v2\/types\/career"}],"version-history":[{"count":0,"href":"https:\/\/healthworkforce.ca\/fr\/wp-json\/wp\/v2\/career\/2732\/revisions"}],"wp:attachment":[{"href":"https:\/\/healthworkforce.ca\/fr\/wp-json\/wp\/v2\/media?parent=2732"}],"wp:term":[{"taxonomy":"career-posting-status","embeddable":true,"href":"https:\/\/healthworkforce.ca\/fr\/wp-json\/wp\/v2\/career-posting-status?post=2732"}],"curies":[{"name":"wp","href":"https:\/\/api.w.org\/{rel}","templated":true}]}}