{"id":1819,"date":"2025-05-22T15:32:44","date_gmt":"2025-05-22T15:32:44","guid":{"rendered":"https:\/\/healthworkforce.ca\/?post_type=career&#038;p=1819"},"modified":"2025-07-03T21:30:08","modified_gmt":"2025-07-03T21:30:08","slug":"analyste-principal-donnees-et-planification-2","status":"publish","type":"career","link":"https:\/\/healthworkforce.ca\/fr\/carriere\/analyste-principal-donnees-et-planification-2\/","title":{"rendered":"Analyste principale ou analyste principal, Donn\u00e9es et planification\u00a0(2 temporary positions available to March 31, 2026)"},"content":{"rendered":"\t\t<div data-elementor-type=\"wp-post\" data-elementor-id=\"1819\" class=\"elementor elementor-1819 elementor-1818\" data-elementor-post-type=\"career\">\n\t\t\t\t<div class=\"elementor-element elementor-element-db57dd5 e-flex e-con-boxed e-con e-parent\" data-id=\"db57dd5\" data-element_type=\"container\" data-e-type=\"container\">\n\t\t\t\t\t<div class=\"e-con-inner\">\n\t\t\t\t<div class=\"elementor-element elementor-element-81fc403 elementor-icon-list--layout-traditional elementor-list-item-link-full_width elementor-widget elementor-widget-icon-list\" data-id=\"81fc403\" data-element_type=\"widget\" data-e-type=\"widget\" data-widget_type=\"icon-list.default\">\n\t\t\t\t<div class=\"elementor-widget-container\">\n\t\t\t\t\t\t\t<ul class=\"elementor-icon-list-items\">\n\t\t\t\t\t\t\t<li class=\"elementor-icon-list-item\">\n\t\t\t\t\t\t\t\t\t\t\t<a href=\"https:\/\/healthworkforce.ca\/fr\/carrieres\/\">\n\n\t\t\t\t\t\t\t\t\t\t\t\t<span class=\"elementor-icon-list-icon\">\n\t\t\t\t\t\t\t<svg aria-hidden=\"true\" class=\"e-font-icon-svg e-fas-arrow-left\" viewBox=\"0 0 448 512\" xmlns=\"http:\/\/www.w3.org\/2000\/svg\"><path d=\"M257.5 445.1l-22.2 22.2c-9.4 9.4-24.6 9.4-33.9 0L7 273c-9.4-9.4-9.4-24.6 0-33.9L201.4 44.7c9.4-9.4 24.6-9.4 33.9 0l22.2 22.2c9.5 9.5 9.3 25-.4 34.3L136.6 216H424c13.3 0 24 10.7 24 24v32c0 13.3-10.7 24-24 24H136.6l120.5 114.8c9.8 9.3 10 24.8.4 34.3z\"><\/path><\/svg>\t\t\t\t\t\t<\/span>\n\t\t\t\t\t\t\t\t\t\t<span class=\"elementor-icon-list-text\">retour aux carri\u00e8res<\/span>\n\t\t\t\t\t\t\t\t\t\t\t<\/a>\n\t\t\t\t\t\t\t\t\t<\/li>\n\t\t\t\t\t\t<\/ul>\n\t\t\t\t\t\t<\/div>\n\t\t\t\t<\/div>\n\t\t\t\t<div class=\"elementor-element elementor-element-0bba44a elementor-widget elementor-widget-heading\" data-id=\"0bba44a\" data-element_type=\"widget\" data-e-type=\"widget\" data-widget_type=\"heading.default\">\n\t\t\t\t<div class=\"elementor-widget-container\">\n\t\t\t\t\t<h2 class=\"elementor-heading-title elementor-size-default\">Analyste principale ou analyste principal, Donn\u00e9es et planification\u00a0(2 temporary positions available to March 31, 2026)<\/h2>\t\t\t\t<\/div>\n\t\t\t\t<\/div>\n\t\t\t\t<div class=\"elementor-element elementor-element-4fcb518 elementor-widget-divider--view-line elementor-widget elementor-widget-divider\" data-id=\"4fcb518\" data-element_type=\"widget\" data-e-type=\"widget\" data-widget_type=\"divider.default\">\n\t\t\t\t<div class=\"elementor-widget-container\">\n\t\t\t\t\t\t\t<div class=\"elementor-divider\">\n\t\t\t<span class=\"elementor-divider-separator\">\n\t\t\t\t\t\t<\/span>\n\t\t<\/div>\n\t\t\t\t\t\t<\/div>\n\t\t\t\t<\/div>\n\t\t\t\t\t<\/div>\n\t\t\t\t<\/div>\n\t\t<div class=\"elementor-element elementor-element-9abbf5b e-flex e-con-boxed e-con e-parent\" data-id=\"9abbf5b\" data-element_type=\"container\" data-e-type=\"container\">\n\t\t\t\t\t<div class=\"e-con-inner\">\n\t\t<div class=\"elementor-element elementor-element-c6f77d9 e-con-full e-flex e-con e-child\" data-id=\"c6f77d9\" data-element_type=\"container\" data-e-type=\"container\">\n\t\t\t\t<div class=\"elementor-element elementor-element-2ad7e6e elementor-widget elementor-widget-heading\" data-id=\"2ad7e6e\" data-element_type=\"widget\" data-e-type=\"widget\" data-widget_type=\"heading.default\">\n\t\t\t\t<div class=\"elementor-widget-container\">\n\t\t\t\t\t<h2 class=\"elementor-heading-title elementor-size-default\">R\u00e9sum\u00e9 des fonctions<\/h2>\t\t\t\t<\/div>\n\t\t\t\t<\/div>\n\t\t\t\t<div class=\"elementor-element elementor-element-10e67bf elementor-widget elementor-widget-text-editor\" data-id=\"10e67bf\" data-element_type=\"widget\" data-e-type=\"widget\" data-widget_type=\"text-editor.default\">\n\t\t\t\t<div class=\"elementor-widget-container\">\n\t\t\t\t\t\t\t\t\t<p>Effectif de la sant\u00e9 Canada a \u00e9t\u00e9 \u00e9tabli en 2023 pour renforcer les donn\u00e9es et la planification de la main-d\u2019\u0153uvre en sant\u00e9 et faire en sorte que les personnes qui en font partie soient l\u00e0 pour fournir les soins dont la population a besoin. Avec nos partenaires, nous r\u00e9unissons des sp\u00e9cialistes de la main-d\u2019\u0153uvre en sant\u00e9 et des personnes travaillant dans le domaine des soins de sant\u00e9 afin d\u2019apprendre les uns des autres et de cr\u00e9er un syst\u00e8me de soins de sant\u00e9 rentable et durable. L\u2019organisme a pour but ultime de veiller \u00e0 ce que les travailleurs de la sant\u00e9 soient l\u00e0 pour fournir les soins dont la population canadienne a besoin.   Nous avons d\u00e9j\u00e0 r\u00e9alis\u00e9 des progr\u00e8s importants en mobilisant les parties prenantes, en partageant des tableaux de bord dynamiques sur la main-d\u2019\u0153uvre en sant\u00e9 et en faisant progresser la mod\u00e9lisation et les pr\u00e9visions en mati\u00e8re de ressources humaines dans le secteur de la sant\u00e9.<\/p><p>Sous la responsabilit\u00e9 du ou de la responsable de programme, Donn\u00e9es et planification, l\u2019analyste principale ou l\u2019analyste principal fera partie de la division Donn\u00e9es et planification et devra collaborer avec des partenaires pour am\u00e9liorer l\u2019acc\u00e8s aux donn\u00e9es, aux normes et aux outils essentiels \u00e0 la planification de la main-d\u2019\u0153uvre en sant\u00e9 dans l\u2019ensemble du Canada. \u00c0 court terme, la personne titulaire du poste mettra au point un tableau de bord interactif des donn\u00e9es sur les ressources humaines en sant\u00e9. \u00c0 plus long terme, elle devra entre autres obtenir des renseignements et renforcer la capacit\u00e9 des parties prenantes \u00e0 utiliser les tableaux de bord d\u2019Effectif de la sant\u00e9 Canada. Ce poste comprend l\u2019exploitation de donn\u00e9es pancanadiennes provenant de sources multiples, l\u2019\u00e9valuation des normes relatives aux donn\u00e9es, la gestion, l\u2019int\u00e9gration, l\u2019analyse et la visualisation des donn\u00e9es, ainsi que le d\u00e9veloppement d\u2019outils.   <\/p>\t\t\t\t\t\t\t\t<\/div>\n\t\t\t\t<\/div>\n\t\t\t\t<div class=\"elementor-element elementor-element-ab925b2 elementor-widget elementor-widget-heading\" data-id=\"ab925b2\" data-element_type=\"widget\" data-e-type=\"widget\" data-widget_type=\"heading.default\">\n\t\t\t\t<div class=\"elementor-widget-container\">\n\t\t\t\t\t<h2 class=\"elementor-heading-title elementor-size-default\">Fonctions et responsabilit\u00e9s<\/h2>\t\t\t\t<\/div>\n\t\t\t\t<\/div>\n\t\t\t\t<div class=\"elementor-element elementor-element-352de91 elementor-widget elementor-widget-text-editor\" data-id=\"352de91\" data-element_type=\"widget\" data-e-type=\"widget\" data-widget_type=\"text-editor.default\">\n\t\t\t\t<div class=\"elementor-widget-container\">\n\t\t\t\t\t\t\t\t\t<ul>\n  <li>Collaborer avec le ou la responsable de programme pour g\u00e9rer les donn\u00e9es relatives \u00e0 la main-d\u2019\u0153uvre en sant\u00e9, en veillant \u00e0 ce qu\u2019elles puissent g\u00e9n\u00e9rer des r\u00e9sultats cl\u00e9s, tels qu\u2019un tableau de bord num\u00e9rique destin\u00e9 \u00e0 la diffusion \u00e0 l\u2019externe. Les principaux produits livrables comprennent la documentation pertinente pour la consignation des besoins, les inventaires de donn\u00e9es, les visualisations et les rapports analytiques th\u00e9matiques. <\/li>\n  <li>Mener des activit\u00e9s de gestion des donn\u00e9es, y compris l\u2019\u00e9criture et la mise \u00e0 jour du code statistique n\u00e9cessaire au d\u00e9veloppement, au calcul, \u00e0 l\u2019analyse ou \u00e0 la v\u00e9rification des principaux produits livrables. Il s\u2019agit entre autres de participer \u00e0 la diffusion de donn\u00e9es et de renseignements au moyen d\u2019outils d\u2019information du public, et notamment de diriger l\u2019ex\u00e9cution de strat\u00e9gies et de cas de mise \u00e0 l\u2019essai afin de garantir l\u2019exactitude des r\u00e9sultats communiqu\u00e9s conform\u00e9ment \u00e0 un cadre \u00e9tabli de qualit\u00e9 de l\u2019information. <\/li>\n  <li>Effectuer des analyses de l\u2019environnement et de la litt\u00e9rature pour contribuer \u00e0 l\u2019\u00e9laboration de rapports, de statistiques et d\u2019indicateurs.<\/li>\n  <li>Diriger l\u2019\u00e9laboration de documents (rapports d\u2019analyse, notes m\u00e9thodologiques ou techniques, pr\u00e9sentations, mat\u00e9riel p\u00e9dagogique, m\u00e9dias, etc.) ou y contribuer, pour la communication des r\u00e9sultats et l\u2019application des connaissances, et examiner les produits \u00e9crits pour garantir l\u2019exactitude et de la qualit\u00e9 de l\u2019analyse.<\/li>\n  <li>Fournir une assistance professionnelle et en temps opportun aux clients afin de r\u00e9pondre aux questions des clients internes et externes, s\u2019il y a lieu.<\/li>\n  <li>Se conformer aux politiques et aux proc\u00e9dures de protection de la vie priv\u00e9e et de la s\u00e9curit\u00e9 d\u2019Effectif de la sant\u00e9 Canada et \u00eatre en mesure de d\u00e9montrer cette conformit\u00e9 lors de l\u2019utilisation de donn\u00e9es et de renseignements.<\/li>\n  <li>Maintenir et d\u00e9velopper une connaissance actualis\u00e9e des banques de donn\u00e9es, des outils, des techniques d\u2019analyse et des tendances en mati\u00e8re de recherche sur les services de sant\u00e9 et de politique de sant\u00e9, ainsi que des besoins d\u2019information des parties prenantes, afin de soutenir les travaux en cours et de contribuer \u00e0 l\u2019\u00e9laboration de nouvelles propositions d\u2019analyse.<\/li>\n  <li>Au besoin, prendre part \u00e0 d\u2019autres r\u00e9unions et pr\u00eater main-forte aux \u00e9quipes de projets de l\u2019entreprise.<\/li>\n  <li>Promouvoir Effectif de la sant\u00e9 Canada en prenant part \u00e0 des comit\u00e9s externes et \u00e0 des pr\u00e9sentations ou en assistant \u00e0 des conf\u00e9rences et \u00e0 d\u2019autres activit\u00e9s, au besoin.<\/li>\n<\/ul>\n\t\t\t\t\t\t\t\t<\/div>\n\t\t\t\t<\/div>\n\t\t\t\t<div class=\"elementor-element elementor-element-af2d146 elementor-widget elementor-widget-heading\" data-id=\"af2d146\" data-element_type=\"widget\" data-e-type=\"widget\" data-widget_type=\"heading.default\">\n\t\t\t\t<div class=\"elementor-widget-container\">\n\t\t\t\t\t<h2 class=\"elementor-heading-title elementor-size-default\">Connaissances et exp\u00e9rience<\/h2>\t\t\t\t<\/div>\n\t\t\t\t<\/div>\n\t\t\t\t<div class=\"elementor-element elementor-element-dae13a8 elementor-widget elementor-widget-text-editor\" data-id=\"dae13a8\" data-element_type=\"widget\" data-e-type=\"widget\" data-widget_type=\"text-editor.default\">\n\t\t\t\t<div class=\"elementor-widget-container\">\n\t\t\t\t\t\t\t\t\t<ul>\n  <li>Ma\u00eetrise en \u00e9pid\u00e9miologie, en biostatistique, en sant\u00e9 publique ou en sciences de la sant\u00e9, ou combinaison \u00e9quivalente d\u2019exp\u00e9rience et de scolarit\u00e9.<\/li>\n  <li>De trois \u00e0 cinq ans d\u2019exp\u00e9rience dans l\u2019utilisation de bases de donn\u00e9es relationnelles et de grands ensembles de donn\u00e9es, y compris la manipulation, la mise \u00e0 jour et la pr\u00e9paration de donn\u00e9es et de visualisations, ainsi que la pr\u00e9sentation d\u2019analyses et de rapports \u00e0 diff\u00e9rents publics.<\/li>\n  <li>Ma\u00eetrise de la manipulation de donn\u00e9es et de logiciels statistiques libres, tels que R, Python ou d\u2019autres logiciels statistiques (essentielle).<\/li>\n  <li>Ma\u00eetrise des applications Microsoft Office, y compris Power BI ou d\u2019autres outils de veille strat\u00e9gique.<\/li>\n  <li>Connaissance des questions relatives aux ressources humaines dans le domaine de la sant\u00e9 et du syst\u00e8me de soins de sant\u00e9 canadien, ainsi qu\u2019une bonne connaissance de l\u2019information sur la sant\u00e9 et de son utilisation \u00e0 des fins d\u2019\u00e9laboration, de planification, de gestion et d\u2019\u00e9valuation des politiques.<\/li>\n  <li>Connaissance approfondie des sources de donn\u00e9es administratives sur la sant\u00e9 au Canada.<\/li>\n  <li>Exp\u00e9rience de la mobilisation des parties prenantes, de l\u2019assistance aux clients ainsi que de la planification et de la mise en \u0153uvre des communications dans le secteur de la sant\u00e9 (atout).<\/li>\n  <li>Excellentes comp\u00e9tences interpersonnelles et capacit\u00e9 \u00e0 travailler au sein d&#8217;une \u00e9quipe pluridisciplinaire avec un minimum de supervision.<\/li>\n  <li>Comp\u00e9tences av\u00e9r\u00e9es en mati\u00e8re d&#8217;organisation et de gestion du temps, avec une capacit\u00e9 \u00e0 g\u00e9rer efficacement plusieurs projets et priorit\u00e9s afin de respecter les d\u00e9lais.<\/li>\n  <li>Grand souci du d\u00e9tail et comp\u00e9tences en mati\u00e8re de r\u00e9solution de probl\u00e8mes.<\/li>\n  <li>La ma\u00eetrise de l&#8217;anglais est requise, le bilinguisme est un atout.<\/li>\n<\/ul>\n\t\t\t\t\t\t\t\t<\/div>\n\t\t\t\t<\/div>\n\t\t\t\t<div class=\"elementor-element elementor-element-63b95c2 elementor-align-left elementor-widget elementor-widget-button\" data-id=\"63b95c2\" data-element_type=\"widget\" data-e-type=\"widget\" data-widget_type=\"button.default\">\n\t\t\t\t<div class=\"elementor-widget-container\">\n\t\t\t\t\t\t\t\t\t<div class=\"elementor-button-wrapper\">\n\t\t\t\t\t<a class=\"elementor-button elementor-button-link elementor-size-sm\" href=\"https:\/\/careers.risepeople.com\/health-workforce-canada\/fr\/12816_analyste-principale-ou-analyste-principal,-donn%C3%A9es-et-planification\">\n\t\t\t\t\t\t<span class=\"elementor-button-content-wrapper\">\n\t\t\t\t\t\t<span class=\"elementor-button-icon\">\n\t\t\t\t<svg aria-hidden=\"true\" class=\"e-font-icon-svg e-fas-external-link-alt\" viewBox=\"0 0 512 512\" xmlns=\"http:\/\/www.w3.org\/2000\/svg\"><path d=\"M432,320H400a16,16,0,0,0-16,16V448H64V128H208a16,16,0,0,0,16-16V80a16,16,0,0,0-16-16H48A48,48,0,0,0,0,112V464a48,48,0,0,0,48,48H400a48,48,0,0,0,48-48V336A16,16,0,0,0,432,320ZM488,0h-128c-21.37,0-32.05,25.91-17,41l35.73,35.73L135,320.37a24,24,0,0,0,0,34L157.67,377a24,24,0,0,0,34,0L435.28,133.32,471,169c15,15,41,4.5,41-17V24A24,24,0,0,0,488,0Z\"><\/path><\/svg>\t\t\t<\/span>\n\t\t\t\t\t\t\t\t\t<span class=\"elementor-button-text\">Postulez ici<\/span>\n\t\t\t\t\t<\/span>\n\t\t\t\t\t<\/a>\n\t\t\t\t<\/div>\n\t\t\t\t\t\t\t\t<\/div>\n\t\t\t\t<\/div>\n\t\t\t\t<\/div>\n\t\t<div class=\"elementor-element elementor-element-299c552 e-con-full e-flex e-con e-child\" data-id=\"299c552\" data-element_type=\"container\" data-e-type=\"container\">\n\t\t<div class=\"elementor-element elementor-element-33e804f e-con-full e-flex e-con e-child\" data-id=\"33e804f\" data-element_type=\"container\" data-e-type=\"container\" data-settings=\"{&quot;background_background&quot;:&quot;classic&quot;}\">\n\t\t\t\t<div class=\"elementor-element elementor-element-50dca29 elementor-widget elementor-widget-heading\" data-id=\"50dca29\" data-element_type=\"widget\" data-e-type=\"widget\" data-widget_type=\"heading.default\">\n\t\t\t\t<div class=\"elementor-widget-container\">\n\t\t\t\t\t<h2 class=\"elementor-heading-title elementor-size-default\">Lieu\u202f:<\/h2>\t\t\t\t<\/div>\n\t\t\t\t<\/div>\n\t\t\t\t<div class=\"elementor-element elementor-element-e31b2f0 elementor-widget elementor-widget-text-editor\" data-id=\"e31b2f0\" data-element_type=\"widget\" data-e-type=\"widget\" data-widget_type=\"text-editor.default\">\n\t\t\t\t<div class=\"elementor-widget-container\">\n\t\t\t\t\t\t\t\t\t<p>Occasion d\u2019emploi virtuel \u00e0 temps partiel comportant des r\u00e9unions d\u2019\u00e9quipe en personne quelques fois par ann\u00e9e, d\u2019une dur\u00e9e de trois jours cons\u00e9cutifs tout au plus.<\/p>\t\t\t\t\t\t\t\t<\/div>\n\t\t\t\t<\/div>\n\t\t\t\t<div class=\"elementor-element elementor-element-ec20a4b elementor-widget elementor-widget-heading\" data-id=\"ec20a4b\" data-element_type=\"widget\" data-e-type=\"widget\" data-widget_type=\"heading.default\">\n\t\t\t\t<div class=\"elementor-widget-container\">\n\t\t\t\t\t<h2 class=\"elementor-heading-title elementor-size-default\">Sup\u00e9rieure ou sup\u00e9rieur hi\u00e9rarchique\u202f: <\/h2>\t\t\t\t<\/div>\n\t\t\t\t<\/div>\n\t\t\t\t<div class=\"elementor-element elementor-element-6f1c56c elementor-widget elementor-widget-text-editor\" data-id=\"6f1c56c\" data-element_type=\"widget\" data-e-type=\"widget\" data-widget_type=\"text-editor.default\">\n\t\t\t\t<div class=\"elementor-widget-container\">\n\t\t\t\t\t\t\t\t\tResponsable de programme, Donn\u00e9es et planification \t\t\t\t\t\t\t\t<\/div>\n\t\t\t\t<\/div>\n\t\t\t\t<div class=\"elementor-element elementor-element-45be6d8 elementor-widget elementor-widget-heading\" data-id=\"45be6d8\" data-element_type=\"widget\" data-e-type=\"widget\" data-widget_type=\"heading.default\">\n\t\t\t\t<div class=\"elementor-widget-container\">\n\t\t\t\t\t<h2 class=\"elementor-heading-title elementor-size-default\">Date de cl\u00f4ture<\/h2>\t\t\t\t<\/div>\n\t\t\t\t<\/div>\n\t\t\t\t<div class=\"elementor-element elementor-element-05bca45 elementor-widget elementor-widget-text-editor\" data-id=\"05bca45\" data-element_type=\"widget\" data-e-type=\"widget\" data-widget_type=\"text-editor.default\">\n\t\t\t\t<div class=\"elementor-widget-container\">\n\t\t\t\t\t\t\t\t\t<p>6 juin\u00a0<\/p>\t\t\t\t\t\t\t\t<\/div>\n\t\t\t\t<\/div>\n\t\t\t\t<div class=\"elementor-element elementor-element-9a175db elementor-position-inline-start elementor-view-default elementor-mobile-position-block-start elementor-widget elementor-widget-icon-box\" data-id=\"9a175db\" data-element_type=\"widget\" data-e-type=\"widget\" data-widget_type=\"icon-box.default\">\n\t\t\t\t<div class=\"elementor-widget-container\">\n\t\t\t\t\t\t\t<div class=\"elementor-icon-box-wrapper\">\n\n\t\t\t\t\t\t<div class=\"elementor-icon-box-icon\">\n\t\t\t\t<a href=\"https:\/\/careers.risepeople.com\/health-workforce-canada\/fr\/12816_analyste-principale-ou-analyste-principal,-donn%C3%A9es-et-planification\" class=\"elementor-icon\" tabindex=\"-1\">\n\t\t\t\t<svg aria-hidden=\"true\" class=\"e-font-icon-svg e-fas-external-link-alt\" viewBox=\"0 0 512 512\" xmlns=\"http:\/\/www.w3.org\/2000\/svg\"><path d=\"M432,320H400a16,16,0,0,0-16,16V448H64V128H208a16,16,0,0,0,16-16V80a16,16,0,0,0-16-16H48A48,48,0,0,0,0,112V464a48,48,0,0,0,48,48H400a48,48,0,0,0,48-48V336A16,16,0,0,0,432,320ZM488,0h-128c-21.37,0-32.05,25.91-17,41l35.73,35.73L135,320.37a24,24,0,0,0,0,34L157.67,377a24,24,0,0,0,34,0L435.28,133.32,471,169c15,15,41,4.5,41-17V24A24,24,0,0,0,488,0Z\"><\/path><\/svg>\t\t\t\t<\/a>\n\t\t\t<\/div>\n\t\t\t\n\t\t\t\t\t\t<div class=\"elementor-icon-box-content\">\n\n\t\t\t\t\n\t\t\t\t\t\t\t\t\t<p class=\"elementor-icon-box-description\">\n\t\t\t\t\t\t<a href=\"https:\/\/careers.risepeople.com\/health-workforce-canada\/fr\/12816_analyste-principale-ou-analyste-principal,-donn%C3%A9es-et-planification\" target=\"_blank\">Postulez ici<\/a>\n\t\t\t\t\t<\/p>\n\t\t\t\t\n\t\t\t<\/div>\n\t\t\t\n\t\t<\/div>\n\t\t\t\t\t\t<\/div>\n\t\t\t\t<\/div>\n\t\t\t\t<\/div>\n\t\t\t\t<div class=\"elementor-element elementor-element-7b5a65c elementor-widget elementor-widget-heading\" data-id=\"7b5a65c\" data-element_type=\"widget\" data-e-type=\"widget\" data-widget_type=\"heading.default\">\n\t\t\t\t<div class=\"elementor-widget-container\">\n\t\t\t\t\t<h2 class=\"elementor-heading-title elementor-size-default\">\u00c0 propos d\u2019Effectif de la sant\u00e9 Canada<\/h2>\t\t\t\t<\/div>\n\t\t\t\t<\/div>\n\t\t\t\t<div class=\"elementor-element elementor-element-b39952a elementor-widget elementor-widget-text-editor\" data-id=\"b39952a\" data-element_type=\"widget\" data-e-type=\"widget\" data-widget_type=\"text-editor.default\">\n\t\t\t\t<div class=\"elementor-widget-container\">\n\t\t\t\t\t\t\t\t\t<p>Effectif de la sant\u00e9 Canada est un nouvel organisme ind\u00e9pendant cr\u00e9\u00e9 en 2023 par un comit\u00e9 directeur et financ\u00e9 par Sant\u00e9 Canada. L\u2019organisme rassemble des sp\u00e9cialistes de la main-d\u2019\u0153uvre en sant\u00e9 afin qu\u2019ils apprennent les uns des autres pour renforcer les donn\u00e9es et la planification de la main-d\u2019\u0153uvre en sant\u00e9 et, tous ensemble, faire en sorte que les travailleurs de la sant\u00e9 soient l\u00e0 pour fournir les soins dont la population canadienne a besoin.  <\/p>\t\t\t\t\t\t\t\t<\/div>\n\t\t\t\t<\/div>\n\t\t\t\t<\/div>\n\t\t\t\t\t<\/div>\n\t\t\t\t<\/div>\n\t\t\t\t<\/div>\n\t\t","protected":false},"featured_media":0,"parent":0,"template":"","meta":{"_acf_changed":false},"career-posting-status":[6],"class_list":["post-1819","career","type-career","status-publish","hentry","career-posting-status-completed"],"acf":[],"yoast_head":"<!-- This site is optimized with the Yoast SEO plugin v27.2 - https:\/\/yoast.com\/product\/yoast-seo-wordpress\/ -->\n<title>Analyste principale ou analyste principal, Donn\u00e9es et planification\u00a0(2 temporary positions available to March 31, 2026) - Health Workforce Canada<\/title>\n<meta name=\"robots\" content=\"noindex, follow\" \/>\n<meta property=\"og:locale\" content=\"fr_FR\" \/>\n<meta property=\"og:type\" content=\"article\" \/>\n<meta property=\"og:title\" content=\"Analyste principale ou analyste principal, Donn\u00e9es et planification\u00a0(2 temporary positions available to March 31, 2026) - Health Workforce Canada\" \/>\n<meta property=\"og:description\" content=\"retour aux carri\u00e8res R\u00e9sum\u00e9 des fonctions Effectif de la sant\u00e9 Canada a \u00e9t\u00e9 \u00e9tabli en 2023 pour renforcer les donn\u00e9es et la planification de la main-d\u2019\u0153uvre en sant\u00e9 et faire en sorte que les personnes qui en font partie soient l\u00e0 pour fournir les soins dont la population a besoin. Avec nos partenaires, nous r\u00e9unissons [&hellip;]\" \/>\n<meta property=\"og:url\" content=\"https:\/\/healthworkforce.ca\/fr\/carriere\/analyste-principal-donnees-et-planification-2\/\" \/>\n<meta property=\"og:site_name\" content=\"Health Workforce Canada\" \/>\n<meta property=\"article:modified_time\" content=\"2025-07-03T21:30:08+00:00\" \/>\n<meta name=\"twitter:card\" content=\"summary_large_image\" \/>\n<meta name=\"twitter:label1\" content=\"Dur\u00e9e de lecture estim\u00e9e\" \/>\n\t<meta name=\"twitter:data1\" content=\"6 minutes\" \/>\n<script type=\"application\/ld+json\" class=\"yoast-schema-graph\">{\"@context\":\"https:\/\/schema.org\",\"@graph\":[{\"@type\":\"WebPage\",\"@id\":\"https:\/\/healthworkforce.ca\/fr\/carriere\/analyste-principal-donnees-et-planification-2\/\",\"url\":\"https:\/\/healthworkforce.ca\/fr\/carriere\/analyste-principal-donnees-et-planification-2\/\",\"name\":\"Analyste principale ou analyste principal, Donn\u00e9es et planification\u00a0(2 temporary positions available to March 31, 2026) - Health Workforce Canada\",\"isPartOf\":{\"@id\":\"https:\/\/healthworkforce.ca\/fr\/#website\"},\"datePublished\":\"2025-05-22T15:32:44+00:00\",\"dateModified\":\"2025-07-03T21:30:08+00:00\",\"breadcrumb\":{\"@id\":\"https:\/\/healthworkforce.ca\/fr\/carriere\/analyste-principal-donnees-et-planification-2\/#breadcrumb\"},\"inLanguage\":\"fr-FR\",\"potentialAction\":[{\"@type\":\"ReadAction\",\"target\":[\"https:\/\/healthworkforce.ca\/fr\/carriere\/analyste-principal-donnees-et-planification-2\/\"]}]},{\"@type\":\"BreadcrumbList\",\"@id\":\"https:\/\/healthworkforce.ca\/fr\/carriere\/analyste-principal-donnees-et-planification-2\/#breadcrumb\",\"itemListElement\":[]},{\"@type\":\"WebSite\",\"@id\":\"https:\/\/healthworkforce.ca\/fr\/#website\",\"url\":\"https:\/\/healthworkforce.ca\/fr\/\",\"name\":\"Health Workforce Canada\",\"description\":\"\",\"publisher\":{\"@id\":\"https:\/\/healthworkforce.ca\/fr\/#organization\"},\"potentialAction\":[{\"@type\":\"SearchAction\",\"target\":{\"@type\":\"EntryPoint\",\"urlTemplate\":\"https:\/\/healthworkforce.ca\/fr\/?s={search_term_string}\"},\"query-input\":{\"@type\":\"PropertyValueSpecification\",\"valueRequired\":true,\"valueName\":\"search_term_string\"}}],\"inLanguage\":\"fr-FR\"},{\"@type\":\"Organization\",\"@id\":\"https:\/\/healthworkforce.ca\/fr\/#organization\",\"name\":\"Health Workforce Canada\",\"alternateName\":\"HWC\",\"url\":\"https:\/\/healthworkforce.ca\/fr\/\",\"logo\":{\"@type\":\"ImageObject\",\"inLanguage\":\"fr-FR\",\"@id\":\"https:\/\/healthworkforce.ca\/fr\/#\/schema\/logo\/image\/\",\"url\":\"https:\/\/healthworkforce.ca\/wp-content\/uploads\/2024\/06\/HWC-logo.svg\",\"contentUrl\":\"https:\/\/healthworkforce.ca\/wp-content\/uploads\/2024\/06\/HWC-logo.svg\",\"width\":1871,\"height\":344,\"caption\":\"Health Workforce Canada\"},\"image\":{\"@id\":\"https:\/\/healthworkforce.ca\/fr\/#\/schema\/logo\/image\/\"},\"sameAs\":[\"https:\/\/www.linkedin.com\/company\/health-workforce-canada\/\"]}]}<\/script>\n<!-- \/ Yoast SEO plugin. -->","yoast_head_json":{"title":"Analyste principale ou analyste principal, Donn\u00e9es et planification\u00a0(2 temporary positions available to March 31, 2026) - Health Workforce Canada","robots":{"index":"noindex","follow":"follow"},"og_locale":"fr_FR","og_type":"article","og_title":"Analyste principale ou analyste principal, Donn\u00e9es et planification\u00a0(2 temporary positions available to March 31, 2026) - Health Workforce Canada","og_description":"retour aux carri\u00e8res R\u00e9sum\u00e9 des fonctions Effectif de la sant\u00e9 Canada a \u00e9t\u00e9 \u00e9tabli en 2023 pour renforcer les donn\u00e9es et la planification de la main-d\u2019\u0153uvre en sant\u00e9 et faire en sorte que les personnes qui en font partie soient l\u00e0 pour fournir les soins dont la population a besoin. Avec nos partenaires, nous r\u00e9unissons [&hellip;]","og_url":"https:\/\/healthworkforce.ca\/fr\/carriere\/analyste-principal-donnees-et-planification-2\/","og_site_name":"Health Workforce Canada","article_modified_time":"2025-07-03T21:30:08+00:00","twitter_card":"summary_large_image","twitter_misc":{"Dur\u00e9e de lecture estim\u00e9e":"6 minutes"},"schema":{"@context":"https:\/\/schema.org","@graph":[{"@type":"WebPage","@id":"https:\/\/healthworkforce.ca\/fr\/carriere\/analyste-principal-donnees-et-planification-2\/","url":"https:\/\/healthworkforce.ca\/fr\/carriere\/analyste-principal-donnees-et-planification-2\/","name":"Analyste principale ou analyste principal, Donn\u00e9es et planification\u00a0(2 temporary positions available to March 31, 2026) - Health Workforce Canada","isPartOf":{"@id":"https:\/\/healthworkforce.ca\/fr\/#website"},"datePublished":"2025-05-22T15:32:44+00:00","dateModified":"2025-07-03T21:30:08+00:00","breadcrumb":{"@id":"https:\/\/healthworkforce.ca\/fr\/carriere\/analyste-principal-donnees-et-planification-2\/#breadcrumb"},"inLanguage":"fr-FR","potentialAction":[{"@type":"ReadAction","target":["https:\/\/healthworkforce.ca\/fr\/carriere\/analyste-principal-donnees-et-planification-2\/"]}]},{"@type":"BreadcrumbList","@id":"https:\/\/healthworkforce.ca\/fr\/carriere\/analyste-principal-donnees-et-planification-2\/#breadcrumb","itemListElement":[]},{"@type":"WebSite","@id":"https:\/\/healthworkforce.ca\/fr\/#website","url":"https:\/\/healthworkforce.ca\/fr\/","name":"Health Workforce Canada","description":"","publisher":{"@id":"https:\/\/healthworkforce.ca\/fr\/#organization"},"potentialAction":[{"@type":"SearchAction","target":{"@type":"EntryPoint","urlTemplate":"https:\/\/healthworkforce.ca\/fr\/?s={search_term_string}"},"query-input":{"@type":"PropertyValueSpecification","valueRequired":true,"valueName":"search_term_string"}}],"inLanguage":"fr-FR"},{"@type":"Organization","@id":"https:\/\/healthworkforce.ca\/fr\/#organization","name":"Health Workforce Canada","alternateName":"HWC","url":"https:\/\/healthworkforce.ca\/fr\/","logo":{"@type":"ImageObject","inLanguage":"fr-FR","@id":"https:\/\/healthworkforce.ca\/fr\/#\/schema\/logo\/image\/","url":"https:\/\/healthworkforce.ca\/wp-content\/uploads\/2024\/06\/HWC-logo.svg","contentUrl":"https:\/\/healthworkforce.ca\/wp-content\/uploads\/2024\/06\/HWC-logo.svg","width":1871,"height":344,"caption":"Health Workforce Canada"},"image":{"@id":"https:\/\/healthworkforce.ca\/fr\/#\/schema\/logo\/image\/"},"sameAs":["https:\/\/www.linkedin.com\/company\/health-workforce-canada\/"]}]}},"_links":{"self":[{"href":"https:\/\/healthworkforce.ca\/fr\/wp-json\/wp\/v2\/career\/1819","targetHints":{"allow":["GET"]}}],"collection":[{"href":"https:\/\/healthworkforce.ca\/fr\/wp-json\/wp\/v2\/career"}],"about":[{"href":"https:\/\/healthworkforce.ca\/fr\/wp-json\/wp\/v2\/types\/career"}],"version-history":[{"count":0,"href":"https:\/\/healthworkforce.ca\/fr\/wp-json\/wp\/v2\/career\/1819\/revisions"}],"wp:attachment":[{"href":"https:\/\/healthworkforce.ca\/fr\/wp-json\/wp\/v2\/media?parent=1819"}],"wp:term":[{"taxonomy":"career-posting-status","embeddable":true,"href":"https:\/\/healthworkforce.ca\/fr\/wp-json\/wp\/v2\/career-posting-status?post=1819"}],"curies":[{"name":"wp","href":"https:\/\/api.w.org\/{rel}","templated":true}]}}