{"id":1752,"date":"2025-04-25T15:19:57","date_gmt":"2025-04-25T15:19:57","guid":{"rendered":"https:\/\/healthworkforce.ca\/?post_type=career&#038;p=1752"},"modified":"2025-07-03T21:30:41","modified_gmt":"2025-07-03T21:30:41","slug":"responsable-de-programme-donnees-et-planificationposte-contractuel-jusquau-31-mars-2026","status":"publish","type":"career","link":"https:\/\/healthworkforce.ca\/fr\/carriere\/responsable-de-programme-donnees-et-planificationposte-contractuel-jusquau-31-mars-2026\/","title":{"rendered":"Responsable de programme, Donn\u00e9es et planification<br>(Poste contractuel, jusqu\u2019au 31 mars 2026)"},"content":{"rendered":"\t\t<div data-elementor-type=\"wp-post\" data-elementor-id=\"1752\" class=\"elementor elementor-1752 elementor-1751\" data-elementor-post-type=\"career\">\n\t\t\t\t<div class=\"elementor-element elementor-element-9ca343f e-flex e-con-boxed e-con e-parent\" data-id=\"9ca343f\" data-element_type=\"container\" data-e-type=\"container\">\n\t\t\t\t\t<div class=\"e-con-inner\">\n\t\t\t\t<div class=\"elementor-element elementor-element-e583457 elementor-icon-list--layout-traditional elementor-list-item-link-full_width elementor-widget elementor-widget-icon-list\" data-id=\"e583457\" data-element_type=\"widget\" data-e-type=\"widget\" data-widget_type=\"icon-list.default\">\n\t\t\t\t<div class=\"elementor-widget-container\">\n\t\t\t\t\t\t\t<ul class=\"elementor-icon-list-items\">\n\t\t\t\t\t\t\t<li class=\"elementor-icon-list-item\">\n\t\t\t\t\t\t\t\t\t\t\t<a href=\"https:\/\/healthworkforce.ca\/fr\/carrieres\/\">\n\n\t\t\t\t\t\t\t\t\t\t\t\t<span class=\"elementor-icon-list-icon\">\n\t\t\t\t\t\t\t<svg aria-hidden=\"true\" class=\"e-font-icon-svg e-fas-arrow-left\" viewBox=\"0 0 448 512\" xmlns=\"http:\/\/www.w3.org\/2000\/svg\"><path d=\"M257.5 445.1l-22.2 22.2c-9.4 9.4-24.6 9.4-33.9 0L7 273c-9.4-9.4-9.4-24.6 0-33.9L201.4 44.7c9.4-9.4 24.6-9.4 33.9 0l22.2 22.2c9.5 9.5 9.3 25-.4 34.3L136.6 216H424c13.3 0 24 10.7 24 24v32c0 13.3-10.7 24-24 24H136.6l120.5 114.8c9.8 9.3 10 24.8.4 34.3z\"><\/path><\/svg>\t\t\t\t\t\t<\/span>\n\t\t\t\t\t\t\t\t\t\t<span class=\"elementor-icon-list-text\">retour aux carri\u00e8res<\/span>\n\t\t\t\t\t\t\t\t\t\t\t<\/a>\n\t\t\t\t\t\t\t\t\t<\/li>\n\t\t\t\t\t\t<\/ul>\n\t\t\t\t\t\t<\/div>\n\t\t\t\t<\/div>\n\t\t\t\t<div class=\"elementor-element elementor-element-0fd064e elementor-widget elementor-widget-heading\" data-id=\"0fd064e\" data-element_type=\"widget\" data-e-type=\"widget\" data-widget_type=\"heading.default\">\n\t\t\t\t<div class=\"elementor-widget-container\">\n\t\t\t\t\t<h2 class=\"elementor-heading-title elementor-size-default\">Responsable de programme, Donn\u00e9es et planification<br>(Poste contractuel, jusqu\u2019au 31 mars 2026)<\/h2>\t\t\t\t<\/div>\n\t\t\t\t<\/div>\n\t\t\t\t<div class=\"elementor-element elementor-element-4fc1bd4 elementor-widget-divider--view-line elementor-widget elementor-widget-divider\" data-id=\"4fc1bd4\" data-element_type=\"widget\" data-e-type=\"widget\" data-widget_type=\"divider.default\">\n\t\t\t\t<div class=\"elementor-widget-container\">\n\t\t\t\t\t\t\t<div class=\"elementor-divider\">\n\t\t\t<span class=\"elementor-divider-separator\">\n\t\t\t\t\t\t<\/span>\n\t\t<\/div>\n\t\t\t\t\t\t<\/div>\n\t\t\t\t<\/div>\n\t\t\t\t\t<\/div>\n\t\t\t\t<\/div>\n\t\t<div class=\"elementor-element elementor-element-e3022e4 e-flex e-con-boxed e-con e-parent\" data-id=\"e3022e4\" data-element_type=\"container\" data-e-type=\"container\">\n\t\t\t\t\t<div class=\"e-con-inner\">\n\t\t<div class=\"elementor-element elementor-element-3f562ee e-con-full e-flex e-con e-child\" data-id=\"3f562ee\" data-element_type=\"container\" data-e-type=\"container\">\n\t\t\t\t<div class=\"elementor-element elementor-element-8e5db4a elementor-widget elementor-widget-heading\" data-id=\"8e5db4a\" data-element_type=\"widget\" data-e-type=\"widget\" data-widget_type=\"heading.default\">\n\t\t\t\t<div class=\"elementor-widget-container\">\n\t\t\t\t\t<h2 class=\"elementor-heading-title elementor-size-default\">R\u00e9sum\u00e9 des fonctions<\/h2>\t\t\t\t<\/div>\n\t\t\t\t<\/div>\n\t\t\t\t<div class=\"elementor-element elementor-element-c7f0e2e elementor-widget elementor-widget-text-editor\" data-id=\"c7f0e2e\" data-element_type=\"widget\" data-e-type=\"widget\" data-widget_type=\"text-editor.default\">\n\t\t\t\t<div class=\"elementor-widget-container\">\n\t\t\t\t\t\t\t\t\t<p>Effectif de la sant\u00e9 Canada est un nouvel organisme ind\u00e9pendant ayant pour mission de rassembler des sp\u00e9cialistes de la main-d\u2019\u0153uvre en sant\u00e9 et des personnes travaillant dans le domaine des soins de sant\u00e9 afin qu\u2019ils apprennent les uns des autres et renforcent les donn\u00e9es et la planification de la main-d\u2019\u0153uvre en sant\u00e9, de fa\u00e7on \u00e0 aider celle-ci \u00e0 fournir les soins n\u00e9cessaires \u00e0 la population canadienne.<\/p>\n<p>Effectif de la sant\u00e9 Canada a d\u00e9fini un certain nombre de priorit\u00e9s pour contribuer \u00e0 r\u00e9soudre les principaux probl\u00e8mes li\u00e9s \u00e0 la main-d\u2019\u0153uvre en sant\u00e9 au Canada. Ces priorit\u00e9s comprennent l\u2019\u00e9tablissement de liens avec le milieu de la main-d\u2019\u0153uvre en sant\u00e9, l\u2019am\u00e9lioration des donn\u00e9es sur cette main-d\u2019\u0153uvre et l\u2019acc\u00e8s \u00e0 celles-ci gr\u00e2ce \u00e0 la cr\u00e9ation de tableaux de bord, aux premiers travaux d\u2019Effectif de la sant\u00e9 Canada en mati\u00e8re de pr\u00e9visions et de mod\u00e9lisation et \u00e0 la communication des mesures qui fonctionnent dans l\u2019espace de la main-d\u2019\u0153uvre en sant\u00e9. <\/p>\n<p>La personne titulaire du poste de resonsable de programme, Donn\u00e9es et planification est charg\u00e9e de d\u00e9terminer et de diriger les activit\u00e9s de soutien du travail, de fa\u00e7on \u00e0 permettre la r\u00e9alisation des priorit\u00e9s strat\u00e9giques d\u2019Effectif de la sant\u00e9 Canada, dont l\u2019\u00e9laboration d\u2019une strat\u00e9gie pancanadienne de donn\u00e9es sur la main-d\u2019\u0153uvre en sant\u00e9.<\/p>\n\t\t\t\t\t\t\t\t<\/div>\n\t\t\t\t<\/div>\n\t\t\t\t<div class=\"elementor-element elementor-element-f6e17f7 elementor-widget elementor-widget-heading\" data-id=\"f6e17f7\" data-element_type=\"widget\" data-e-type=\"widget\" data-widget_type=\"heading.default\">\n\t\t\t\t<div class=\"elementor-widget-container\">\n\t\t\t\t\t<h2 class=\"elementor-heading-title elementor-size-default\">Fonctions et responsabilit\u00e9s<\/h2>\t\t\t\t<\/div>\n\t\t\t\t<\/div>\n\t\t\t\t<div class=\"elementor-element elementor-element-79b94e9 elementor-widget elementor-widget-text-editor\" data-id=\"79b94e9\" data-element_type=\"widget\" data-e-type=\"widget\" data-widget_type=\"text-editor.default\">\n\t\t\t\t<div class=\"elementor-widget-container\">\n\t\t\t\t\t\t\t\t\t<ul>\n<li>Soutenir la planification et la r\u00e9alisation de projets visant \u00e0 appuyer les initiatives strat\u00e9giques en mati\u00e8re de main-d\u2019\u0153uvre en sant\u00e9 jug\u00e9es prioritaires par Effectif de la sant\u00e9 Canada.<\/li>\n<li>Diriger la recherche, l\u2019analyse de l\u2019environnement et la consultation interne et externe sur la strat\u00e9gie d\u2019Effectif de la sant\u00e9 Canada de donn\u00e9es sur la main-d\u2019\u0153uvre en sant\u00e9.<\/li>\n<li>Planifier et diriger la participation des parties prenantes au groupe consultatif sur la strat\u00e9gie pancanadienne de donn\u00e9es sur la main-d\u2019\u0153uvre en sant\u00e9, ce qui comprend la sensibilisation des sous-groupes concern\u00e9s pour garantir la repr\u00e9sentation des experts en la mati\u00e8re, et veiller \u00e0 la coordination des r\u00e9unions, virtuelles ou en personne. <\/li>\n<li>Diriger l\u2019\u00e9laboration du mat\u00e9riel d\u2019information relatif \u00e0 la strat\u00e9gie de donn\u00e9es sur la main-d\u2019\u0153uvre en sant\u00e9, y compris la pr\u00e9paration et la pr\u00e9sentation de ce mat\u00e9riel \u00e0 des publics internes et externes.<\/li>\n<li>Faciliter la collaboration avec d\u2019autres \u00e9quipes d\u2019Effectif de la sant\u00e9 Canada en organisant des r\u00e9unions, ou en y participant, pour soutenir les initiatives de l\u2019organisme qui sont conformes \u00e0 son plan strat\u00e9gique.<\/li>\n<li>Suivre l\u2019\u00e9volution des paysages des sciences de l\u2019information en sant\u00e9, de la sant\u00e9 num\u00e9rique et de la main-d\u2019\u0153uvre en sant\u00e9 afin de cerner les nouveaux enjeux et les nouveaux d\u00e9bouch\u00e9s susceptibles de contribuer au travail relatif \u00e0 la strat\u00e9gie d\u2019Effectif de la sant\u00e9 Canada et \u00e0 son travail strat\u00e9gique plus large.<\/li>\n<li>Diriger l\u2019\u00e9laboration des plans de travail, y compris la planification des ressources, l\u2019\u00e9tablissement des calendriers de projets et la production de rapports. Fournir p\u00e9riodiquement des rapports d\u2019avancement \u00e0 la superviseure ou au superviseur hi\u00e9rarchique. <\/li>\n<li>Superviser un consultant externe, en lui fournissant des conseils, une orientation et de la r\u00e9troaction.<\/li>\n<li>Compter parmi les membres d\u2019une \u00e9quipe matricielle active dans l\u2019ensemble de l\u2019organisme afin d\u2019offrir du soutien dans d\u2019autres domaines \u00e0 la Direction des donn\u00e9es et de la planification et \u00e0 d\u2019autres \u00e9quipes. Il peut s\u2019agir notamment de soutien en mati\u00e8re de cr\u00e9ation de tableaux de bord, d\u2019analyses de mod\u00e9lisation et d\u2019activit\u00e9s de mobilisation des parties prenantes.<\/li>\n<li>Contribuer \u00e0 la promotion d\u2019Effectif de la sant\u00e9 Canada en participant \u00e0 des comit\u00e9s externes et \u00e0 des pr\u00e9sentations ou en assistant \u00e0 des conf\u00e9rences et \u00e0 d\u2019autres activit\u00e9s, le cas \u00e9ch\u00e9ant.<\/li>\n<\/ul>\n\t\t\t\t\t\t\t\t<\/div>\n\t\t\t\t<\/div>\n\t\t\t\t<div class=\"elementor-element elementor-element-c8a3ce8 elementor-widget elementor-widget-heading\" data-id=\"c8a3ce8\" data-element_type=\"widget\" data-e-type=\"widget\" data-widget_type=\"heading.default\">\n\t\t\t\t<div class=\"elementor-widget-container\">\n\t\t\t\t\t<h2 class=\"elementor-heading-title elementor-size-default\">Connaissances et exp\u00e9rience<\/h2>\t\t\t\t<\/div>\n\t\t\t\t<\/div>\n\t\t\t\t<div class=\"elementor-element elementor-element-87cb7a6 elementor-widget elementor-widget-text-editor\" data-id=\"87cb7a6\" data-element_type=\"widget\" data-e-type=\"widget\" data-widget_type=\"text-editor.default\">\n\t\t\t\t<div class=\"elementor-widget-container\">\n\t\t\t\t\t\t\t\t\t<ul>\n<li>Ma\u00eetrise en sciences de la sant\u00e9, en sciences sociales, en sciences de l\u2019information en sant\u00e9, en politiques de la sant\u00e9, en administration ou dans un autre domaine pertinent, ou combinaison \u00e9quivalente d\u2019exp\u00e9rience et de scolarit\u00e9.<\/li>\n<li>Quatre\u202f(4) ans d\u2019exp\u00e9rience dans le domaine des donn\u00e9es et de renseignements relatifs \u00e0 la main-d\u2019\u0153uvre en sant\u00e9.<\/li>\n<li>Trois\u202f(3) ans d\u2019exp\u00e9rience de travail avec des parties prenantes du secteur de la main-d\u2019\u0153uvre en sant\u00e9.<\/li>\n<li>Une solide exp\u00e9rience en mati\u00e8re de mobilisation d\u2019\u00e9quipes et de gestion de projets.<\/li>\n<li>Bonne compr\u00e9hension de la main-d\u2019\u0153uvre en sant\u00e9 au Canada et de l\u2019\u00e9ventail des parties prenantes dans l\u2019\u00e9cosyst\u00e8me du personnel de la sant\u00e9.<\/li>\n<li>Solide compr\u00e9hension de la structure g\u00e9n\u00e9rale du syst\u00e8me de sant\u00e9 canadien, des gouvernements f\u00e9d\u00e9ral et provinciaux et des besoins en mati\u00e8re d\u2019information des d\u00e9cideurs.<\/li>\n<li>Excellentes aptitudes en communication orale et \u00e9crite, en relations interpersonnelles ainsi qu\u2019en animation et en pr\u00e9sentation.<\/li>\n<li>Exp\u00e9rience du soutien \u00e0 la client\u00e8le, de la formation et de la planification des communications dans le secteur de la sant\u00e9 (atout).<\/li>\n<li>Exp\u00e9rience de la gestion de plusieurs projets complexes. Grand sens de l\u2019organisation, aptitudes pour la gestion du temps et minutie av\u00e9r\u00e9e. <\/li>\n<li>Aptitude \u00e0 diriger une \u00e9quipe matricielle et \u00e0 y prendre part.<\/li>\n<li>Capacit\u00e9 d\u2019effectuer les d\u00e9placements requis.<\/li>\n<li>La ma\u00eetrise de l&#8217;anglais est requise, le bilinguisme est un atout.<\/li>\n<\/ul>\n\t\t\t\t\t\t\t\t<\/div>\n\t\t\t\t<\/div>\n\t\t\t\t<div class=\"elementor-element elementor-element-a0ba7bd elementor-align-left elementor-widget elementor-widget-button\" data-id=\"a0ba7bd\" data-element_type=\"widget\" data-e-type=\"widget\" data-widget_type=\"button.default\">\n\t\t\t\t<div class=\"elementor-widget-container\">\n\t\t\t\t\t\t\t\t\t<div class=\"elementor-button-wrapper\">\n\t\t\t\t\t<a class=\"elementor-button elementor-button-link elementor-size-sm\" href=\"https:\/\/careers.risepeople.com\/health-workforce-canada\/en\/12581_responsable-de-programme\">\n\t\t\t\t\t\t<span class=\"elementor-button-content-wrapper\">\n\t\t\t\t\t\t<span class=\"elementor-button-icon\">\n\t\t\t\t<svg aria-hidden=\"true\" class=\"e-font-icon-svg e-fas-external-link-alt\" viewBox=\"0 0 512 512\" xmlns=\"http:\/\/www.w3.org\/2000\/svg\"><path d=\"M432,320H400a16,16,0,0,0-16,16V448H64V128H208a16,16,0,0,0,16-16V80a16,16,0,0,0-16-16H48A48,48,0,0,0,0,112V464a48,48,0,0,0,48,48H400a48,48,0,0,0,48-48V336A16,16,0,0,0,432,320ZM488,0h-128c-21.37,0-32.05,25.91-17,41l35.73,35.73L135,320.37a24,24,0,0,0,0,34L157.67,377a24,24,0,0,0,34,0L435.28,133.32,471,169c15,15,41,4.5,41-17V24A24,24,0,0,0,488,0Z\"><\/path><\/svg>\t\t\t<\/span>\n\t\t\t\t\t\t\t\t\t<span class=\"elementor-button-text\">Postulez ici<\/span>\n\t\t\t\t\t<\/span>\n\t\t\t\t\t<\/a>\n\t\t\t\t<\/div>\n\t\t\t\t\t\t\t\t<\/div>\n\t\t\t\t<\/div>\n\t\t\t\t<\/div>\n\t\t<div class=\"elementor-element elementor-element-edfd5f9 e-con-full e-flex e-con e-child\" data-id=\"edfd5f9\" data-element_type=\"container\" data-e-type=\"container\">\n\t\t<div class=\"elementor-element elementor-element-1aa038a e-con-full e-flex e-con e-child\" data-id=\"1aa038a\" data-element_type=\"container\" data-e-type=\"container\" data-settings=\"{&quot;background_background&quot;:&quot;classic&quot;}\">\n\t\t\t\t<div class=\"elementor-element elementor-element-8fd6c8f elementor-widget elementor-widget-heading\" data-id=\"8fd6c8f\" data-element_type=\"widget\" data-e-type=\"widget\" data-widget_type=\"heading.default\">\n\t\t\t\t<div class=\"elementor-widget-container\">\n\t\t\t\t\t<h2 class=\"elementor-heading-title elementor-size-default\">Lieu\u202f:<\/h2>\t\t\t\t<\/div>\n\t\t\t\t<\/div>\n\t\t\t\t<div class=\"elementor-element elementor-element-b84bfc5 elementor-widget elementor-widget-text-editor\" data-id=\"b84bfc5\" data-element_type=\"widget\" data-e-type=\"widget\" data-widget_type=\"text-editor.default\">\n\t\t\t\t<div class=\"elementor-widget-container\">\n\t\t\t\t\t\t\t\t\t<p>Occasion d\u2019emploi virtuel comportant des r\u00e9unions d\u2019\u00e9quipe en personne jusqu\u2019\u00e0 trois fois par an, d\u2019une dur\u00e9e de trois jours cons\u00e9cutifs tout au plus.<\/p>\t\t\t\t\t\t\t\t<\/div>\n\t\t\t\t<\/div>\n\t\t\t\t<div class=\"elementor-element elementor-element-553710c elementor-widget elementor-widget-heading\" data-id=\"553710c\" data-element_type=\"widget\" data-e-type=\"widget\" data-widget_type=\"heading.default\">\n\t\t\t\t<div class=\"elementor-widget-container\">\n\t\t\t\t\t<h2 class=\"elementor-heading-title elementor-size-default\">Sup\u00e9rieure ou sup\u00e9rieur hi\u00e9rarchique\u202f: <\/h2>\t\t\t\t<\/div>\n\t\t\t\t<\/div>\n\t\t\t\t<div class=\"elementor-element elementor-element-f7a08c3 elementor-widget elementor-widget-text-editor\" data-id=\"f7a08c3\" data-element_type=\"widget\" data-e-type=\"widget\" data-widget_type=\"text-editor.default\">\n\t\t\t\t<div class=\"elementor-widget-container\">\n\t\t\t\t\t\t\t\t\t<p>Directeur, Donn\u00e9es et planification<\/p>\n\t\t\t\t\t\t\t\t<\/div>\n\t\t\t\t<\/div>\n\t\t\t\t<div class=\"elementor-element elementor-element-b97e543 elementor-widget elementor-widget-heading\" data-id=\"b97e543\" data-element_type=\"widget\" data-e-type=\"widget\" data-widget_type=\"heading.default\">\n\t\t\t\t<div class=\"elementor-widget-container\">\n\t\t\t\t\t<h2 class=\"elementor-heading-title elementor-size-default\">Date de cl\u00f4ture<\/h2>\t\t\t\t<\/div>\n\t\t\t\t<\/div>\n\t\t\t\t<div class=\"elementor-element elementor-element-1d30eaa elementor-widget elementor-widget-text-editor\" data-id=\"1d30eaa\" data-element_type=\"widget\" data-e-type=\"widget\" data-widget_type=\"text-editor.default\">\n\t\t\t\t<div class=\"elementor-widget-container\">\n\t\t\t\t\t\t\t\t\t9 mai 2025\t\t\t\t\t\t\t\t<\/div>\n\t\t\t\t<\/div>\n\t\t\t\t<div class=\"elementor-element elementor-element-7a5591b elementor-position-inline-start elementor-view-default elementor-mobile-position-block-start elementor-widget elementor-widget-icon-box\" data-id=\"7a5591b\" data-element_type=\"widget\" data-e-type=\"widget\" data-widget_type=\"icon-box.default\">\n\t\t\t\t<div class=\"elementor-widget-container\">\n\t\t\t\t\t\t\t<div class=\"elementor-icon-box-wrapper\">\n\n\t\t\t\t\t\t<div class=\"elementor-icon-box-icon\">\n\t\t\t\t<a href=\"https:\/\/careers.risepeople.com\/health-workforce-canada\/en\/12581_responsable-de-programme\" class=\"elementor-icon\" tabindex=\"-1\">\n\t\t\t\t<svg aria-hidden=\"true\" class=\"e-font-icon-svg e-fas-external-link-alt\" viewBox=\"0 0 512 512\" xmlns=\"http:\/\/www.w3.org\/2000\/svg\"><path d=\"M432,320H400a16,16,0,0,0-16,16V448H64V128H208a16,16,0,0,0,16-16V80a16,16,0,0,0-16-16H48A48,48,0,0,0,0,112V464a48,48,0,0,0,48,48H400a48,48,0,0,0,48-48V336A16,16,0,0,0,432,320ZM488,0h-128c-21.37,0-32.05,25.91-17,41l35.73,35.73L135,320.37a24,24,0,0,0,0,34L157.67,377a24,24,0,0,0,34,0L435.28,133.32,471,169c15,15,41,4.5,41-17V24A24,24,0,0,0,488,0Z\"><\/path><\/svg>\t\t\t\t<\/a>\n\t\t\t<\/div>\n\t\t\t\n\t\t\t\t\t\t<div class=\"elementor-icon-box-content\">\n\n\t\t\t\t\n\t\t\t\t\t\t\t\t\t<p class=\"elementor-icon-box-description\">\n\t\t\t\t\t\t<a href=\"https:\/\/careers.risepeople.com\/health-workforce-canada\/en\/12581_responsable-de-programme\">Postulez ici<\/a>\n\t\t\t\t\t<\/p>\n\t\t\t\t\n\t\t\t<\/div>\n\t\t\t\n\t\t<\/div>\n\t\t\t\t\t\t<\/div>\n\t\t\t\t<\/div>\n\t\t\t\t<\/div>\n\t\t\t\t<div class=\"elementor-element elementor-element-a87c7f9 elementor-widget elementor-widget-heading\" data-id=\"a87c7f9\" data-element_type=\"widget\" data-e-type=\"widget\" data-widget_type=\"heading.default\">\n\t\t\t\t<div class=\"elementor-widget-container\">\n\t\t\t\t\t<h2 class=\"elementor-heading-title elementor-size-default\">\u00c0 propos d\u2019Effectif de la sant\u00e9 Canada<\/h2>\t\t\t\t<\/div>\n\t\t\t\t<\/div>\n\t\t\t\t<div class=\"elementor-element elementor-element-2c5305f elementor-widget elementor-widget-text-editor\" data-id=\"2c5305f\" data-element_type=\"widget\" data-e-type=\"widget\" data-widget_type=\"text-editor.default\">\n\t\t\t\t<div class=\"elementor-widget-container\">\n\t\t\t\t\t\t\t\t\t<p>Effectif de la sant\u00e9 Canada est un nouvel organisme ind\u00e9pendant cr\u00e9\u00e9 en 2023 par un comit\u00e9 directeur et financ\u00e9 par Sant\u00e9 Canada. L\u2019organisme rassemble des sp\u00e9cialistes de la main-d\u2019\u0153uvre en sant\u00e9 afin qu\u2019ils apprennent les uns des autres pour renforcer les donn\u00e9es et la planification de la main-d\u2019\u0153uvre en sant\u00e9 et, tous ensemble, faire en sorte que les travailleurs de la sant\u00e9 soient l\u00e0 pour fournir les soins dont la population canadienne a besoin.  <\/p>\n\t\t\t\t\t\t\t\t<\/div>\n\t\t\t\t<\/div>\n\t\t\t\t<\/div>\n\t\t\t\t\t<\/div>\n\t\t\t\t<\/div>\n\t\t\t\t<\/div>\n\t\t","protected":false},"featured_media":0,"parent":0,"template":"","meta":{"_acf_changed":false},"career-posting-status":[6],"class_list":["post-1752","career","type-career","status-publish","hentry","career-posting-status-completed"],"acf":[],"yoast_head":"<!-- This site is optimized with the Yoast SEO plugin v27.2 - https:\/\/yoast.com\/product\/yoast-seo-wordpress\/ -->\n<title>Responsable de programme, Donn\u00e9es et planification(Poste contractuel, jusqu\u2019au 31 mars 2026) - Health Workforce Canada<\/title>\n<meta name=\"robots\" content=\"noindex, follow\" \/>\n<meta property=\"og:locale\" content=\"fr_FR\" \/>\n<meta property=\"og:type\" content=\"article\" \/>\n<meta property=\"og:title\" content=\"Responsable de programme, Donn\u00e9es et planification(Poste contractuel, jusqu\u2019au 31 mars 2026) - Health Workforce Canada\" \/>\n<meta property=\"og:description\" content=\"retour aux carri\u00e8res R\u00e9sum\u00e9 des fonctions Effectif de la sant\u00e9 Canada est un nouvel organisme ind\u00e9pendant ayant pour mission de rassembler des sp\u00e9cialistes de la main-d\u2019\u0153uvre en sant\u00e9 et des personnes travaillant dans le domaine des soins de sant\u00e9 afin qu\u2019ils apprennent les uns des autres et renforcent les donn\u00e9es et la planification de la [&hellip;]\" \/>\n<meta property=\"og:url\" content=\"https:\/\/healthworkforce.ca\/fr\/carriere\/responsable-de-programme-donnees-et-planificationposte-contractuel-jusquau-31-mars-2026\/\" \/>\n<meta property=\"og:site_name\" content=\"Health Workforce Canada\" \/>\n<meta property=\"article:modified_time\" content=\"2025-07-03T21:30:41+00:00\" \/>\n<meta name=\"twitter:card\" content=\"summary_large_image\" \/>\n<meta name=\"twitter:label1\" content=\"Dur\u00e9e de lecture estim\u00e9e\" \/>\n\t<meta name=\"twitter:data1\" content=\"5 minutes\" \/>\n<script type=\"application\/ld+json\" class=\"yoast-schema-graph\">{\"@context\":\"https:\/\/schema.org\",\"@graph\":[{\"@type\":\"WebPage\",\"@id\":\"https:\/\/healthworkforce.ca\/fr\/carriere\/responsable-de-programme-donnees-et-planificationposte-contractuel-jusquau-31-mars-2026\/\",\"url\":\"https:\/\/healthworkforce.ca\/fr\/carriere\/responsable-de-programme-donnees-et-planificationposte-contractuel-jusquau-31-mars-2026\/\",\"name\":\"Responsable de programme, Donn\u00e9es et planification (Poste contractuel, jusqu\u2019au 31 mars 2026) - Health Workforce Canada\",\"isPartOf\":{\"@id\":\"https:\/\/healthworkforce.ca\/fr\/#website\"},\"datePublished\":\"2025-04-25T15:19:57+00:00\",\"dateModified\":\"2025-07-03T21:30:41+00:00\",\"breadcrumb\":{\"@id\":\"https:\/\/healthworkforce.ca\/fr\/carriere\/responsable-de-programme-donnees-et-planificationposte-contractuel-jusquau-31-mars-2026\/#breadcrumb\"},\"inLanguage\":\"fr-FR\",\"potentialAction\":[{\"@type\":\"ReadAction\",\"target\":[\"https:\/\/healthworkforce.ca\/fr\/carriere\/responsable-de-programme-donnees-et-planificationposte-contractuel-jusquau-31-mars-2026\/\"]}]},{\"@type\":\"BreadcrumbList\",\"@id\":\"https:\/\/healthworkforce.ca\/fr\/carriere\/responsable-de-programme-donnees-et-planificationposte-contractuel-jusquau-31-mars-2026\/#breadcrumb\",\"itemListElement\":[]},{\"@type\":\"WebSite\",\"@id\":\"https:\/\/healthworkforce.ca\/fr\/#website\",\"url\":\"https:\/\/healthworkforce.ca\/fr\/\",\"name\":\"Health Workforce Canada\",\"description\":\"\",\"publisher\":{\"@id\":\"https:\/\/healthworkforce.ca\/fr\/#organization\"},\"potentialAction\":[{\"@type\":\"SearchAction\",\"target\":{\"@type\":\"EntryPoint\",\"urlTemplate\":\"https:\/\/healthworkforce.ca\/fr\/?s={search_term_string}\"},\"query-input\":{\"@type\":\"PropertyValueSpecification\",\"valueRequired\":true,\"valueName\":\"search_term_string\"}}],\"inLanguage\":\"fr-FR\"},{\"@type\":\"Organization\",\"@id\":\"https:\/\/healthworkforce.ca\/fr\/#organization\",\"name\":\"Health Workforce Canada\",\"alternateName\":\"HWC\",\"url\":\"https:\/\/healthworkforce.ca\/fr\/\",\"logo\":{\"@type\":\"ImageObject\",\"inLanguage\":\"fr-FR\",\"@id\":\"https:\/\/healthworkforce.ca\/fr\/#\/schema\/logo\/image\/\",\"url\":\"https:\/\/healthworkforce.ca\/wp-content\/uploads\/2024\/06\/HWC-logo.svg\",\"contentUrl\":\"https:\/\/healthworkforce.ca\/wp-content\/uploads\/2024\/06\/HWC-logo.svg\",\"width\":1871,\"height\":344,\"caption\":\"Health Workforce Canada\"},\"image\":{\"@id\":\"https:\/\/healthworkforce.ca\/fr\/#\/schema\/logo\/image\/\"},\"sameAs\":[\"https:\/\/www.linkedin.com\/company\/health-workforce-canada\/\"]}]}<\/script>\n<!-- \/ Yoast SEO plugin. -->","yoast_head_json":{"title":"Responsable de programme, Donn\u00e9es et planification(Poste contractuel, jusqu\u2019au 31 mars 2026) - Health Workforce Canada","robots":{"index":"noindex","follow":"follow"},"og_locale":"fr_FR","og_type":"article","og_title":"Responsable de programme, Donn\u00e9es et planification(Poste contractuel, jusqu\u2019au 31 mars 2026) - Health Workforce Canada","og_description":"retour aux carri\u00e8res R\u00e9sum\u00e9 des fonctions Effectif de la sant\u00e9 Canada est un nouvel organisme ind\u00e9pendant ayant pour mission de rassembler des sp\u00e9cialistes de la main-d\u2019\u0153uvre en sant\u00e9 et des personnes travaillant dans le domaine des soins de sant\u00e9 afin qu\u2019ils apprennent les uns des autres et renforcent les donn\u00e9es et la planification de la [&hellip;]","og_url":"https:\/\/healthworkforce.ca\/fr\/carriere\/responsable-de-programme-donnees-et-planificationposte-contractuel-jusquau-31-mars-2026\/","og_site_name":"Health Workforce Canada","article_modified_time":"2025-07-03T21:30:41+00:00","twitter_card":"summary_large_image","twitter_misc":{"Dur\u00e9e de lecture estim\u00e9e":"5 minutes"},"schema":{"@context":"https:\/\/schema.org","@graph":[{"@type":"WebPage","@id":"https:\/\/healthworkforce.ca\/fr\/carriere\/responsable-de-programme-donnees-et-planificationposte-contractuel-jusquau-31-mars-2026\/","url":"https:\/\/healthworkforce.ca\/fr\/carriere\/responsable-de-programme-donnees-et-planificationposte-contractuel-jusquau-31-mars-2026\/","name":"Responsable de programme, Donn\u00e9es et planification (Poste contractuel, jusqu\u2019au 31 mars 2026) - Health Workforce Canada","isPartOf":{"@id":"https:\/\/healthworkforce.ca\/fr\/#website"},"datePublished":"2025-04-25T15:19:57+00:00","dateModified":"2025-07-03T21:30:41+00:00","breadcrumb":{"@id":"https:\/\/healthworkforce.ca\/fr\/carriere\/responsable-de-programme-donnees-et-planificationposte-contractuel-jusquau-31-mars-2026\/#breadcrumb"},"inLanguage":"fr-FR","potentialAction":[{"@type":"ReadAction","target":["https:\/\/healthworkforce.ca\/fr\/carriere\/responsable-de-programme-donnees-et-planificationposte-contractuel-jusquau-31-mars-2026\/"]}]},{"@type":"BreadcrumbList","@id":"https:\/\/healthworkforce.ca\/fr\/carriere\/responsable-de-programme-donnees-et-planificationposte-contractuel-jusquau-31-mars-2026\/#breadcrumb","itemListElement":[]},{"@type":"WebSite","@id":"https:\/\/healthworkforce.ca\/fr\/#website","url":"https:\/\/healthworkforce.ca\/fr\/","name":"Health Workforce Canada","description":"","publisher":{"@id":"https:\/\/healthworkforce.ca\/fr\/#organization"},"potentialAction":[{"@type":"SearchAction","target":{"@type":"EntryPoint","urlTemplate":"https:\/\/healthworkforce.ca\/fr\/?s={search_term_string}"},"query-input":{"@type":"PropertyValueSpecification","valueRequired":true,"valueName":"search_term_string"}}],"inLanguage":"fr-FR"},{"@type":"Organization","@id":"https:\/\/healthworkforce.ca\/fr\/#organization","name":"Health Workforce Canada","alternateName":"HWC","url":"https:\/\/healthworkforce.ca\/fr\/","logo":{"@type":"ImageObject","inLanguage":"fr-FR","@id":"https:\/\/healthworkforce.ca\/fr\/#\/schema\/logo\/image\/","url":"https:\/\/healthworkforce.ca\/wp-content\/uploads\/2024\/06\/HWC-logo.svg","contentUrl":"https:\/\/healthworkforce.ca\/wp-content\/uploads\/2024\/06\/HWC-logo.svg","width":1871,"height":344,"caption":"Health Workforce Canada"},"image":{"@id":"https:\/\/healthworkforce.ca\/fr\/#\/schema\/logo\/image\/"},"sameAs":["https:\/\/www.linkedin.com\/company\/health-workforce-canada\/"]}]}},"_links":{"self":[{"href":"https:\/\/healthworkforce.ca\/fr\/wp-json\/wp\/v2\/career\/1752","targetHints":{"allow":["GET"]}}],"collection":[{"href":"https:\/\/healthworkforce.ca\/fr\/wp-json\/wp\/v2\/career"}],"about":[{"href":"https:\/\/healthworkforce.ca\/fr\/wp-json\/wp\/v2\/types\/career"}],"version-history":[{"count":0,"href":"https:\/\/healthworkforce.ca\/fr\/wp-json\/wp\/v2\/career\/1752\/revisions"}],"wp:attachment":[{"href":"https:\/\/healthworkforce.ca\/fr\/wp-json\/wp\/v2\/media?parent=1752"}],"wp:term":[{"taxonomy":"career-posting-status","embeddable":true,"href":"https:\/\/healthworkforce.ca\/fr\/wp-json\/wp\/v2\/career-posting-status?post=1752"}],"curies":[{"name":"wp","href":"https:\/\/api.w.org\/{rel}","templated":true}]}}