{"version":"1.0","provider_name":"Health Workforce Canada","provider_url":"https:\/\/healthworkforce.ca\/fr\/","author_name":"Federico Ferrante","author_url":"https:\/\/healthworkforce.ca\/fr\/author\/fferrantehealthworkforce-ca\/","title":"Responsable de programme, Mod\u00e9lisation et pr\u00e9vision (Donn\u00e9es et planification) - Health Workforce Canada","type":"rich","width":600,"height":338,"html":"<blockquote class=\"wp-embedded-content\" data-secret=\"Tm0FMGpfrR\"><a href=\"https:\/\/healthworkforce.ca\/fr\/carriere\/program-lead-modelling-and-forecasting-data-and-planning\/\">Responsable de programme, Mod\u00e9lisation et pr\u00e9vision (Donn\u00e9es et planification)<\/a><\/blockquote><iframe sandbox=\"allow-scripts\" security=\"restricted\" src=\"https:\/\/healthworkforce.ca\/fr\/carriere\/program-lead-modelling-and-forecasting-data-and-planning\/embed\/#?secret=Tm0FMGpfrR\" width=\"600\" height=\"338\" title=\"\u00ab\u00a0Responsable de programme, Mod\u00e9lisation et pr\u00e9vision (Donn\u00e9es et planification)\u00a0\u00bb &#8212; Health Workforce Canada\" data-secret=\"Tm0FMGpfrR\" frameborder=\"0\" marginwidth=\"0\" marginheight=\"0\" scrolling=\"no\" class=\"wp-embedded-content\"><\/iframe><script>\n\/*! This file is auto-generated *\/\n!function(d,l){\"use strict\";l.querySelector&&d.addEventListener&&\"undefined\"!=typeof URL&&(d.wp=d.wp||{},d.wp.receiveEmbedMessage||(d.wp.receiveEmbedMessage=function(e){var t=e.data;if((t||t.secret||t.message||t.value)&&!\/[^a-zA-Z0-9]\/.test(t.secret)){for(var s,r,n,a=l.querySelectorAll('iframe[data-secret=\"'+t.secret+'\"]'),o=l.querySelectorAll('blockquote[data-secret=\"'+t.secret+'\"]'),c=new RegExp(\"^https?:$\",\"i\"),i=0;i<o.length;i++)o[i].style.display=\"none\";for(i=0;i<a.length;i++)s=a[i],e.source===s.contentWindow&&(s.removeAttribute(\"style\"),\"height\"===t.message?(1e3<(r=parseInt(t.value,10))?r=1e3:~~r<200&&(r=200),s.height=r):\"link\"===t.message&&(r=new URL(s.getAttribute(\"src\")),n=new URL(t.value),c.test(n.protocol))&&n.host===r.host&&l.activeElement===s&&(d.top.location.href=t.value))}},d.addEventListener(\"message\",d.wp.receiveEmbedMessage,!1),l.addEventListener(\"DOMContentLoaded\",function(){for(var e,t,s=l.querySelectorAll(\"iframe.wp-embedded-content\"),r=0;r<s.length;r++)(t=(e=s[r]).getAttribute(\"data-secret\"))||(t=Math.random().toString(36).substring(2,12),e.src+=\"#?secret=\"+t,e.setAttribute(\"data-secret\",t)),e.contentWindow.postMessage({message:\"ready\",secret:t},\"*\")},!1)))}(window,document);\n\/\/# sourceURL=https:\/\/healthworkforce.ca\/wp-includes\/js\/wp-embed.min.js\n<\/script>\n","description":"retour aux carri\u00e8res \u00c0 propos d\u2019Effectif de la sant\u00e9 Canada Effectif de la sant\u00e9 Canada est un organisme sans but lucratif pancanadien vou\u00e9 \u00e0 transformer la planification de la main-d\u2019\u0153uvre en sant\u00e9 au Canada. Lanc\u00e9 \u00e0 la fin\u00a02023, l\u2019organisme a pour mandat d\u2019\u00eatre un catalyseur de la transformation du syst\u00e8me de planification du personnel de [&hellip;]"}